{"id":915,"date":"2022-11-22T13:16:22","date_gmt":"2022-11-22T12:16:22","guid":{"rendered":"https:\/\/vigilare.hr\/izdanja\/?page_id=915"},"modified":"2024-11-14T12:26:17","modified_gmt":"2024-11-14T11:26:17","slug":"stepinackrunica","status":"publish","type":"page","link":"https:\/\/vigilare.hr\/izdanja\/stepinackrunica\/","title":{"rendered":"Stepinac krunica"},"content":{"rendered":"<p>[et_pb_section fb_built=&#8221;1&#8243; fullwidth=&#8221;on&#8221; disabled_on=&#8221;off|off|off&#8221; _builder_version=&#8221;4.7.4&#8243; _module_preset=&#8221;default&#8221;][et_pb_fullwidth_image src=&#8221;https:\/\/vigilare.hr\/izdanja\/wp-content\/uploads\/2022\/11\/web-1.jpg&#8221; title_text=&#8221;web 1&#8243; url=&#8221;#naruci&#8221; _builder_version=&#8221;4.6.5&#8243; _module_preset=&#8221;default&#8221;][\/et_pb_fullwidth_image][\/et_pb_section][et_pb_section fb_built=&#8221;1&#8243; _builder_version=&#8221;4.6.5&#8243; _module_preset=&#8221;default&#8221; background_color=&#8221;#58301e&#8221; custom_padding=&#8221;12px||19px|||&#8221; border_width_top=&#8221;10px&#8221; border_color_top=&#8221;#f4e6d8&#8243; border_width_bottom=&#8221;1px&#8221; border_color_bottom=&#8221;#f4e6d8&#8243;][et_pb_row _builder_version=&#8221;4.5.1&#8243; _module_preset=&#8221;default&#8221; custom_padding=&#8221;12px||11px|||&#8221;][et_pb_column type=&#8221;4_4&#8243; _builder_version=&#8221;4.5.1&#8243; _module_preset=&#8221;default&#8221;][et_pb_text disabled_on=&#8221;off|on|on&#8221; _builder_version=&#8221;4.7.4&#8243; _module_preset=&#8221;default&#8221; text_font=&#8221;Frank Ruhl Libre|500|on|||on|||&#8221; text_text_color=&#8221;#f4e6d8&#8243; text_font_size=&#8221;2em&#8221; header_font=&#8221;Frank Ruhl Libre||||||||&#8221; header_text_align=&#8221;center&#8221; header_text_color=&#8221;#ffffff&#8221; header_font_size=&#8221;39px&#8221; header_2_font=&#8221;|500|||||||&#8221; header_2_text_align=&#8221;center&#8221; header_2_text_color=&#8221;#f4e6d8&#8243; header_2_font_size=&#8221;40px&#8221; text_orientation=&#8221;center&#8221; header_font_size_tablet=&#8221;&#8221; header_font_size_phone=&#8221;&#8221; header_font_size_last_edited=&#8221;on|phone&#8221;]<\/p>\n<h1 style=\"font-family: bennet-banner, sans-serif;\">Povodom 60. obljetnice smrti\u00a0bl. Alojzija Stepinca<br \/>\n(1960. \u2013 2020.)<\/h1>\n<p>[\/et_pb_text][\/et_pb_column][\/et_pb_row][\/et_pb_section][et_pb_section fb_built=&#8221;1&#8243; prev_background_color=&#8221;#58301e&#8221; disabled_on=&#8221;on|on|off&#8221; _builder_version=&#8221;4.5.1&#8243; _module_preset=&#8221;default&#8221; background_enable_color=&#8221;off&#8221; custom_margin=&#8221;0px||||false|false&#8221; custom_padding=&#8221;66px||79px|||&#8221; top_divider_style=&#8221;graph4&#8243; top_divider_height=&#8221;52px&#8221; bottom_divider_style=&#8221;graph4&#8243; bottom_divider_color=&#8221;#f4e6d8&#8243; bottom_divider_height=&#8221;74px&#8221; bottom_divider_repeat=&#8221;0x&#8221; bottom_divider_flip=&#8221;vertical&#8221;][et_pb_row column_structure=&#8221;2_5,3_5&#8243; disabled_on=&#8221;off|off|off&#8221; _builder_version=&#8221;4.5.1&#8243; _module_preset=&#8221;default&#8221;][et_pb_column type=&#8221;2_5&#8243; _builder_version=&#8221;4.5.1&#8243; _module_preset=&#8221;default&#8221;][et_pb_image src=&#8221;https:\/\/vigilare.hr\/izdanja\/wp-content\/uploads\/2022\/11\/Untitled-1.jpg&#8221; title_text=&#8221;Untitled-1&#8243; align=&#8221;center&#8221; _builder_version=&#8221;4.6.5&#8243; _module_preset=&#8221;default&#8221; border_radii=&#8221;on|16px|16px|16px|16px&#8221;][\/et_pb_image][\/et_pb_column][et_pb_column type=&#8221;3_5&#8243; _builder_version=&#8221;4.5.1&#8243; _module_preset=&#8221;default&#8221;][et_pb_text _builder_version=&#8221;4.7.4&#8243; _module_preset=&#8221;default&#8221; header_text_color=&#8221;#58301e&#8221;]<\/p>\n<h1 class=\"p1\" style=\"text-align: center;\">Posebno izradena Jubilarna sveta Krunica<\/h1>\n<p>[\/et_pb_text][et_pb_text _builder_version=&#8221;4.6.5&#8243; _module_preset=&#8221;default&#8221; text_font=&#8221;Frank Ruhl Libre||||||||&#8221; text_font_size=&#8221;17px&#8221; header_font=&#8221;|600|||||||&#8221; header_3_font=&#8221;Frank Ruhl Libre||||||||&#8221; header_3_font_size=&#8221;24px&#8221; header_3_line_height=&#8221;1.1em&#8221; text_font_tablet=&#8221;&#8221; text_font_phone=&#8221;Frank Ruhl Libre||||||||&#8221; text_font_last_edited=&#8221;on|phone&#8221;]<\/p>\n<p class=\"p1\">Ova krunica posebno je i unikatno izra\u0111ena za prijatelje i podupiratelje Zaklade Vigilare, kao jubilarna krunica za 60. obljetnicu smrti <b>bl. kardinala Alojzija Stepinca<\/b> koji je toliko volio, promicao i molio svetu Krunicu.<\/p>\n<p class=\"p1\">Zrnca \u010dine pravi ru\u017earij jer imaju miris ru\u017ea, sredi\u0161nja medalja sadr\u017ei portret bl. Stepinca i godine obljetnice, a kri\u017e je unikatan Hrvatski zavjetni kri\u017e, posebno osmi\u0161ljen i izra\u0111en za veliku proslavu Branimirove godine u Ninu 1979. &#8211; dio projekta obilje\u017eavanja \u201eTrinaest stolje\u0107a kr\u0161\u0107anstva u Hrvata\u201d &#8211; otkako je papa Ivan VIII. (879.) blagoslovio cijeli hrvatski narod i kneza Branimira, kao vladara koji je s Rimskom crkvom obnovio savez, priznav\u0161i njegovu kne\u017eevsku vlast i Hrvatsku kao samostalnu dr\u017eavu.<\/p>\n<p>[\/et_pb_text][et_pb_image src=&#8221;https:\/\/vigilare.hr\/izdanja\/wp-content\/uploads\/2022\/11\/image_17_Artboard-1_3.png&#8221; title_text=&#8221;image_17_Artboard 1_3&#8243; align=&#8221;center&#8221; _builder_version=&#8221;4.7.4&#8243; _module_preset=&#8221;default&#8221; max_height=&#8221;365px&#8221;][\/et_pb_image][\/et_pb_column][\/et_pb_row][\/et_pb_section][et_pb_section fb_built=&#8221;1&#8243; disabled_on=&#8221;off|off|on&#8221; _builder_version=&#8221;4.6.5&#8243; _module_preset=&#8221;default&#8221; background_enable_color=&#8221;off&#8221; custom_margin=&#8221;-9px|||||&#8221; custom_padding=&#8221;63px||79px|||&#8221; top_divider_style=&#8221;graph4&#8243; top_divider_color=&#8221;#58301e&#8221; top_divider_height=&#8221;52px&#8221; bottom_divider_style=&#8221;graph4&#8243; bottom_divider_color=&#8221;rgba(88,48,30,0.62)&#8221; bottom_divider_height=&#8221;74px&#8221; bottom_divider_repeat=&#8221;0x&#8221; bottom_divider_flip=&#8221;vertical&#8221;][et_pb_row _builder_version=&#8221;4.5.1&#8243; _module_preset=&#8221;default&#8221; custom_padding=&#8221;0px|||||&#8221;][et_pb_column type=&#8221;4_4&#8243; _builder_version=&#8221;4.5.1&#8243; _module_preset=&#8221;default&#8221;][et_pb_text _builder_version=&#8221;4.7.4&#8243; _module_preset=&#8221;default&#8221; header_text_color=&#8221;#58301e&#8221;]<\/p>\n<h1 class=\"p1\" style=\"text-align: center;\">Posebno izradena Jubilarna sveta Krunica<\/h1>\n<p>[\/et_pb_text][et_pb_image src=&#8221;https:\/\/vigilare.hr\/izdanja\/wp-content\/uploads\/2022\/11\/Untitled-1.jpg&#8221; title_text=&#8221;Untitled-1&#8243; align=&#8221;center&#8221; _builder_version=&#8221;4.6.5&#8243; _module_preset=&#8221;default&#8221; border_radii=&#8221;on|15px|15px|15px|15px&#8221;][\/et_pb_image][et_pb_text _builder_version=&#8221;4.7.4&#8243; _module_preset=&#8221;default&#8221; text_font=&#8221;Frank Ruhl Libre||||||||&#8221; text_font_size=&#8221;17px&#8221; header_font=&#8221;|600|||||||&#8221; header_3_font=&#8221;Frank Ruhl Libre||||||||&#8221; header_3_font_size=&#8221;24px&#8221; header_3_line_height=&#8221;1.1em&#8221; text_font_tablet=&#8221;&#8221; text_font_phone=&#8221;Frank Ruhl Libre||||||||&#8221; text_font_last_edited=&#8221;on|phone&#8221;]<\/p>\n<p class=\"p1\" style=\"text-align: justify;\">Ova krunica posebno je i unikatno izra\u0111ena za prijatelje i podupiratelje Zaklade Vigilare, kao Jubilarna krunica za 60. obljetnicu smrti <b>bl. kardinala Alojzija Stepinca<\/b> koji je toliko volio, promicao i molio svetu Krunicu.<\/p>\n<p class=\"p1\" style=\"text-align: justify;\">Zrnca \u010dine pravi ru\u017earij jer imaju miris ru\u017ea, sredi\u0161nja medalja sadr\u017ei portret bl. Stepinca i godine obljetnice, a kri\u017e je unikatan Hrvatski zavjetni kri\u017e, posebno osmi\u0161ljen i izra\u0111en za veliku proslavu Branimirove godine u Ninu 1979. &#8211; dio projekta obilje\u017eavanja \u201eTrinaest stolje\u0107a kr\u0161\u0107anstva u Hrvata\u201d &#8211; otkako je papa Ivan VIII. (879.) blagoslovio cijeli hrvatski narod i kneza Branimira, kao vladara koji je s Rimskom crkvom obnovio savez, priznav\u0161i njegovu kne\u017eevsku vlast i Hrvatsku kao samostalnu dr\u017eavu.<\/p>\n<p>[\/et_pb_text][et_pb_image src=&#8221;https:\/\/vigilare.hr\/izdanja\/wp-content\/uploads\/2022\/11\/image_17_Artboard-1_3.png&#8221; title_text=&#8221;image_17_Artboard 1_3&#8243; align=&#8221;center&#8221; _builder_version=&#8221;4.6.5&#8243; _module_preset=&#8221;default&#8221;][\/et_pb_image][et_pb_image src=&#8221;https:\/\/vigilare.hr\/izdanja\/wp-content\/uploads\/2022\/11\/Untitled-2.png&#8221; title_text=&#8221;Untitled-2&#8243; align=&#8221;center&#8221; _builder_version=&#8221;4.6.5&#8243; _module_preset=&#8221;default&#8221;][\/et_pb_image][et_pb_text _builder_version=&#8221;4.6.5&#8243; _module_preset=&#8221;default&#8221; text_text_color=&#8221;#ffffff&#8221; header_font=&#8221;Frank Ruhl Libre|700|||||||&#8221; header_2_font=&#8221;Frank Ruhl Libre|700||on|||||&#8221; header_2_text_align=&#8221;center&#8221; header_2_font_size=&#8221;30px&#8221; header_2_line_height=&#8221;1.5em&#8221; background_color=&#8221;#58301e&#8221; background_layout=&#8221;dark&#8221; custom_margin=&#8221;20px||20px||false|false&#8221; custom_padding=&#8221;10px|20px|0px|20px|false|true&#8221; link_option_url=&#8221;#naruci&#8221; header_2_font_size_tablet=&#8221;&#8221; header_2_font_size_phone=&#8221;20px&#8221; header_2_font_size_last_edited=&#8221;on|phone&#8221; border_radii=&#8221;on|8px|8px|8px|8px&#8221;]<\/p>\n<h2>DA, \u017dELIM NARU\u010cITI JUBILARNU krunicu i prigodnu bro\u0161uru<\/h2>\n<p>[\/et_pb_text][\/et_pb_column][\/et_pb_row][\/et_pb_section][et_pb_section fb_built=&#8221;1&#8243; _builder_version=&#8221;4.6.5&#8243; _module_preset=&#8221;default&#8221; background_color=&#8221;#f4e6d8&#8243; use_background_color_gradient=&#8221;on&#8221; background_color_gradient_start=&#8221;#58301e&#8221; background_color_gradient_end=&#8221;#b5aba1&#8243; background_color_gradient_type=&#8221;radial&#8221; background_color_gradient_start_position=&#8221;45%&#8221; custom_padding=&#8221;14px||0px|||&#8221; background_last_edited=&#8221;on|phone&#8221; background_color_gradient_start_position_phone=&#8221;59%&#8221;][et_pb_row column_structure=&#8221;1_2,1_2&#8243; make_equal=&#8221;on&#8221; custom_padding_last_edited=&#8221;on|phone&#8221; _builder_version=&#8221;4.5.1&#8243; _module_preset=&#8221;default&#8221; width=&#8221;100%&#8221; custom_margin=&#8221;auto|auto|auto|auto|false|false&#8221; custom_padding=&#8221;||||false|false&#8221; custom_padding_tablet=&#8221;&#8221; custom_padding_phone=&#8221;20px|40px|30px|40px|false|false&#8221;][et_pb_column type=&#8221;1_2&#8243; _builder_version=&#8221;4.5.1&#8243; _module_preset=&#8221;default&#8221; custom_css_main_element=&#8221;align-self:center;&#8221;][\/et_pb_column][et_pb_column type=&#8221;1_2&#8243; _builder_version=&#8221;4.5.1&#8243; _module_preset=&#8221;default&#8221;][\/et_pb_column][\/et_pb_row][\/et_pb_section][et_pb_section fb_built=&#8221;1&#8243; _builder_version=&#8221;4.5.1&#8243; _module_preset=&#8221;default&#8221; custom_padding=&#8221;34px||22px|||&#8221; top_divider_style=&#8221;graph4&#8243; top_divider_color=&#8221;#f4e6d8&#8243; top_divider_height=&#8221;54px&#8221; top_divider_color_tablet=&#8221;&#8221; top_divider_color_phone=&#8221;&#8221; top_divider_color_last_edited=&#8221;on|desktop&#8221;][et_pb_row column_structure=&#8221;1_4,3_4&#8243; make_equal=&#8221;on&#8221; disabled_on=&#8221;on|off|off&#8221; _builder_version=&#8221;4.6.5&#8243; _module_preset=&#8221;default&#8221;][et_pb_column type=&#8221;1_4&#8243; _builder_version=&#8221;4.5.1&#8243; _module_preset=&#8221;default&#8221;][et_pb_image src=&#8221;https:\/\/vigilare.hr\/izdanja\/wp-content\/uploads\/2022\/11\/Last_Judgement_Michelangelo_crop.jpg&#8221; title_text=&#8221;Last_Judgement_(Michelangelo)_crop&#8221; _builder_version=&#8221;4.6.5&#8243; _module_preset=&#8221;default&#8221; border_radii=&#8221;on|10px|10px|10px|10px&#8221;][\/et_pb_image][et_pb_text _builder_version=&#8221;4.6.5&#8243; _module_preset=&#8221;default&#8221;]<\/p>\n<p style=\"text-align: center;\"><em>Detalj s Michelangelove freske Posljednjeg suda, 1541., Sikstinska kapela, Rim<\/em><\/p>\n<p>[\/et_pb_text][\/et_pb_column][et_pb_column type=&#8221;3_4&#8243; _builder_version=&#8221;4.5.1&#8243; _module_preset=&#8221;default&#8221; custom_css_main_element=&#8221;align-self:center;&#8221;][et_pb_text _builder_version=&#8221;4.6.5&#8243; _module_preset=&#8221;default&#8221; text_font=&#8221;Frank Ruhl Libre|500|||||||&#8221; text_font_size=&#8221;18px&#8221; custom_padding=&#8221;||1px|||&#8221;]<\/p>\n<p>\u201eNa slici Posljedni sud Michelangelo je prikazao dva \u010dovjeka, koji se prigodom op\u0107ega uskrsnu\u0107a di\u017eu prema nebu uz pomo\u0107 svoje Krunice, za koju su se uhvatili. Sam dobri Bog znade koliko se ve\u0107 du\u0161a od vremena sv. Dominika vinulo k nebu po molitvi svete Krunice.<\/p>\n<p>Nju su u rukama dr\u017eali priprosti seljaci i mo\u0107ni vladari, glasoviti vojskovo\u0111e i obi\u010dni vojnici, veliki u\u010denjaci i neuki ljudi, djevojke i mladi\u0107i, staro i mlado, \u010dak i malena djeca.<\/p>\n<p>Sveta je Krunica bila jedno od najva\u017enijih sredstava u radu Crkve Kristove od vremena sv. Dominika pa do danas. Tako \u0107e biti, bez sumnje, i do konca svijeta. Sveta Krunica je i u hrvatskom narodu od najve\u0107e va\u017enosti.\u201d<\/p>\n<p style=\"text-align: right;\"><em>Bl. Alojzije Stepinac, blagdan svete Krunice, 7. listopada 1943.<\/em><\/p>\n<p>[\/et_pb_text][et_pb_button button_url=&#8221;#naruci&#8221; button_text=&#8221;Naru\u010dite krunicu i prigodnu bro\u0161uru&#8221; button_alignment=&#8221;center&#8221; _builder_version=&#8221;4.6.5&#8243; _module_preset=&#8221;default&#8221; custom_button=&#8221;on&#8221; button_text_color=&#8221;#ffffff&#8221; button_bg_color=&#8221;#e02b20&#8243; button_border_width=&#8221;0px&#8221; button_border_radius=&#8221;0px&#8221; button_font=&#8221;Frank Ruhl Libre||||||||&#8221; button_icon=&#8221;%%1%%&#8221; background_layout=&#8221;dark&#8221; custom_padding=&#8221;10px||10px||false|false&#8221; box_shadow_style=&#8221;preset3&#8243; box_shadow_vertical=&#8221;6px&#8221; box_shadow_blur=&#8221;8px&#8221; box_shadow_spread=&#8221;0px&#8221; box_shadow_color=&#8221;rgba(77,96,109,0.07)&#8221;][\/et_pb_button][\/et_pb_column][\/et_pb_row][et_pb_row make_equal=&#8221;on&#8221; disabled_on=&#8221;off|on|on&#8221; _builder_version=&#8221;4.6.5&#8243; _module_preset=&#8221;default&#8221;][et_pb_column type=&#8221;4_4&#8243; _builder_version=&#8221;4.5.1&#8243; _module_preset=&#8221;default&#8221;][et_pb_text _builder_version=&#8221;4.6.5&#8243; _module_preset=&#8221;default&#8221; text_font=&#8221;Frank Ruhl Libre|500|||||||&#8221; text_font_size=&#8221;18px&#8221; custom_padding=&#8221;||1px|||&#8221;]<\/p>\n<p>\u201eNa slici Posljedni sud Michelangelo je prikazao dva \u010dovjeka, koji se prigodom op\u0107ega uskrsnu\u0107a di\u017eu prema nebu uz pomo\u0107 svoje Krunice, za koju su se uhvatili. Sam dobri Bog znade koliko se ve\u0107 du\u0161a od vremena sv. Dominika vinulo k nebu po molitvi svete Krunice.<\/p>\n<p>Nju su u rukama dr\u017eali priprosti seljaci i mo\u0107ni vladari, glasoviti vojskovo\u0111e i obi\u010dni vojnici, veliki u\u010denjaci i neuki ljudi, djevojke i mladi\u0107i, staro i mlado, \u010dak i malena djeca.<\/p>\n<p>Sveta je Krunica bila jedno od najva\u017enijih sredstava u radu Crkve Kristove od vremena sv. Dominika pa do danas. Tako \u0107e biti, bez sumnje, i do konca svijeta. Sveta Krunica je i u hrvatskom narodu od najve\u0107e va\u017enosti.\u201d<\/p>\n<p style=\"text-align: right;\"><em>Bl. Alojzije Stepinac, blagdan svete Krunice, 7. listopada 1943.<\/em><\/p>\n<p>[\/et_pb_text][et_pb_image src=&#8221;https:\/\/vigilare.hr\/izdanja\/wp-content\/uploads\/2022\/11\/Last_Judgement_Michelangelo_crop.jpg&#8221; title_text=&#8221;Last_Judgement_(Michelangelo)_crop&#8221; show_in_lightbox=&#8221;on&#8221; align=&#8221;center&#8221; _builder_version=&#8221;4.7.4&#8243; _module_preset=&#8221;default&#8221; border_radii=&#8221;on|10px|10px|10px|10px&#8221;][\/et_pb_image][et_pb_text _builder_version=&#8221;4.6.5&#8243; _module_preset=&#8221;default&#8221;]<\/p>\n<p style=\"text-align: center;\"><em>Detalj s Michelangelove freske Posljednjeg suda, 1541., Sikstinska kapela, Rim<\/em><\/p>\n<p>[\/et_pb_text][et_pb_button button_url=&#8221;#naruci&#8221; button_text=&#8221;Naru\u010dite krunicu i prigodnu bro\u0161uru&#8221; button_alignment=&#8221;center&#8221; _builder_version=&#8221;4.6.5&#8243; _module_preset=&#8221;default&#8221; custom_button=&#8221;on&#8221; button_text_color=&#8221;#ffffff&#8221; button_bg_color=&#8221;#e02b20&#8243; button_border_width=&#8221;0px&#8221; button_border_radius=&#8221;0px&#8221; button_font=&#8221;Frank Ruhl Libre||||||||&#8221; button_icon=&#8221;%%1%%&#8221; background_layout=&#8221;dark&#8221; custom_padding=&#8221;10px||10px||false|false&#8221; box_shadow_style=&#8221;preset3&#8243; box_shadow_vertical=&#8221;6px&#8221; box_shadow_blur=&#8221;8px&#8221; box_shadow_spread=&#8221;0px&#8221; box_shadow_color=&#8221;rgba(77,96,109,0.07)&#8221;][\/et_pb_button][\/et_pb_column][\/et_pb_row][\/et_pb_section][et_pb_section fb_built=&#8221;1&#8243; custom_padding_last_edited=&#8221;on|phone&#8221; prev_background_color=&#8221;#ffffff&#8221; disabled_on=&#8221;on|off|off&#8221; _builder_version=&#8221;4.6.5&#8243; _module_preset=&#8221;default&#8221; background_color=&#8221;#f4e6d8&#8243; use_background_color_gradient=&#8221;on&#8221; background_color_gradient_start=&#8221;#474747&#8243; background_color_gradient_end=&#8221;#b5aba1&#8243; background_color_gradient_type=&#8221;radial&#8221; background_color_gradient_start_position=&#8221;45%&#8221; custom_padding=&#8221;14px||0px|||&#8221; custom_padding_tablet=&#8221;&#8221; custom_padding_phone=&#8221;40px|0px|40px|0px|false|true&#8221; top_divider_style=&#8221;graph4&#8243; top_divider_flip=&#8221;vertical&#8221;][et_pb_row column_structure=&#8221;1_2,1_2&#8243; make_equal=&#8221;on&#8221; _builder_version=&#8221;4.5.1&#8243; _module_preset=&#8221;default&#8221; width=&#8221;100%&#8221; custom_margin=&#8221;||||false|false&#8221; custom_padding=&#8221;0px||||false|false&#8221;][et_pb_column type=&#8221;1_2&#8243; _builder_version=&#8221;4.5.1&#8243; _module_preset=&#8221;default&#8221; custom_css_main_element=&#8221;align-self:center;&#8221;][\/et_pb_column][et_pb_column type=&#8221;1_2&#8243; _builder_version=&#8221;4.5.1&#8243; _module_preset=&#8221;default&#8221;][\/et_pb_column][\/et_pb_row][\/et_pb_section][et_pb_section fb_built=&#8221;1&#8243; custom_padding_last_edited=&#8221;on|phone&#8221; disabled_on=&#8221;off|off|on&#8221; _builder_version=&#8221;4.6.5&#8243; _module_preset=&#8221;default&#8221; background_enable_color=&#8221;off&#8221; use_background_color_gradient=&#8221;on&#8221; background_color_gradient_start=&#8221;#474747&#8243; background_color_gradient_end=&#8221;#b5aba1&#8243; background_color_gradient_type=&#8221;radial&#8221; background_color_gradient_start_position=&#8221;45%&#8221; custom_padding=&#8221;14px||0px|||&#8221; custom_padding_tablet=&#8221;&#8221; custom_padding_phone=&#8221;40px|0px|0px|0px|false|true&#8221; top_divider_style=&#8221;graph4&#8243; top_divider_color=&#8221;#ffffff&#8221; top_divider_flip=&#8221;vertical&#8221; top_divider_arrangement=&#8221;below_content&#8221;][et_pb_row column_structure=&#8221;1_2,1_2&#8243; make_equal=&#8221;on&#8221; _builder_version=&#8221;4.5.1&#8243; _module_preset=&#8221;default&#8221; width=&#8221;100%&#8221; custom_margin=&#8221;||||false|false&#8221; custom_padding=&#8221;0px|40px||40px|false|false&#8221;][et_pb_column type=&#8221;1_2&#8243; _builder_version=&#8221;4.5.1&#8243; _module_preset=&#8221;default&#8221; custom_css_main_element=&#8221;align-self:center;&#8221;][\/et_pb_column][et_pb_column type=&#8221;1_2&#8243; _builder_version=&#8221;4.5.1&#8243; _module_preset=&#8221;default&#8221;][\/et_pb_column][\/et_pb_row][\/et_pb_section][et_pb_section fb_built=&#8221;1&#8243; admin_label=&#8221;Section&#8221; module_id=&#8221;naruci&#8221; _builder_version=&#8221;4.6.5&#8243; _module_preset=&#8221;default&#8221; background_color=&#8221;#58301e&#8221; background_enable_image=&#8221;off&#8221; custom_padding=&#8221;22px||18px|||&#8221;][et_pb_row _builder_version=&#8221;4.5.1&#8243; _module_preset=&#8221;default&#8221;][et_pb_column type=&#8221;4_4&#8243; _builder_version=&#8221;4.5.1&#8243; _module_preset=&#8221;default&#8221;][et_pb_text _builder_version=&#8221;4.7.4&#8243; _module_preset=&#8221;default&#8221; header_font=&#8221;Frank Ruhl Libre|700|||||||&#8221; header_text_align=&#8221;center&#8221; header_text_color=&#8221;#f4e6d8&#8243; header_font_size=&#8221;60px&#8221; header_font_size_tablet=&#8221;&#8221; header_font_size_phone=&#8221;29px&#8221; header_font_size_last_edited=&#8221;on|phone&#8221;]<\/p>\n<h1 class=\"et_pb_module_header et-fb-editable-element et-fb-editable-element__editing\" data-shortcode-id=\"9.0-1595922480335\" data-quickaccess-id=\"title\" contenteditable=\"true\">Naru\u010dite krunicu i prigodnu bro\u0161uru<\/h1>\n<p>[\/et_pb_text][\/et_pb_column][\/et_pb_row][et_pb_row column_structure=&#8221;2_5,3_5&#8243; make_equal=&#8221;on&#8221; _builder_version=&#8221;4.5.1&#8243; _module_preset=&#8221;default&#8221; border_width_top=&#8221;3px&#8221; border_color_top=&#8221;#f4e6d8&#8243; border_width_bottom=&#8221;3px&#8221; border_color_bottom=&#8221;#f4e6d8&#8243;][et_pb_column type=&#8221;2_5&#8243; _builder_version=&#8221;4.5.1&#8243; _module_preset=&#8221;default&#8221; custom_css_main_element=&#8221;margin:auto;&#8221;][et_pb_image src=&#8221;https:\/\/vigilare.hr\/izdanja\/wp-content\/uploads\/2022\/11\/image_22_Artboard-1@2x.png&#8221; title_text=&#8221;image_22_Artboard 1@2x&#8221; _builder_version=&#8221;4.7.4&#8243; _module_preset=&#8221;default&#8221; max_height=&#8221;271px&#8221; max_height_tablet=&#8221;&#8221; max_height_phone=&#8221;&#8221; max_height_last_edited=&#8221;on|phone&#8221; custom_margin=&#8221;||11px||false|false&#8221;][\/et_pb_image][\/et_pb_column][et_pb_column type=&#8221;3_5&#8243; _builder_version=&#8221;4.5.1&#8243; _module_preset=&#8221;default&#8221;][et_pb_text _builder_version=&#8221;4.6.5&#8243; _module_preset=&#8221;default&#8221; text_font=&#8221;Frank Ruhl Libre||||||||&#8221; text_text_color=&#8221;#ffffff&#8221; text_font_size=&#8221;17px&#8221; header_font=&#8221;|600|||||||&#8221; header_3_font=&#8221;Frank Ruhl Libre||||||||&#8221; header_3_font_size=&#8221;24px&#8221; header_3_line_height=&#8221;1.1em&#8221; text_font_tablet=&#8221;&#8221; text_font_phone=&#8221;Frank Ruhl Libre||||||||&#8221; text_font_last_edited=&#8221;on|phone&#8221;]<\/p>\n<p class=\"p1\" style=\"text-align: justify;\">Ova krunica posebno je i unikatno izra\u0111ena za prijatelje i podupiratelje Zaklade Vigilare, kao jubilarna krunica za 60. obljetnicu smrti <b>bl. kardinala Alojzija Stepinca<\/b> koji je toliko volio, promicao i molio svetu Krunicu.<\/p>\n<p class=\"p1\" style=\"text-align: justify;\">Zrnca \u010dine pravi ru\u017earij jer imaju miris ru\u017ea, sredi\u0161nja medalja sadr\u017ei portret bl. Stepinca i godine obljetnice, a kri\u017e je unikatan Hrvatski zavjetni kri\u017e, posebno osmi\u0161ljen i izra\u0111en za veliku proslavu Branimirove godine u Ninu 1979. &#8211; dio projekta obilje\u017eavanja \u201eTrinaest stolje\u0107a kr\u0161\u0107anstva u Hrvata\u201d &#8211; otkako je papa Ivan VIII. (879.) blagoslovio cijeli hrvatski narod i kneza Branimira, kao vladara koji je s Rimskom crkvom obnovio savez, priznav\u0161i njegovu kne\u017eevsku vlast i Hrvatsku kao samostalnu dr\u017eavu.<\/p>\n<p>[\/et_pb_text][et_pb_text _builder_version=&#8221;4.6.5&#8243; _module_preset=&#8221;default&#8221; text_font=&#8221;Frank Ruhl Libre||||||||&#8221; text_font_size=&#8221;18px&#8221; background_layout=&#8221;dark&#8221; custom_margin_tablet=&#8221;&#8221; custom_margin_phone=&#8221;30px||||false|false&#8221; custom_margin_last_edited=&#8221;on|phone&#8221;][\/et_pb_text][\/et_pb_column][\/et_pb_row][et_pb_row disabled_on=&#8221;on|on|on&#8221; _builder_version=&#8221;4.9.7&#8243; _module_preset=&#8221;default&#8221; width_tablet=&#8221;&#8221; width_phone=&#8221;93%&#8221; width_last_edited=&#8221;on|desktop&#8221; module_alignment=&#8221;center&#8221; custom_margin=&#8221;|103px||auto||&#8221; custom_padding=&#8221;||0px|||&#8221; border_color_top=&#8221;#f4e6d8&#8243; disabled=&#8221;on&#8221;][et_pb_column type=&#8221;4_4&#8243; _builder_version=&#8221;3.29.3&#8243; _module_preset=&#8221;default&#8221; custom_padding__hover=&#8221;|||&#8221;][et_pb_contact_form captcha=&#8221;off&#8221; email=&#8221;database@vigilare.org&#8221; success_message=&#8221;Narud\u017eba je uspje\u0161no izvr\u0161ena. Va\u0161a po\u0161iljka bit \u0107e Vam dostavljena u roku 10-15 dana. &#8221; submit_button_text=&#8221;Po\u0161alji&#8221; module_id=&#8221;et_pb_contact_form_0&#8243; _builder_version=&#8221;4.9.7&#8243; _module_preset=&#8221;default&#8221; form_field_background_color=&#8221;#ffffff&#8221; form_field_text_color=&#8221;#000000&#8243; form_field_focus_text_color=&#8221;#000000&#8243; form_field_custom_margin=&#8221;||||false|false&#8221; form_field_custom_padding=&#8221;5px||5px||true|true&#8221; title_font=&#8221;academicatextpro-italic||||||||&#8221; form_field_font=&#8221;Frank Ruhl Libre||||||||&#8221; form_field_font_size=&#8221;16px&#8221; form_field_line_height=&#8221;2em&#8221; background_color=&#8221;rgba(0,0,0,0)&#8221; custom_button=&#8221;on&#8221; button_text_size=&#8221;16px&#8221; button_text_color=&#8221;#4d606d&#8221; button_bg_color=&#8221;#ffffff&#8221; button_border_width=&#8221;0px&#8221; button_border_radius=&#8221;0px&#8221; button_letter_spacing=&#8221;2px&#8221; button_font=&#8221;Frank Ruhl Libre|900||on|||||&#8221; button_use_icon=&#8221;off&#8221; button_custom_margin=&#8221;20px||0px||false|false&#8221; button_custom_padding=&#8221;10px|30px|10px|30px|false|false&#8221; width_tablet=&#8221;&#8221; width_phone=&#8221;&#8221; width_last_edited=&#8221;on|tablet&#8221; module_alignment=&#8221;left&#8221; overflow-x=&#8221;auto&#8221; overflow-y=&#8221;visible&#8221; custom_padding=&#8221;10px|10px|10px|10px|false|false&#8221; form_field_font_size_tablet=&#8221;&#8221; form_field_font_size_phone=&#8221;16px&#8221; form_field_font_size_last_edited=&#8221;on|desktop&#8221; custom_css_main_element=&#8221;  -webkit-columns: 2; \/* Chrome, Safari, Opera *\/||  -moz-columns: 2; \/* Firefox *\/||  columns: 2;&#8221; border_width_all=&#8221;2px&#8221; border_color_all=&#8221;#ffffff&#8221; box_shadow_style_button=&#8221;preset3&#8243; box_shadow_blur_button=&#8221;10px&#8221; box_shadow_spread_button=&#8221;5px&#8221; box_shadow_color_button=&#8221;rgba(77,96,109,0.38)&#8221; form_background_color=&#8221;rgba(0,0,0,0)&#8221; custom_css_main_element_last_edited=&#8221;on|phone&#8221; custom_css_main_element_phone=&#8221;  -webkit-columns: 1; \/* Chrome, Safari, Opera *\/||  -moz-columns: 1; \/* Firefox *\/||  columns: 1;&#8221; button_border_radius_hover=&#8221;0px&#8221; button_letter_spacing_hover=&#8221;1px&#8221;][et_pb_contact_field field_id=&#8221;Field_10_2_2&#8243; field_title=&#8221;\u017delim se uklju\u010diti u kampanju &#8221; field_type=&#8221;checkbox&#8221; checkbox_options=&#8221;%91{%22value%22:%22DA, \u017eelim se uklju\u010diti u kampanju  i naru\u010diti krunicu i prigodnu bro\u0161uru.%22,%22checked%22:0,%22dragID%22:-1}%93&#8243; fullwidth_field=&#8221;on&#8221; _builder_version=&#8221;4.7.4&#8243; _module_preset=&#8221;default&#8221; form_field_background_color=&#8221;rgba(0,0,0,0)&#8221; form_field_text_color=&#8221;#ffffff&#8221; form_field_focus_background_color=&#8221;#ffffff&#8221; form_field_focus_text_color=&#8221;#ffffff&#8221; form_field_font_size=&#8221;19px&#8221; form_field_line_height=&#8221;2.1em&#8221; border_width_all=&#8221;2px&#8221; border_color_all=&#8221;#ffffff&#8221;][\/et_pb_contact_field][et_pb_contact_field field_id=&#8221;Field_10_2_2_2&#8243; field_title=&#8221;\u017delim se uklju\u010diti u molitvenu mre\u017eu.&#8221; field_type=&#8221;checkbox&#8221; checkbox_options=&#8221;%91{%22value%22:%22DA, \u017eelim se uklju\u010diti u molitvenu mre\u017eu.%22,%22checked%22:0,%22dragID%22:-1}%93&#8243; required_mark=&#8221;off&#8221; fullwidth_field=&#8221;on&#8221; _builder_version=&#8221;4.5.1&#8243; _module_preset=&#8221;default&#8221; form_field_background_color=&#8221;rgba(0,0,0,0)&#8221; form_field_text_color=&#8221;#ffffff&#8221; form_field_focus_background_color=&#8221;#ffffff&#8221; form_field_focus_text_color=&#8221;#ffffff&#8221; form_field_font_size=&#8221;19px&#8221; form_field_line_height=&#8221;2.1em&#8221; border_width_all=&#8221;2px&#8221; border_color_all=&#8221;#ffffff&#8221;][\/et_pb_contact_field][et_pb_contact_field field_id=&#8221;Field_10_2&#8243; field_title=&#8221;Pristajem da me se kontaktira na ustupljene podatke.&#8221; field_type=&#8221;checkbox&#8221; checkbox_options=&#8221;%91{%22value%22:%22DA, pristajem da me se kontaktira na ustupljene podatke.%22,%22checked%22:0,%22dragID%22:-1}%93&#8243; fullwidth_field=&#8221;on&#8221; _builder_version=&#8221;4.5.1&#8243; _module_preset=&#8221;default&#8221; form_field_background_color=&#8221;rgba(0,0,0,0)&#8221; form_field_text_color=&#8221;#ffffff&#8221; form_field_focus_background_color=&#8221;#ffffff&#8221; form_field_focus_text_color=&#8221;#ffffff&#8221; form_field_font_size=&#8221;19px&#8221; form_field_line_height=&#8221;2.1em&#8221; custom_margin=&#8221;||||true|false&#8221; custom_css_main_element=&#8221;  flex: 0 0 50%;||  padding: 10px;&#8221; border_width_all=&#8221;2px&#8221; border_color_all=&#8221;#ffffff&#8221;][\/et_pb_contact_field][et_pb_contact_field field_id=&#8221;Field_13&#8243; required_mark=&#8221;off&#8221; fullwidth_field=&#8221;on&#8221; _builder_version=&#8221;4.5.1&#8243; _module_preset=&#8221;default&#8221; form_field_font_size=&#8221;29px&#8221; custom_margin=&#8221;||||false|false&#8221; custom_padding=&#8221;50px||50px||true|false&#8221; custom_padding_tablet=&#8221;&#8221; custom_padding_phone=&#8221;0px||0px||true|false&#8221; custom_padding_last_edited=&#8221;on|phone&#8221; custom_css_main_element=&#8221;visibility:hidden;&#8221; border_width_all=&#8221;2px&#8221; border_color_all=&#8221;#ffffff&#8221;][\/et_pb_contact_field][et_pb_contact_field field_id=&#8221;Field_5&#8243; field_title=&#8221;Titula&#8221; field_type=&#8221;select&#8221; select_options=&#8221;%91{%22value%22:%22Gospo\u0111a%22,%22checked%22:0,%22dragID%22:-1},{%22value%22:%22Gospodin%22,%22checked%22:0,%22dragID%22:0},{%22value%22:%22Obitelj%22,%22checked%22:0,%22dragID%22:1},{%22value%22:%22Vele\u010dasni gospodin%22,%22checked%22:0,%22dragID%22:2},{%22value%22:%22Pre\u010dasni gospodin%22,%22checked%22:0,%22dragID%22:3},{%22value%22:%22\u010casna sestra%22,%22checked%22:0,%22dragID%22:4}%93&#8243; _builder_version=&#8221;4.5.1&#8243; _module_preset=&#8221;default&#8221; width=&#8221;35%&#8221; width_tablet=&#8221;&#8221; width_phone=&#8221;100%&#8221; width_last_edited=&#8221;on|desktop&#8221; max_width=&#8221;35%&#8221; max_width_tablet=&#8221;&#8221; max_width_phone=&#8221;100%&#8221; max_width_last_edited=&#8221;on|phone&#8221; custom_css_main_element=&#8221;max-width: 25%;||float:left;||clear: none !important;&#8221; border_width_all=&#8221;2px&#8221; border_color_all=&#8221;#ffffff&#8221;][\/et_pb_contact_field][et_pb_contact_field field_id=&#8221;Field_8_2&#8243; field_title=&#8221;Ime&#8221; _builder_version=&#8221;4.5.1&#8243; _module_preset=&#8221;default&#8221; width=&#8221;65%&#8221; width_tablet=&#8221;&#8221; width_phone=&#8221;100%&#8221; width_last_edited=&#8221;on|desktop&#8221; max_width=&#8221;65%&#8221; max_width_tablet=&#8221;&#8221; max_width_phone=&#8221;100%&#8221; max_width_last_edited=&#8221;on|phone&#8221; min_height_tablet=&#8221;&#8221; min_height_phone=&#8221;&#8221; min_height_last_edited=&#8221;on|phone&#8221; custom_css_main_element=&#8221;max-width: 75%;||float:left;||clear: none !important;&#8221; border_width_all=&#8221;2px&#8221; border_color_all=&#8221;#ffffff&#8221; max_width__hover_enabled=&#8221;off|desktop&#8221;][\/et_pb_contact_field][et_pb_contact_field field_id=&#8221;Field_4&#8243; field_title=&#8221;Prezime&#8221; fullwidth_field=&#8221;on&#8221; _builder_version=&#8221;4.5.1&#8243; _module_preset=&#8221;default&#8221; border_width_all=&#8221;2px&#8221; border_color_all=&#8221;#ffffff&#8221;][\/et_pb_contact_field][et_pb_contact_field field_id=&#8221;Field_9_2&#8243; field_title=&#8221;E-mail&#8221; field_type=&#8221;email&#8221; fullwidth_field=&#8221;on&#8221; _builder_version=&#8221;3.24.1&#8243; _module_preset=&#8221;default&#8221; border_width_all=&#8221;2px&#8221; border_color_all=&#8221;#ffffff&#8221;][\/et_pb_contact_field][et_pb_contact_field field_id=&#8221;Field_6&#8243; field_title=&#8221;Ulica&#8221; _builder_version=&#8221;3.29.3&#8243; _module_preset=&#8221;default&#8221; width=&#8221;75%&#8221; border_width_all=&#8221;2px&#8221; border_color_all=&#8221;#ffffff&#8221;][\/et_pb_contact_field][et_pb_contact_field field_id=&#8221;Field_7&#8243; field_title=&#8221;Ku\u0107ni broj&#8221; _builder_version=&#8221;3.29.3&#8243; _module_preset=&#8221;default&#8221; width_tablet=&#8221;&#8221; width_phone=&#8221;100%&#8221; width_last_edited=&#8221;on|phone&#8221; max_width=&#8221;25%&#8221; max_width_tablet=&#8221;&#8221; max_width_phone=&#8221;100%&#8221; max_width_last_edited=&#8221;on|phone&#8221;][\/et_pb_contact_field][et_pb_contact_field field_id=&#8221;Field_8&#8243; field_title=&#8221;Po\u0161tanski broj&#8221; _builder_version=&#8221;3.29.3&#8243; _module_preset=&#8221;default&#8221; width_tablet=&#8221;&#8221; width_phone=&#8221;100%&#8221; width_last_edited=&#8221;on|phone&#8221; max_width=&#8221;25%&#8221; max_width_tablet=&#8221;&#8221; max_width_phone=&#8221;100%&#8221; max_width_last_edited=&#8221;on|phone&#8221; border_width_all=&#8221;2px&#8221; border_color_all=&#8221;#ffffff&#8221;][\/et_pb_contact_field][et_pb_contact_field field_id=&#8221;Field_9&#8243; field_title=&#8221;Grad&#8221; _builder_version=&#8221;3.29.3&#8243; _module_preset=&#8221;default&#8221; border_width_all=&#8221;2px&#8221; border_color_all=&#8221;#ffffff&#8221;][\/et_pb_contact_field][et_pb_contact_field field_id=&#8221;Field_10&#8243; field_title=&#8221;Telefon&#8221; fullwidth_field=&#8221;on&#8221; _builder_version=&#8221;3.27.4&#8243; _module_preset=&#8221;default&#8221; border_width_all=&#8221;2px&#8221; border_color_all=&#8221;#ffffff&#8221;][\/et_pb_contact_field][\/et_pb_contact_form][et_pb_code _builder_version=&#8221;3.29.3&#8243; _module_preset=&#8221;default&#8221;]<?php print \"aha\"; ?>[\/et_pb_code][\/et_pb_column][\/et_pb_row][et_pb_row _builder_version=&#8221;4.9.7&#8243; _module_preset=&#8221;default&#8221; custom_padding=&#8221;||0px|||&#8221;][et_pb_column type=&#8221;4_4&#8243; _builder_version=&#8221;4.9.7&#8243; _module_preset=&#8221;default&#8221;][et_pb_text _builder_version=&#8221;4.9.7&#8243; _module_preset=&#8221;default&#8221; text_text_color=&#8221;#FFFFFF&#8221; header_text_color=&#8221;#FFFFFF&#8221; header_font_size=&#8221;32px&#8221; background_color=&#8221;RGBA(0,0,0,0)&#8221;]<\/p>\n<script type=\"text\/javascript\">\n\/* <![CDATA[ *\/\nvar gform;gform||(document.addEventListener(\"gform_main_scripts_loaded\",function(){gform.scriptsLoaded=!0}),document.addEventListener(\"gform\/theme\/scripts_loaded\",function(){gform.themeScriptsLoaded=!0}),window.addEventListener(\"DOMContentLoaded\",function(){gform.domLoaded=!0}),gform={domLoaded:!1,scriptsLoaded:!1,themeScriptsLoaded:!1,isFormEditor:()=>\"function\"==typeof InitializeEditor,callIfLoaded:function(o){return!(!gform.domLoaded||!gform.scriptsLoaded||!gform.themeScriptsLoaded&&!gform.isFormEditor()||(gform.isFormEditor()&&console.warn(\"The use of gform.initializeOnLoaded() is deprecated in the form editor context and will be removed in Gravity Forms 3.1.\"),o(),0))},initializeOnLoaded:function(o){gform.callIfLoaded(o)||(document.addEventListener(\"gform_main_scripts_loaded\",()=>{gform.scriptsLoaded=!0,gform.callIfLoaded(o)}),document.addEventListener(\"gform\/theme\/scripts_loaded\",()=>{gform.themeScriptsLoaded=!0,gform.callIfLoaded(o)}),window.addEventListener(\"DOMContentLoaded\",()=>{gform.domLoaded=!0,gform.callIfLoaded(o)}))},hooks:{action:{},filter:{}},addAction:function(o,r,e,t){gform.addHook(\"action\",o,r,e,t)},addFilter:function(o,r,e,t){gform.addHook(\"filter\",o,r,e,t)},doAction:function(o){gform.doHook(\"action\",o,arguments)},applyFilters:function(o){return gform.doHook(\"filter\",o,arguments)},removeAction:function(o,r){gform.removeHook(\"action\",o,r)},removeFilter:function(o,r,e){gform.removeHook(\"filter\",o,r,e)},addHook:function(o,r,e,t,n){null==gform.hooks[o][r]&&(gform.hooks[o][r]=[]);var d=gform.hooks[o][r];null==n&&(n=r+\"_\"+d.length),gform.hooks[o][r].push({tag:n,callable:e,priority:t=null==t?10:t})},doHook:function(r,o,e){var t;if(e=Array.prototype.slice.call(e,1),null!=gform.hooks[r][o]&&((o=gform.hooks[r][o]).sort(function(o,r){return o.priority-r.priority}),o.forEach(function(o){\"function\"!=typeof(t=o.callable)&&(t=window[t]),\"action\"==r?t.apply(null,e):e[0]=t.apply(null,e)})),\"filter\"==r)return e[0]},removeHook:function(o,r,t,n){var e;null!=gform.hooks[o][r]&&(e=(e=gform.hooks[o][r]).filter(function(o,r,e){return!!(null!=n&&n!=o.tag||null!=t&&t!=o.priority)}),gform.hooks[o][r]=e)}});\n\/* ]]> *\/\n<\/script>\n\n                <div class='gf_browser_gecko gform_wrapper gform_legacy_markup_wrapper gform-theme--no-framework' data-form-theme='legacy' data-form-index='0' id='gform_wrapper_9' style='display:none'>\n                        <div class='gform_heading'>\n                            <p class='gform_description'><\/p>\n                        <\/div><form method='post' enctype='multipart\/form-data'  id='gform_9'  action='\/izdanja\/wp-json\/wp\/v2\/pages\/915' data-formid='9' novalidate>\n                        <div class='gform-body gform_body'><ul id='gform_fields_9' class='gform_fields top_label form_sublabel_below description_below validation_below'><li id=\"field_9_15\" class=\"gfield gfield--type-hidden gfield--input-type-hidden gfield--width-full gform_hidden field_sublabel_below gfield--no-description field_description_below field_validation_below gfield_visibility_visible\"  ><div class='ginput_container ginput_container_text'><input name='input_15' id='input_9_15' type='hidden' class='gform_hidden'  aria-invalid=\"false\" value='219006' \/><\/div><\/li><li id=\"field_9_8\" class=\"gfield gfield--type-name gfield--input-type-name gfield_contains_required field_sublabel_below gfield--no-description field_description_below field_validation_below gfield_visibility_visible\"  ><label class='gfield_label gform-field-label gfield_label_before_complex' >Ime i prezime:<span class=\"gfield_required\"><span class=\"gfield_required gfield_required_asterisk\">*<\/span><\/span><\/label><div class='ginput_complex ginput_container ginput_container--name has_prefix has_first_name no_middle_name has_last_name no_suffix gf_name_has_3 ginput_container_name gform-grid-row' id='input_9_8'>\n                            <span id='input_9_8_2_container' class='name_prefix name_prefix_select gform-grid-col gform-grid-col--size-auto' >\n                                                    <select name='input_8.2' id='input_9_8_2'    aria-required='false'   >\n                          <option value=''><\/option><option value='Gospo\u0111a' >Gospo\u0111a<\/option><option value='Gospodin' selected='selected'>Gospodin<\/option><option value='Obitelj' >Obitelj<\/option><option value='Vele\u010dasni gospodin' >Vele\u010dasni gospodin<\/option><option value='Pre\u010dasni gospodin' >Pre\u010dasni gospodin<\/option><option value='\u010casna sestra' >\u010casna sestra<\/option>\n                      <\/select>\n                                                    <label for='input_9_8_2' class='gform-field-label gform-field-label--type-sub '>Titula<\/label>\n                                                  <\/span>\n                            <span id='input_9_8_3_container' class='name_first gform-grid-col gform-grid-col--size-auto' >\n                                                    <input type='text' name='input_8.3' id='input_9_8_3' value=''   aria-required='true'     \/>\n                                                    <label for='input_9_8_3' class='gform-field-label gform-field-label--type-sub '>Ime<\/label>\n                                                <\/span>\n                            \n                            <span id='input_9_8_6_container' class='name_last gform-grid-col gform-grid-col--size-auto' >\n                                                    <input type='text' name='input_8.6' id='input_9_8_6' value=''   aria-required='true'     \/>\n                                                    <label for='input_9_8_6' class='gform-field-label gform-field-label--type-sub '>Prezime<\/label>\n                                                <\/span>\n                            \n                        <\/div><\/li><li id=\"field_9_11\" class=\"gfield gfield--type-address gfield--input-type-address gfield--width-full gfield_contains_required field_sublabel_below gfield--no-description field_description_below field_validation_below gfield_visibility_visible\"  ><label class='gfield_label gform-field-label gfield_label_before_complex' >Adresa<span class=\"gfield_required\"><span class=\"gfield_required gfield_required_asterisk\">*<\/span><\/span><\/label>    \n                    <div class='ginput_complex ginput_container has_street has_street2 has_city has_zip ginput_container_address gform-grid-row' id='input_9_11' >\n                         <span class='ginput_full address_line_1 ginput_address_line_1 gform-grid-col' id='input_9_11_1_container' >\n                                        <input type='text' name='input_11.1' id='input_9_11_1' value=''    aria-required='true'    \/>\n                                        <label for='input_9_11_1' id='input_9_11_1_label' class='gform-field-label gform-field-label--type-sub '>Ulica<\/label>\n                                    <\/span><span class='ginput_full address_line_2 ginput_address_line_2 gform-grid-col' id='input_9_11_2_container' >\n                                        <input type='text' name='input_11.2' id='input_9_11_2' value=''     aria-required='false'   \/>\n                                        <label for='input_9_11_2' id='input_9_11_2_label' class='gform-field-label gform-field-label--type-sub '>Ku\u0107ni broj<\/label>\n                                    <\/span><span class='ginput_left address_city ginput_address_city gform-grid-col' id='input_9_11_3_container' >\n                                    <input type='text' name='input_11.3' id='input_9_11_3' value=''    aria-required='true'    \/>\n                                    <label for='input_9_11_3' id='input_9_11_3_label' class='gform-field-label gform-field-label--type-sub '>Grad<\/label>\n                                 <\/span><input type='hidden' class='gform_hidden' name='input_11.4' id='input_9_11_4' value=''\/><span class='ginput_right address_zip ginput_address_zip gform-grid-col' id='input_9_11_5_container' >\n                                    <input type='text' name='input_11.5' id='input_9_11_5' value=''    aria-required='true'    \/>\n                                    <label for='input_9_11_5' id='input_9_11_5_label' class='gform-field-label gform-field-label--type-sub '>Po\u0161tanski broj<\/label>\n                                <\/span><input type='hidden' class='gform_hidden' name='input_11.6' id='input_9_11_6' value='' \/>\n                    <div class='gf_clear gf_clear_complex'><\/div>\n                <\/div><\/li><li class=\"gfmc-column gfmc-column50 gfmc-row-1-column gfmc-row-1-col-1-of-2\"><ul class=\"flex-wrapper flex-wrapper-2\"><li id=\"field_9_10\" class=\"gfield gfield--type-email gfield--input-type-email gfield--width-full gfield_contains_required field_sublabel_below gfield--no-description field_description_below field_validation_below gfield_visibility_visible\"  ><label class='gfield_label gform-field-label' for='input_9_10'>Email<span class=\"gfield_required\"><span class=\"gfield_required gfield_required_asterisk\">*<\/span><\/span><\/label><div class='ginput_container ginput_container_email'>\n                            <input name='input_10' id='input_9_10' type='email' value='' class='large'    aria-required=\"true\" aria-invalid=\"false\"  \/>\n                        <\/div><\/li><\/ul><\/li><li class=\"gfmc-column gfmc-column50 gfmc-row-1-column gfmc-row-1-col-2-of-2\"><ul class=\"flex-wrapper flex-wrapper-2\"><li id=\"field_9_12\" class=\"gfield gfield--type-phone gfield--input-type-phone gfield--width-full field_sublabel_below gfield--no-description field_description_below field_validation_below gfield_visibility_visible\"  ><label class='gfield_label gform-field-label' for='input_9_12'>Telefon<\/label><div class='ginput_container ginput_container_phone'><input name='input_12' id='input_9_12' type='tel' value='' class='large'    aria-invalid=\"false\"   \/><\/div><\/li><\/ul><\/li><li id=\"field_9_13\" class=\"gfield gfield--type-consent gfield--type-choice gfield--input-type-consent gfield--width-full gfield_contains_required field_sublabel_below gfield--has-description field_description_below field_validation_below gfield_visibility_visible\"  ><label class='gfield_label gform-field-label gfield_label_before_complex' >Obrada podataka<span class=\"gfield_required\"><span class=\"gfield_required gfield_required_asterisk\">*<\/span><\/span><\/label><div class='ginput_container ginput_container_consent'><input name='input_13.1' id='input_9_13_1' type='checkbox' value='1'  aria-describedby=\"gfield_consent_description_9_13\" aria-required=\"true\" aria-invalid=\"false\"   \/> <label class=\"gform-field-label gform-field-label--type-inline gfield_consent_label\" for='input_9_13_1' >Suglasan\/na sam da \u0107e se moji osobni podatci obra\u0111ivati u svrhu promicanja ove narud\u017ebe, kao i statutarnih aktivnosti inicijatora: Zaklada Vigilare, Homerska 2, 10000 Zagreb.<\/label><input type='hidden' name='input_13.2' value='Suglasan\/na sam da \u0107e se moji osobni podatci obra\u0111ivati u svrhu promicanja ove narud\u017ebe, kao i statutarnih aktivnosti inicijatora: Zaklada Vigilare, Homerska 2, 10000 Zagreb.' class='gform_hidden' \/><input type='hidden' name='input_13.3' value='9' class='gform_hidden' \/><\/div><div class='gfield_description gfield_consent_description' id='gfield_consent_description_9_13' tabindex='0'>Davanje podataka je dobrovoljno. Imate pravo na pristup i ispravak svojih podataka. Ako ne \u017eelite da Zaklada Vigilare obra\u0111uje Va\u0161e osobne podatke u svrhu provo\u0111enja statutarnih aktivnosti, molimo da nas o tome obavijestite pisanim putem na navedenu adresu.<\/div><\/li><\/ul><\/div>\n        <div class='gform-footer gform_footer top_label'> <input type='submit' id='gform_submit_button_9' class='gform_button button' onclick='gform.submission.handleButtonClick(this);' data-submission-type='submit' value='Po\u0161alji'  \/> \n            <input type='hidden' class='gform_hidden' name='gform_submission_method' data-js='gform_submission_method_9' value='postback' \/>\n            <input type='hidden' class='gform_hidden' name='gform_theme' data-js='gform_theme_9' id='gform_theme_9' value='legacy' \/>\n            <input type='hidden' class='gform_hidden' name='gform_style_settings' data-js='gform_style_settings_9' id='gform_style_settings_9' value='[]' \/>\n            <input type='hidden' class='gform_hidden' name='is_submit_9' value='1' \/>\n            <input type='hidden' class='gform_hidden' name='gform_submit' value='9' \/>\n            \n            <input type='hidden' class='gform_hidden' name='gform_unique_id' value='' \/>\n            <input type='hidden' class='gform_hidden' name='state_9' value='WyJ7XCIxMy4xXCI6XCIxM2E5YTk5NTJkYTM1OTRiZTY2NjUxNDI3YTYwYzZiY1wiLFwiMTMuMlwiOlwiZjdiMGFlYzI5OGZmZDg5YWQ1NTFiYmQzMGQzMTMxMGFcIixcIjEzLjNcIjpcIjQ3NzNiN2FhZWEzMTc3YmNlNGYyYWRlNDQxYmQ5MGM0XCJ9IiwiZmEyMzQyMjE0YmIzMTY4ZmJjZDE2ZjUxMDRlZjk0N2MiXQ==' \/>\n            <input type='hidden' autocomplete='off' class='gform_hidden' name='gform_target_page_number_9' id='gform_target_page_number_9' value='0' \/>\n            <input type='hidden' autocomplete='off' class='gform_hidden' name='gform_source_page_number_9' id='gform_source_page_number_9' value='1' \/>\n            <input type='hidden' name='gform_field_values' value='' \/>\n            \n        <\/div>\n                        <\/form>\n                        <\/div><script type=\"text\/javascript\">\n\/* <![CDATA[ *\/\n gform.initializeOnLoaded( function() {gformInitSpinner( 9, 'https:\/\/vigilare.hr\/izdanja\/wp-content\/plugins\/gravityforms\/images\/spinner.svg', true );jQuery('#gform_ajax_frame_9').on('load',function(){var contents = jQuery(this).contents().find('*').html();var is_postback = contents.indexOf('GF_AJAX_POSTBACK') >= 0;if(!is_postback){return;}var form_content = jQuery(this).contents().find('#gform_wrapper_9');var is_confirmation = jQuery(this).contents().find('#gform_confirmation_wrapper_9').length > 0;var is_redirect = contents.indexOf('gformRedirect(){') >= 0;var is_form = form_content.length > 0 && ! is_redirect && ! is_confirmation;var mt = parseInt(jQuery('html').css('margin-top'), 10) + parseInt(jQuery('body').css('margin-top'), 10) + 100;if(is_form){form_content.find('form').css('opacity', 0);jQuery('#gform_wrapper_9').html(form_content.html());if(form_content.hasClass('gform_validation_error')){jQuery('#gform_wrapper_9').addClass('gform_validation_error');} else {jQuery('#gform_wrapper_9').removeClass('gform_validation_error');}setTimeout( function() { \/* delay the scroll by 50 milliseconds to fix a bug in chrome *\/  }, 50 );if(window['gformInitDatepicker']) {gformInitDatepicker();}if(window['gformInitPriceFields']) {gformInitPriceFields();}var current_page = jQuery('#gform_source_page_number_9').val();gformInitSpinner( 9, 'https:\/\/vigilare.hr\/izdanja\/wp-content\/plugins\/gravityforms\/images\/spinner.svg', true );jQuery(document).trigger('gform_page_loaded', [9, current_page]);window['gf_submitting_9'] = false;}else if(!is_redirect){var confirmation_content = jQuery(this).contents().find('.GF_AJAX_POSTBACK').html();if(!confirmation_content){confirmation_content = contents;}jQuery('#gform_wrapper_9').replaceWith(confirmation_content);jQuery(document).trigger('gform_confirmation_loaded', [9]);window['gf_submitting_9'] = false;wp.a11y.speak(jQuery('#gform_confirmation_message_9').text());}else{jQuery('#gform_9').append(contents);if(window['gformRedirect']) {gformRedirect();}}jQuery(document).trigger(\"gform_pre_post_render\", [{ formId: \"9\", currentPage: \"current_page\", abort: function() { this.preventDefault(); } }]);        if (event && event.defaultPrevented) {                return;        }        const gformWrapperDiv = document.getElementById( \"gform_wrapper_9\" );        if ( gformWrapperDiv ) {            const visibilitySpan = document.createElement( \"span\" );            visibilitySpan.id = \"gform_visibility_test_9\";            gformWrapperDiv.insertAdjacentElement( \"afterend\", visibilitySpan );        }        const visibilityTestDiv = document.getElementById( \"gform_visibility_test_9\" );        let postRenderFired = false;        function triggerPostRender() {            if ( postRenderFired ) {                return;            }            postRenderFired = true;            gform.core.triggerPostRenderEvents( 9, current_page );            if ( visibilityTestDiv ) {                visibilityTestDiv.parentNode.removeChild( visibilityTestDiv );            }        }        function debounce( func, wait, immediate ) {            var timeout;            return function() {                var context = this, args = arguments;                var later = function() {                    timeout = null;                    if ( !immediate ) func.apply( context, args );                };                var callNow = immediate && !timeout;                clearTimeout( timeout );                timeout = setTimeout( later, wait );                if ( callNow ) func.apply( context, args );            };        }        const debouncedTriggerPostRender = debounce( function() {            triggerPostRender();        }, 200 );        if ( visibilityTestDiv && visibilityTestDiv.offsetParent === null ) {            const observer = new MutationObserver( ( mutations ) => {                mutations.forEach( ( mutation ) => {                    if ( mutation.type === 'attributes' && visibilityTestDiv.offsetParent !== null ) {                        debouncedTriggerPostRender();                        observer.disconnect();                    }                });            });            observer.observe( document.body, {                attributes: true,                childList: false,                subtree: true,                attributeFilter: [ 'style', 'class' ],            });        } else {            triggerPostRender();        }    } );} ); \n\/* ]]> *\/\n<\/script>\n\n<p>[\/et_pb_text][\/et_pb_column][\/et_pb_row][\/et_pb_section][et_pb_section fb_built=&#8221;1&#8243; _builder_version=&#8221;4.5.1&#8243; _module_preset=&#8221;default&#8221; background_color=&#8221;#303030&#8243; custom_padding=&#8221;13px||0px|||&#8221;][et_pb_row _builder_version=&#8221;4.5.1&#8243; _module_preset=&#8221;default&#8221;][et_pb_column type=&#8221;4_4&#8243; _builder_version=&#8221;4.5.1&#8243; _module_preset=&#8221;default&#8221;][et_pb_image src=&#8221;https:\/\/vigilare.hr\/izdanja\/wp-content\/uploads\/2020\/07\/logo_white-300&#215;300-1.png&#8221; title_text=&#8221;logo_white-300&#215;300-1&#8243; align=&#8221;center&#8221; _builder_version=&#8221;4.5.1&#8243; _module_preset=&#8221;default&#8221; width=&#8221;10%&#8221; width_tablet=&#8221;&#8221; width_phone=&#8221;30%&#8221; width_last_edited=&#8221;on|phone&#8221;][\/et_pb_image][et_pb_text _builder_version=&#8221;4.9.7&#8243; _module_preset=&#8221;default&#8221; text_font=&#8221;Frank Ruhl Libre||||||||&#8221; text_text_color=&#8221;#bcbcbc&#8221; text_orientation=&#8221;center&#8221;]<\/p>\n<p style=\"text-align: center;\">*Obavje\u0161tavamo Vas da \u0107emo Va\u0161e osobne podatke obra\u0111ivati u svrhu promicanja ove narud\u017ebe, kao i statutarnih aktivnosti inicijatora: Zaklada Vigilare, Homerska 2, 10000 Zagreb. Davanje podataka je dobrovoljno. Imate pravo na pristup i ispravak svojih podataka. Ako ne \u017eelite da Zaklada Vigilare obra\u0111uje Va\u0161e osobne podatke u svrhu provo\u0111enja statutarnih aktivnosti, molimo da nas o tome obavijestite pisanim putem na navedenu adresu.<\/p>\n<p>[\/et_pb_text][et_pb_text _builder_version=&#8221;4.9.7&#8243; _module_preset=&#8221;default&#8221; text_font=&#8221;Frank Ruhl Libre||||||||&#8221; text_text_color=&#8221;#bcbcbc&#8221; custom_padding=&#8221;20px||||false|false&#8221; border_width_top=&#8221;1px&#8221; border_color_top=&#8221;#595959&#8243;]<\/p>\n<div style=\"text-align: center;\">Copyright \u00a9 <a href=\"http:\/\/www.vigilare.hr\"><span color=\"#af1f1c\">Zaklada Vigilare<\/span><\/a>, Homerska 2, 10000 Zagreb<br \/>kontakt@vigilare.hr, 01\/6446-421<\/div>\n<div style=\"text-align: center;\"><a target=\"_blank\" href=\"http:\/\/www.vigilare.hr\" rel=\"noopener noreferrer\"><span color=\"#af1f1c\"> www.vigilare.hr<\/span><\/a><\/div>\n<p>[\/et_pb_text][\/et_pb_column][\/et_pb_row][\/et_pb_section]<\/p>\n","protected":false},"excerpt":{"rendered":"<p>[et_pb_section fb_built=&#8221;1&#8243; fullwidth=&#8221;on&#8221; disabled_on=&#8221;off|off|off&#8221; _builder_version=&#8221;4.7.4&#8243; _module_preset=&#8221;default&#8221;][et_pb_fullwidth_image src=&#8221;https:\/\/vigilare.hr\/izdanja\/wp-content\/uploads\/2022\/11\/web-1.jpg&#8221; title_text=&#8221;web 1&#8243; url=&#8221;#naruci&#8221; _builder_version=&#8221;4.6.5&#8243; _module_preset=&#8221;default&#8221;][\/et_pb_fullwidth_image][\/et_pb_section][et_pb_section fb_built=&#8221;1&#8243; _builder_version=&#8221;4.6.5&#8243; _module_preset=&#8221;default&#8221; background_color=&#8221;#58301e&#8221; custom_padding=&#8221;12px||19px|||&#8221; border_width_top=&#8221;10px&#8221; border_color_top=&#8221;#f4e6d8&#8243; border_width_bottom=&#8221;1px&#8221; border_color_bottom=&#8221;#f4e6d8&#8243;][et_pb_row _builder_version=&#8221;4.5.1&#8243; _module_preset=&#8221;default&#8221; custom_padding=&#8221;12px||11px|||&#8221;][et_pb_column type=&#8221;4_4&#8243; _builder_version=&#8221;4.5.1&#8243; _module_preset=&#8221;default&#8221;][et_pb_text disabled_on=&#8221;off|on|on&#8221; _builder_version=&#8221;4.7.4&#8243; _module_preset=&#8221;default&#8221; text_font=&#8221;Frank Ruhl Libre|500|on|||on|||&#8221; text_text_color=&#8221;#f4e6d8&#8243; text_font_size=&#8221;2em&#8221; header_font=&#8221;Frank Ruhl Libre||||||||&#8221; header_text_align=&#8221;center&#8221; header_text_color=&#8221;#ffffff&#8221; header_font_size=&#8221;39px&#8221; header_2_font=&#8221;|500|||||||&#8221; header_2_text_align=&#8221;center&#8221; header_2_text_color=&#8221;#f4e6d8&#8243; header_2_font_size=&#8221;40px&#8221; text_orientation=&#8221;center&#8221; header_font_size_tablet=&#8221;&#8221; header_font_size_phone=&#8221;&#8221; header_font_size_last_edited=&#8221;on|phone&#8221;] Povodom 60. obljetnice smrti\u00a0bl. Alojzija Stepinca [&hellip;]<\/p>\n","protected":false},"author":1,"featured_media":1884,"parent":0,"menu_order":0,"comment_status":"closed","ping_status":"closed","template":"page-template-blank.php","meta":{"_et_pb_use_builder":"on","_et_pb_old_content":"","_et_gb_content_width":"","footnotes":""},"class_list":["post-915","page","type-page","status-publish","has-post-thumbnail","hentry"],"yoast_head":"<!-- This site is optimized with the Yoast SEO plugin v26.2 - https:\/\/yoast.com\/wordpress\/plugins\/seo\/ -->\n<title>Stepinac krunica - Izdanja<\/title>\n<meta name=\"description\" content=\"Zrnca \u010dine pravi ru\u017earij jer imaju miris ru\u017ea, sredi\u0161nja medalja sadr\u017ei portret bl. Stepinca i godine obljetnice, a kri\u017e je unikatan Hrvatski zavjetni kri\u017e.\" \/>\n<meta name=\"robots\" content=\"index, follow, max-snippet:-1, max-image-preview:large, max-video-preview:-1\" \/>\n<link rel=\"canonical\" href=\"https:\/\/vigilare.hr\/izdanja\/stepinackrunica\/\" \/>\n<meta property=\"og:locale\" content=\"hr_HR\" \/>\n<meta property=\"og:type\" content=\"article\" \/>\n<meta property=\"og:title\" content=\"Stepinac krunica - Izdanja\" \/>\n<meta property=\"og:description\" content=\"Zrnca \u010dine pravi ru\u017earij jer imaju miris ru\u017ea, sredi\u0161nja medalja sadr\u017ei portret bl. Stepinca i godine obljetnice, a kri\u017e je unikatan Hrvatski zavjetni kri\u017e.\" \/>\n<meta property=\"og:url\" content=\"https:\/\/vigilare.hr\/izdanja\/stepinackrunica\/\" \/>\n<meta property=\"og:site_name\" content=\"Izdanja\" \/>\n<meta property=\"article:modified_time\" content=\"2024-11-14T11:26:17+00:00\" \/>\n<meta property=\"og:image\" content=\"https:\/\/vigilare.hr\/izdanja\/wp-content\/uploads\/2024\/11\/Jubilarna-krunica.jpg\" \/>\n\t<meta property=\"og:image:width\" content=\"1200\" \/>\n\t<meta property=\"og:image:height\" content=\"630\" \/>\n\t<meta property=\"og:image:type\" content=\"image\/jpeg\" \/>\n<meta name=\"twitter:card\" content=\"summary_large_image\" \/>\n<meta name=\"twitter:label1\" content=\"Procijenjeno vrijeme \u010ditanja\" \/>\n\t<meta name=\"twitter:data1\" content=\"7 minuta\" \/>\n<script type=\"application\/ld+json\" class=\"yoast-schema-graph\">{\"@context\":\"https:\/\/schema.org\",\"@graph\":[{\"@type\":\"WebPage\",\"@id\":\"https:\/\/vigilare.hr\/izdanja\/stepinackrunica\/\",\"url\":\"https:\/\/vigilare.hr\/izdanja\/stepinackrunica\/\",\"name\":\"Stepinac krunica - Izdanja\",\"isPartOf\":{\"@id\":\"https:\/\/vigilare.hr\/izdanja\/#website\"},\"primaryImageOfPage\":{\"@id\":\"https:\/\/vigilare.hr\/izdanja\/stepinackrunica\/#primaryimage\"},\"image\":{\"@id\":\"https:\/\/vigilare.hr\/izdanja\/stepinackrunica\/#primaryimage\"},\"thumbnailUrl\":\"https:\/\/vigilare.hr\/izdanja\/wp-content\/uploads\/2024\/11\/Jubilarna-krunica.jpg\",\"datePublished\":\"2022-11-22T12:16:22+00:00\",\"dateModified\":\"2024-11-14T11:26:17+00:00\",\"description\":\"Zrnca \u010dine pravi ru\u017earij jer imaju miris ru\u017ea, sredi\u0161nja medalja sadr\u017ei portret bl. Stepinca i godine obljetnice, a kri\u017e je unikatan Hrvatski zavjetni kri\u017e.\",\"breadcrumb\":{\"@id\":\"https:\/\/vigilare.hr\/izdanja\/stepinackrunica\/#breadcrumb\"},\"inLanguage\":\"hr\",\"potentialAction\":[{\"@type\":\"ReadAction\",\"target\":[\"https:\/\/vigilare.hr\/izdanja\/stepinackrunica\/\"]}]},{\"@type\":\"ImageObject\",\"inLanguage\":\"hr\",\"@id\":\"https:\/\/vigilare.hr\/izdanja\/stepinackrunica\/#primaryimage\",\"url\":\"https:\/\/vigilare.hr\/izdanja\/wp-content\/uploads\/2024\/11\/Jubilarna-krunica.jpg\",\"contentUrl\":\"https:\/\/vigilare.hr\/izdanja\/wp-content\/uploads\/2024\/11\/Jubilarna-krunica.jpg\",\"width\":1200,\"height\":630},{\"@type\":\"BreadcrumbList\",\"@id\":\"https:\/\/vigilare.hr\/izdanja\/stepinackrunica\/#breadcrumb\",\"itemListElement\":[{\"@type\":\"ListItem\",\"position\":1,\"name\":\"Po\u010detna stranica\",\"item\":\"https:\/\/vigilare.hr\/izdanja\/\"},{\"@type\":\"ListItem\",\"position\":2,\"name\":\"Stepinac krunica\"}]},{\"@type\":\"WebSite\",\"@id\":\"https:\/\/vigilare.hr\/izdanja\/#website\",\"url\":\"https:\/\/vigilare.hr\/izdanja\/\",\"name\":\"Izdanja\",\"description\":\"\",\"potentialAction\":[{\"@type\":\"SearchAction\",\"target\":{\"@type\":\"EntryPoint\",\"urlTemplate\":\"https:\/\/vigilare.hr\/izdanja\/?s={search_term_string}\"},\"query-input\":{\"@type\":\"PropertyValueSpecification\",\"valueRequired\":true,\"valueName\":\"search_term_string\"}}],\"inLanguage\":\"hr\"}]}<\/script>\n<!-- \/ Yoast SEO plugin. -->","yoast_head_json":{"title":"Stepinac krunica - Izdanja","description":"Zrnca \u010dine pravi ru\u017earij jer imaju miris ru\u017ea, sredi\u0161nja medalja sadr\u017ei portret bl. Stepinca i godine obljetnice, a kri\u017e je unikatan Hrvatski zavjetni kri\u017e.","robots":{"index":"index","follow":"follow","max-snippet":"max-snippet:-1","max-image-preview":"max-image-preview:large","max-video-preview":"max-video-preview:-1"},"canonical":"https:\/\/vigilare.hr\/izdanja\/stepinackrunica\/","og_locale":"hr_HR","og_type":"article","og_title":"Stepinac krunica - Izdanja","og_description":"Zrnca \u010dine pravi ru\u017earij jer imaju miris ru\u017ea, sredi\u0161nja medalja sadr\u017ei portret bl. Stepinca i godine obljetnice, a kri\u017e je unikatan Hrvatski zavjetni kri\u017e.","og_url":"https:\/\/vigilare.hr\/izdanja\/stepinackrunica\/","og_site_name":"Izdanja","article_modified_time":"2024-11-14T11:26:17+00:00","og_image":[{"width":1200,"height":630,"url":"https:\/\/vigilare.hr\/izdanja\/wp-content\/uploads\/2024\/11\/Jubilarna-krunica.jpg","type":"image\/jpeg"}],"twitter_card":"summary_large_image","twitter_misc":{"Procijenjeno vrijeme \u010ditanja":"7 minuta"},"schema":{"@context":"https:\/\/schema.org","@graph":[{"@type":"WebPage","@id":"https:\/\/vigilare.hr\/izdanja\/stepinackrunica\/","url":"https:\/\/vigilare.hr\/izdanja\/stepinackrunica\/","name":"Stepinac krunica - Izdanja","isPartOf":{"@id":"https:\/\/vigilare.hr\/izdanja\/#website"},"primaryImageOfPage":{"@id":"https:\/\/vigilare.hr\/izdanja\/stepinackrunica\/#primaryimage"},"image":{"@id":"https:\/\/vigilare.hr\/izdanja\/stepinackrunica\/#primaryimage"},"thumbnailUrl":"https:\/\/vigilare.hr\/izdanja\/wp-content\/uploads\/2024\/11\/Jubilarna-krunica.jpg","datePublished":"2022-11-22T12:16:22+00:00","dateModified":"2024-11-14T11:26:17+00:00","description":"Zrnca \u010dine pravi ru\u017earij jer imaju miris ru\u017ea, sredi\u0161nja medalja sadr\u017ei portret bl. Stepinca i godine obljetnice, a kri\u017e je unikatan Hrvatski zavjetni kri\u017e.","breadcrumb":{"@id":"https:\/\/vigilare.hr\/izdanja\/stepinackrunica\/#breadcrumb"},"inLanguage":"hr","potentialAction":[{"@type":"ReadAction","target":["https:\/\/vigilare.hr\/izdanja\/stepinackrunica\/"]}]},{"@type":"ImageObject","inLanguage":"hr","@id":"https:\/\/vigilare.hr\/izdanja\/stepinackrunica\/#primaryimage","url":"https:\/\/vigilare.hr\/izdanja\/wp-content\/uploads\/2024\/11\/Jubilarna-krunica.jpg","contentUrl":"https:\/\/vigilare.hr\/izdanja\/wp-content\/uploads\/2024\/11\/Jubilarna-krunica.jpg","width":1200,"height":630},{"@type":"BreadcrumbList","@id":"https:\/\/vigilare.hr\/izdanja\/stepinackrunica\/#breadcrumb","itemListElement":[{"@type":"ListItem","position":1,"name":"Po\u010detna stranica","item":"https:\/\/vigilare.hr\/izdanja\/"},{"@type":"ListItem","position":2,"name":"Stepinac krunica"}]},{"@type":"WebSite","@id":"https:\/\/vigilare.hr\/izdanja\/#website","url":"https:\/\/vigilare.hr\/izdanja\/","name":"Izdanja","description":"","potentialAction":[{"@type":"SearchAction","target":{"@type":"EntryPoint","urlTemplate":"https:\/\/vigilare.hr\/izdanja\/?s={search_term_string}"},"query-input":{"@type":"PropertyValueSpecification","valueRequired":true,"valueName":"search_term_string"}}],"inLanguage":"hr"}]}},"_links":{"self":[{"href":"https:\/\/vigilare.hr\/izdanja\/wp-json\/wp\/v2\/pages\/915","targetHints":{"allow":["GET"]}}],"collection":[{"href":"https:\/\/vigilare.hr\/izdanja\/wp-json\/wp\/v2\/pages"}],"about":[{"href":"https:\/\/vigilare.hr\/izdanja\/wp-json\/wp\/v2\/types\/page"}],"author":[{"embeddable":true,"href":"https:\/\/vigilare.hr\/izdanja\/wp-json\/wp\/v2\/users\/1"}],"replies":[{"embeddable":true,"href":"https:\/\/vigilare.hr\/izdanja\/wp-json\/wp\/v2\/comments?post=915"}],"version-history":[{"count":8,"href":"https:\/\/vigilare.hr\/izdanja\/wp-json\/wp\/v2\/pages\/915\/revisions"}],"predecessor-version":[{"id":1742,"href":"https:\/\/vigilare.hr\/izdanja\/wp-json\/wp\/v2\/pages\/915\/revisions\/1742"}],"wp:featuredmedia":[{"embeddable":true,"href":"https:\/\/vigilare.hr\/izdanja\/wp-json\/wp\/v2\/media\/1884"}],"wp:attachment":[{"href":"https:\/\/vigilare.hr\/izdanja\/wp-json\/wp\/v2\/media?parent=915"}],"curies":[{"name":"wp","href":"https:\/\/api.w.org\/{rel}","templated":true}]}}