{"id":2044,"date":"2025-04-15T21:31:25","date_gmt":"2025-04-15T19:31:25","guid":{"rendered":"https:\/\/vigilare.hr\/izdanja\/?page_id=2044"},"modified":"2025-05-05T21:59:00","modified_gmt":"2025-05-05T19:59:00","slug":"gospatrsatska","status":"publish","type":"page","link":"https:\/\/vigilare.hr\/izdanja\/gospatrsatska\/","title":{"rendered":"Gospa Trsatska"},"content":{"rendered":"<p>[et_pb_section fb_built=&#8221;1&#8243; custom_padding_last_edited=&#8221;on|tablet&#8221; disabled_on=&#8221;off|off|off&#8221; _builder_version=&#8221;4.9.7&#8243; _module_preset=&#8221;default&#8221; background_color=&#8221;#d7cdbb&#8221; background_enable_image=&#8221;off&#8221; background_position=&#8221;top_center&#8221; background_blend=&#8221;overlay&#8221; width=&#8221;100%&#8221; max_width=&#8221;100%&#8221; module_alignment=&#8221;center&#8221; max_height=&#8221;1000px&#8221; custom_margin=&#8221;-140px||-140px||true|false&#8221; custom_margin_tablet=&#8221;-93px||-200px||false|false&#8221; custom_margin_phone=&#8221;-432px||-432px||true|false&#8221; custom_margin_last_edited=&#8221;on|phone&#8221; custom_padding=&#8221;550px||550px||true|false&#8221; custom_padding_tablet=&#8221;164px||0px||false|false&#8221; custom_padding_phone=&#8221;547px||101px||false|false&#8221; top_divider_color=&#8221;#7f1b00&#8243; top_divider_height_tablet=&#8221;80px&#8221; top_divider_height_phone=&#8221;53px&#8221; top_divider_height_last_edited=&#8221;on|phone&#8221; bottom_divider_color=&#8221;#ffffff&#8221; bottom_divider_height=&#8221;69px&#8221; background_last_edited=&#8221;on|tablet&#8221; background_enable_image_tablet=&#8221;off&#8221; background_enable_image_phone=&#8221;off&#8221; border_style_all=&#8221;none&#8221; global_colors_info=&#8221;{}&#8221;][et_pb_row _builder_version=&#8221;4.9.7&#8243; _module_preset=&#8221;default&#8221; background_color=&#8221;#FFFFFF&#8221; width=&#8221;100%&#8221; max_width=&#8221;100%&#8221; custom_margin=&#8221;11px||||false|false&#8221; custom_margin_tablet=&#8221;-67px||||false|false&#8221; custom_margin_phone=&#8221;35px||||false|false&#8221; custom_margin_last_edited=&#8221;on|phone&#8221; custom_padding=&#8221;8px|||||&#8221; global_colors_info=&#8221;{}&#8221;][et_pb_column type=&#8221;4_4&#8243; _builder_version=&#8221;4.9.7&#8243; _module_preset=&#8221;default&#8221; global_colors_info=&#8221;{}&#8221;][et_pb_image src=&#8221;https:\/\/vigilare.hr\/izdanja\/wp-content\/uploads\/2025\/04\/Header.jpg&#8221; title_text=&#8221;Korice&#8221; align=&#8221;center&#8221; src_tablet=&#8221;https:\/\/vigilare.hr\/izdanja\/wp-content\/uploads\/2025\/04\/Ikona.jpg&#8221; src_phone=&#8221;https:\/\/vigilare.hr\/izdanja\/wp-content\/uploads\/2025\/04\/Korice.jpg&#8221; src_last_edited=&#8221;on|phone&#8221; _builder_version=&#8221;4.9.7&#8243; _module_preset=&#8221;default&#8221; width=&#8221;100%&#8221; width_tablet=&#8221;100%&#8221; width_phone=&#8221;100%&#8221; width_last_edited=&#8221;on|phone&#8221; max_width=&#8221;2560px&#8221; custom_margin=&#8221;-490px||50px||false|false&#8221; custom_margin_tablet=&#8221;-10px||||false|false&#8221; custom_margin_phone=&#8221;-159px||||false|false&#8221; custom_margin_last_edited=&#8221;on|phone&#8221; background_last_edited=&#8221;on|tablet&#8221; global_colors_info=&#8221;{}&#8221;][\/et_pb_image][et_pb_image src=&#8221;https:\/\/vigilare.hr\/izdanja\/wp-content\/uploads\/2025\/04\/Naslov.png&#8221; title_text=&#8221;Naslov&#8221; align=&#8221;center&#8221; align_tablet=&#8221;center&#8221; align_phone=&#8221;&#8221; align_last_edited=&#8221;on|desktop&#8221; disabled_on=&#8221;on|off|off&#8221; _builder_version=&#8221;4.9.7&#8243; _module_preset=&#8221;default&#8221; width=&#8221;37%&#8221; width_tablet=&#8221;50%&#8221; width_phone=&#8221;&#8221; width_last_edited=&#8221;on|phone&#8221; custom_padding=&#8221;||50px|||&#8221;][\/et_pb_image][\/et_pb_column][\/et_pb_row][et_pb_row _builder_version=&#8221;4.9.7&#8243; _module_preset=&#8221;default&#8221; background_color=&#8221;#FFFFFF&#8221; custom_padding=&#8221;0px|||||&#8221; global_colors_info=&#8221;{}&#8221;][et_pb_column type=&#8221;4_4&#8243; _builder_version=&#8221;4.14.4&#8243; _module_preset=&#8221;default&#8221; global_colors_info=&#8221;{}&#8221;][et_pb_button button_url=&#8221;#naruci&#8221; button_text=&#8221;Naru\u010di kampanju \u201eGospa Trsatska\u201c i podari ru\u017eu Majci Bo\u017ejoj&#8221; button_alignment=&#8221;center&#8221; button_text_tablet=&#8221;Naru\u010di kampanju \u201eGospa Trsatska\u201c i podari ru\u017eu Majci Bo\u017ejoj&#8221; button_text_phone=&#8221;Naru\u010di kampanju \u201eGospa Trsatska\u201c i podari ru\u017eu Majci Bo\u017ejoj&#8221; button_text_last_edited=&#8221;on|desktop&#8221; _builder_version=&#8221;4.9.7&#8243; _module_preset=&#8221;default&#8221; custom_button=&#8221;on&#8221; button_text_size=&#8221;25px&#8221; button_text_color=&#8221;#FFFFFF&#8221; button_bg_color=&#8221;#000000&#8243; button_border_width=&#8221;2px&#8221; button_icon=&#8221;%%1%%&#8221; custom_margin=&#8221;33px||18px||false|false&#8221; custom_margin_tablet=&#8221;27px||18px||false|false&#8221; custom_margin_phone=&#8221;-28px||18px||false|false&#8221; custom_margin_last_edited=&#8221;on|tablet&#8221; custom_padding=&#8221;||9px|||&#8221; button_text_size_tablet=&#8221;25px&#8221; button_text_size_phone=&#8221;18px&#8221; button_text_size_last_edited=&#8221;on|phone&#8221; global_colors_info=&#8221;{}&#8221;][\/et_pb_button][\/et_pb_column][\/et_pb_row][\/et_pb_section][et_pb_section fb_built=&#8221;1&#8243; _builder_version=&#8221;4.9.7&#8243; _module_preset=&#8221;default&#8221;][et_pb_row _builder_version=&#8221;4.9.7&#8243; _module_preset=&#8221;default&#8221; custom_padding=&#8221;||0px|||&#8221;][et_pb_column type=&#8221;4_4&#8243; _builder_version=&#8221;4.9.7&#8243; _module_preset=&#8221;default&#8221;][\/et_pb_column][\/et_pb_row][\/et_pb_section][et_pb_section fb_built=&#8221;1&#8243; _builder_version=&#8221;4.9.7&#8243; _module_preset=&#8221;default&#8221; custom_margin=&#8221;-33px||||false|false&#8221; global_colors_info=&#8221;{}&#8221;][et_pb_row _builder_version=&#8221;4.9.7&#8243; _module_preset=&#8221;default&#8221; custom_margin=&#8221;-65px|auto||auto|false|false&#8221; global_colors_info=&#8221;{}&#8221;][et_pb_column type=&#8221;4_4&#8243; _builder_version=&#8221;4.9.3&#8243; _module_preset=&#8221;default&#8221; global_colors_info=&#8221;{}&#8221;][et_pb_text content_tablet=&#8221;<\/p>\n<h1 style=%22text-align: center;%22><strong><img src=%22https:\/\/vigilare.hr\/izdanja\/wp-content\/uploads\/2025\/04\/Ornament.png%22 alt=%22%22 class=%22wp-image-767 alignnone size-full%22 width=%2250%22 height=%2250%22 \/><\/strong><\/h1>\n<p><strong><\/strong><\/p>\n<p><strong><\/strong><\/p>\n<p><strong><\/strong><\/p>\n<h1 style=%22text-align: center;%22>Sveta ku\u0107ica<strong><\/strong><\/h1>\n<\/p>\n<p><img src=%22https:\/\/vigilare.hr\/izdanja\/wp-content\/uploads\/2025\/04\/Slika-oltara-i-oltarskog-prostora-2025-682x1024.jpg%22 width=%22682%22 height=%221024%22 alt=%22%22 class=%22wp-image-2057 alignnone size-large%22 style=%22display: block; margin-left: auto; margin-right: auto;%22 \/><\/p>\n<\/p>\n<p style=%22text-align: center;%22>Kada je podru\u010dje Bliskog istoka, gdje se nalazila i Nazaretska ku\u0107ica svete Obitelji, do\u0161lo u<br \/>opasnost od muslimanskog osvajanja, Bog ju je preko svojih an\u0111ela 10. svibnja 1291. prenio<br \/>na Trsat i spasio od razaranja. Ondje je ostala tri godine nakon \u010dega je na isti na\u010din<br \/>prenesena u Loreto. Izaslanstvo koje su vladari Frankopani uputili s Trsata u Nazaret i Loreto, utvrdilo<br \/>je da se uistinu radilo o ku\u0107i koja se nalazila u Nazaretu i ondje \u0161tovala kao Sveta ku\u0107ica.<\/p>\n<h1 style=%22text-align: center;%22><strong><img src=%22https:\/\/vigilare.hr\/izdanja\/wp-content\/uploads\/2025\/04\/Ornament.png%22 alt=%22%22 class=%22wp-image-767 alignnone size-full%22 width=%2250%22 height=%2250%22 \/><\/strong><\/h1>\n<p>&#8221; content_phone=&#8221;<\/p>\n<h1 style=%22text-align: center;%22><strong><img src=%22https:\/\/vigilare.hr\/izdanja\/wp-content\/uploads\/2025\/04\/Ornament.png%22 alt=%22%22 class=%22wp-image-767 alignnone size-full%22 width=%2250%22 height=%2250%22 \/><\/strong><\/h1>\n<p><strong><\/strong><\/p>\n<h1 style=%22text-align: center;%22>Sveta ku\u0107ica<strong><\/strong><\/h1>\n<p><img src=%22https:\/\/vigilare.hr\/izdanja\/wp-content\/uploads\/2025\/04\/Slika-oltara-i-oltarskog-prostora-2025-682x1024.jpg%22 width=%22682%22 height=%221024%22 alt=%22%22 class=%22wp-image-2057 alignnone size-large%22 style=%22display: block; margin-left: auto; margin-right: auto;%22 \/><\/p>\n<p style=%22text-align: center;%22>Kada je podru\u010dje Bliskog istoka, gdje se nalazila i Nazaretska ku\u0107ica svete Obitelji, do\u0161lo u<br \/>opasnost od muslimanskog osvajanja, Bog ju je preko svojih an\u0111ela 10. svibnja 1291. prenio<br \/>na Trsat i spasio od razaranja. Ondje je ostala tri godine nakon \u010dega je na isti na\u010din<br \/>prenesena u Loreto. Izaslanstvo koje su vladari Frankopani uputili s Trsata u Nazaret i Loreto, utvrdilo<br \/>je da se uistinu radilo o ku\u0107i koja se nalazila u Nazaretu i ondje \u0161tovala kao Sveta ku\u0107ica.<\/p>\n<h1 style=%22text-align: center;%22><strong><img src=%22https:\/\/vigilare.hr\/izdanja\/wp-content\/uploads\/2025\/04\/Ornament.png%22 alt=%22%22 class=%22wp-image-767 alignnone size-full%22 width=%2250%22 height=%2250%22 \/><\/strong><\/h1>\n<p>&#8221; content_last_edited=&#8221;on|phone&#8221; _builder_version=&#8221;4.9.7&#8243; _module_preset=&#8221;default&#8221; text_font=&#8221;Frank Ruhl Libre||||||||&#8221; text_text_color=&#8221;#000000&#8243; text_font_size=&#8221;23px&#8221; header_font=&#8221;Tienne|700|||||||&#8221; header_text_color=&#8221;#000000&#8243; header_font_size=&#8221;38px&#8221; text_orientation=&#8221;center&#8221; custom_padding=&#8221;0px||0px||false|false&#8221; text_font_tablet=&#8221;Abhaya Libre||||||||&#8221; text_font_phone=&#8221;Abhaya Libre||||||||&#8221; text_font_last_edited=&#8221;on|tablet&#8221; text_text_color_tablet=&#8221;#000000&#8243; text_text_color_phone=&#8221;#000000&#8243; text_text_color_last_edited=&#8221;on|desktop&#8221; header_font_size_tablet=&#8221;30px&#8221; header_font_size_phone=&#8221;30px&#8221; header_font_size_last_edited=&#8221;on|desktop&#8221; global_colors_info=&#8221;{}&#8221; custom_margin=&#8221;||-3px|||&#8221;]<\/p>\n<h1 style=\"text-align: center;\"><strong><img decoding=\"async\" src=\"https:\/\/vigilare.hr\/izdanja\/wp-content\/uploads\/2025\/04\/Ornament.png\" alt=\"\" class=\"wp-image-767 alignnone size-full\" width=\"50\" height=\"50\" \/><\/strong><\/h1>\n<p><strong><\/strong><\/p>\n<p><strong><\/strong><\/p>\n<p><strong><\/strong><\/p>\n<h1 style=\"text-align: center;\">Sveta ku\u0107ica<strong><\/strong><\/h1>\n<p>&nbsp;<\/p>\n<p>&nbsp;<\/p>\n<p><img fetchpriority=\"high\" fetchpriority=\"high\" decoding=\"async\" src=\"https:\/\/vigilare.hr\/izdanja\/wp-content\/uploads\/2025\/04\/Slika-oltara-i-oltarskog-prostora-2025-682x1024.jpg\" width=\"682\" height=\"1024\" alt=\"\" class=\"wp-image-2057 alignnone size-large\" style=\"display: block; margin-left: auto; margin-right: auto;\" srcset=\"https:\/\/vigilare.hr\/izdanja\/wp-content\/uploads\/2025\/04\/Slika-oltara-i-oltarskog-prostora-2025-682x1024.jpg 682w, https:\/\/vigilare.hr\/izdanja\/wp-content\/uploads\/2025\/04\/Slika-oltara-i-oltarskog-prostora-2025-480x720.jpg 480w\" sizes=\"(min-width: 0px) and (max-width: 480px) 480px, (min-width: 481px) 682px, 100vw\" \/><\/p>\n<p>&nbsp;<\/p>\n<p style=\"text-align: center;\">Kada je podru\u010dje Bliskog istoka, gdje se nalazila i Nazaretska ku\u0107ica svete Obitelji, do\u0161lo u<br \/>opasnost od muslimanskog osvajanja, Bog ju je preko svojih an\u0111ela 10. svibnja 1291. prenio<br \/>na Trsat i spasio od razaranja. Ondje je ostala tri godine nakon \u010dega je na isti na\u010din<br \/>prenesena u Loreto. Izaslanstvo koje su vladari Frankopani uputili s Trsata u Nazaret i Loreto, utvrdilo<br \/>je da se uistinu radilo o ku\u0107i koja se nalazila u Nazaretu i ondje \u0161tovala kao Sveta ku\u0107ica.<\/p>\n<p style=\"text-align: center;\">\n<p style=\"text-align: center;\">\n<h1 style=\"text-align: center;\"><strong><img decoding=\"async\" src=\"https:\/\/vigilare.hr\/izdanja\/wp-content\/uploads\/2025\/04\/Ornament.png\" alt=\"\" class=\"wp-image-767 alignnone size-full\" width=\"50\" height=\"50\" \/><\/strong><\/h1>\n<p>[\/et_pb_text][et_pb_text content_tablet=&#8221;<\/p>\n<h1 style=%22text-align: center;%22>Sveta ikona<\/h1>\n<p>\u00a0<\/p>\n<p>\u00a0<\/p>\n<p><img src=%22https:\/\/vigilare.hr\/izdanja\/wp-content\/uploads\/2025\/04\/Ikona-1024x826.jpg%22 width=%22750%22 height=%22826%22 alt=%22%22 class=%22wp-image-2050 alignnone size-large%22 style=%22display: block; margin-left: auto; margin-right: auto;%22 \/><\/p>\n<p>\u00a0<\/p>\n<p style=%22text-align: center;%22>Nakon odlaska Svete ku\u0107ice u Italiju, neutje\u0161ni hrvatski hodo\u010dasnici po\u010deli su hodo\u010dastiti u Loreto.<br \/>\nVidjev\u0161i njihovu pobo\u017enost, papa Urban V. za utjehu im je 1367. na Trsat poslao sliku Majke Bo\u017eje s<br \/>\nDjetetom Isusom koju je prema predaji naslikao sv. Luka evan\u0111elist. Od tada se slika nalazi<br \/>\nna glavnom oltaru trsatskog sveti\u0161ta, na mjestu gdje je nekada stajala Nazaretska ku\u0107ica.<\/p>\n<h1 style=%22text-align: center;%22><strong><img src=%22https:\/\/vigilare.hr\/izdanja\/wp-content\/uploads\/2025\/04\/Ornament.png%22 alt=%22%22 class=%22wp-image-767 alignnone size-full%22 width=%2250%22 height=%2250%22 \/><\/strong><\/h1>\n<p>\u00a0&#8221; content_phone=&#8221;<\/p>\n<h1 style=%22text-align: center;%22>Sveta ikona<\/h1>\n<p>\u00a0<\/p>\n<p>\u00a0<\/p>\n<p><img src=%22https:\/\/vigilare.hr\/izdanja\/wp-content\/uploads\/2025\/04\/Ikona-1024x826.jpg%22 width=%22750%22 height=%22826%22 alt=%22%22 class=%22wp-image-2050 alignnone size-large%22 style=%22display: block; margin-left: auto; margin-right: auto;%22 \/><\/p>\n<p>\u00a0<\/p>\n<p style=%22text-align: center;%22>Nakon odlaska Svete ku\u0107ice u Italiju, neutje\u0161ni hrvatski hodo\u010dasnici po\u010deli su hodo\u010dastiti u Loreto.<br \/>\nVidjev\u0161i njihovu pobo\u017enost, papa Urban V. za utjehu im je 1367. na Trsat poslao sliku Majke Bo\u017eje s<br \/>\nDjetetom Isusom koju je prema predaji naslikao sv. Luka evan\u0111elist. Od tada se slika nalazi<br \/>\nna glavnom oltaru trsatskog sveti\u0161ta, na mjestu gdje je nekada stajala Nazaretska ku\u0107ica.<\/p>\n<h1 style=%22text-align: center;%22><strong><img src=%22https:\/\/vigilare.hr\/izdanja\/wp-content\/uploads\/2025\/04\/Ornament.png%22 alt=%22%22 class=%22wp-image-767 alignnone size-full%22 width=%2250%22 height=%2250%22 \/><\/strong><\/h1>\n<p>\u00a0&#8221; content_last_edited=&#8221;on|phone&#8221; _builder_version=&#8221;4.9.7&#8243; _module_preset=&#8221;default&#8221; text_font=&#8221;Frank Ruhl Libre||||||||&#8221; text_text_color=&#8221;#000000&#8243; text_font_size=&#8221;23px&#8221; header_font=&#8221;Tienne|700|||||||&#8221; header_text_color=&#8221;#000000&#8243; header_font_size=&#8221;38px&#8221; text_orientation=&#8221;center&#8221; custom_padding=&#8221;28px||19px||false|false&#8221; text_font_tablet=&#8221;Abhaya Libre||||||||&#8221; text_font_phone=&#8221;Abhaya Libre||||||||&#8221; text_font_last_edited=&#8221;on|tablet&#8221; text_text_color_tablet=&#8221;#000000&#8243; text_text_color_phone=&#8221;#000000&#8243; text_text_color_last_edited=&#8221;on|desktop&#8221; header_font_size_tablet=&#8221;30px&#8221; header_font_size_phone=&#8221;30px&#8221; header_font_size_last_edited=&#8221;on|phone&#8221; global_colors_info=&#8221;{}&#8221;]<\/p>\n<h1 style=\"text-align: center;\">Sveta ikona<\/h1>\n<p>&nbsp;<\/p>\n<p>&nbsp;<\/p>\n<p><img decoding=\"async\" src=\"https:\/\/vigilare.hr\/izdanja\/wp-content\/uploads\/2025\/04\/Ikona-1024x826.jpg\" width=\"750\" height=\"826\" alt=\"\" class=\"wp-image-2050 alignnone size-large\" style=\"display: block; margin-left: auto; margin-right: auto;\" \/><\/p>\n<p>&nbsp;<\/p>\n<p style=\"text-align: center;\">Nakon odlaska Svete ku\u0107ice u Italiju, neutje\u0161ni hrvatski hodo\u010dasnici po\u010deli su hodo\u010dastiti u Loreto. <br \/>Vidjev\u0161i njihovu pobo\u017enost, papa Urban V. za utjehu im je 1367. na Trsat poslao sliku Majke Bo\u017eje s<br \/>Djetetom Isusom koju je prema predaji naslikao sv. Luka evan\u0111elist. Od tada se slika nalazi<br \/>na glavnom oltaru trsatskog sveti\u0161ta, na mjestu gdje je nekada stajala Nazaretska ku\u0107ica.<\/p>\n<h1 style=\"text-align: center;\"><strong><img decoding=\"async\" src=\"https:\/\/vigilare.hr\/izdanja\/wp-content\/uploads\/2025\/04\/Ornament.png\" alt=\"\" class=\"wp-image-767 alignnone size-full\" width=\"50\" height=\"50\" \/><\/strong><\/h1>\n<p>&nbsp;<\/p>\n<p>[\/et_pb_text][\/et_pb_column][\/et_pb_row][et_pb_row column_structure=&#8221;1_2,1_2&#8243; _builder_version=&#8221;4.9.7&#8243; _module_preset=&#8221;default&#8221;][et_pb_column type=&#8221;1_2&#8243; _builder_version=&#8221;4.9.7&#8243; _module_preset=&#8221;default&#8221;][et_pb_image src=&#8221;https:\/\/vigilare.hr\/izdanja\/wp-content\/uploads\/2025\/04\/Krunjenje-scaled.jpg&#8221; title_text=&#8221;Krunjenje&#8221; align=&#8221;center&#8221; src_tablet=&#8221;https:\/\/vigilare.hr\/izdanja\/wp-content\/uploads\/2025\/04\/Krunjenje-scaled.jpg&#8221; src_phone=&#8221;https:\/\/vigilare.hr\/izdanja\/wp-content\/uploads\/2025\/04\/Krunjenje-scaled.jpg&#8221; src_last_edited=&#8221;on|phone&#8221; align_tablet=&#8221;&#8221; align_phone=&#8221;&#8221; align_last_edited=&#8221;on|phone&#8221; _builder_version=&#8221;4.9.7&#8243; _module_preset=&#8221;default&#8221; width=&#8221;65%&#8221; width_tablet=&#8221;50%&#8221; width_phone=&#8221;64%&#8221; width_last_edited=&#8221;on|desktop&#8221; module_alignment=&#8221;right&#8221; custom_margin=&#8221;-30px|-18px|-5px||false|false&#8221; module_alignment_tablet=&#8221;center&#8221; module_alignment_phone=&#8221;center&#8221; module_alignment_last_edited=&#8221;on|phone&#8221; global_colors_info=&#8221;{}&#8221;][\/et_pb_image][\/et_pb_column][et_pb_column type=&#8221;1_2&#8243; _builder_version=&#8221;4.9.7&#8243; _module_preset=&#8221;default&#8221;][et_pb_text content_tablet=&#8221;<span style=%22font-weight: 400;%22>S obzirom na veliko \u0161tovanje slike Gospe Trsatske, Sveta Stolica <\/span><span style=%22font-weight: 400;%22>odobrila je njezino krunjenje te je slika <\/span><span style=%22font-weight: 400;%22>sve\u010dano okrunjena zlatnom krunom<br \/>\n8. rujna 1715., uz prisutnost izaslanstva Hrvatskog sabora.<\/span>&#8221; content_phone=&#8221;<\/p>\n<p><span style=%22font-weight: 400;%22>S obzirom na veliko \u0161tovanje slike Gospe Trsatske, Sveta Stolica <\/span><span style=%22font-weight: 400;%22>odobrila je njezino krunjenje te je slika <\/span><span style=%22font-weight: 400;%22>sve\u010dano okrunjena zlatnom krunom<br \/>8. rujna 1715., uz prisutnost izaslanstva Hrvatskog sabora.<\/span><\/p>\n<p>&#8221; content_last_edited=&#8221;on|tablet&#8221; _builder_version=&#8221;4.9.7&#8243; _module_preset=&#8221;default&#8221; text_font_size=&#8221;23px&#8221; width=&#8221;100%&#8221; custom_margin=&#8221;|-19px||||&#8221; hover_enabled=&#8221;0&#8243; module_alignment_tablet=&#8221;center&#8221; module_alignment_phone=&#8221;center&#8221; module_alignment_last_edited=&#8221;on|phone&#8221; sticky_enabled=&#8221;0&#8243;]<\/p>\n<p><span style=\"font-weight: 400;\">S obzirom na veliko \u0161tovanje slike Gospe Trsatske, Sveta Stolica <\/span><span style=\"font-weight: 400;\">odobrila je njezino krunjenje te je slika <\/span><span style=\"font-weight: 400;\">sve\u010dano okrunjena zlatnom krunom<br \/>8. rujna 1715., uz prisutnost izaslanstva Hrvatskog sabora.<\/span><\/p>\n<p>[\/et_pb_text][\/et_pb_column][\/et_pb_row][et_pb_row _builder_version=&#8221;4.9.7&#8243; _module_preset=&#8221;default&#8221;][et_pb_column type=&#8221;4_4&#8243; _builder_version=&#8221;4.9.7&#8243; _module_preset=&#8221;default&#8221;][et_pb_text content_tablet=&#8221;<\/p>\n<h1><b>Elementi kampanje<\/b><\/h1>\n<p>&#8221; content_phone=&#8221;<\/p>\n<h1><b>Elementi kampanje<\/b><\/h1>\n<p>&#8221; content_last_edited=&#8221;on|phone&#8221; _builder_version=&#8221;4.9.7&#8243; _module_preset=&#8221;default&#8221; text_font=&#8221;Frank Ruhl Libre||||||||&#8221; text_text_color=&#8221;#000000&#8243; text_font_size=&#8221;23px&#8221; header_font=&#8221;Tienne|700|||||||&#8221; header_text_color=&#8221;#000000&#8243; header_font_size=&#8221;38px&#8221; text_orientation=&#8221;center&#8221; custom_margin=&#8221;||50px|||&#8221; custom_padding=&#8221;28px||0px||false|false&#8221; text_font_tablet=&#8221;Abhaya Libre||||||||&#8221; text_font_phone=&#8221;Abhaya Libre||||||||&#8221; text_font_last_edited=&#8221;on|tablet&#8221; text_text_color_tablet=&#8221;#000000&#8243; text_text_color_phone=&#8221;#000000&#8243; text_text_color_last_edited=&#8221;on|desktop&#8221; header_font_size_tablet=&#8221;30px&#8221; header_font_size_phone=&#8221;30px&#8221; header_font_size_last_edited=&#8221;on|desktop&#8221; global_colors_info=&#8221;{}&#8221;]<\/p>\n<h1><b>Elementi kampanje<\/b><\/h1>\n<p>[\/et_pb_text][et_pb_image src=&#8221;https:\/\/vigilare.hr\/izdanja\/wp-content\/uploads\/2025\/04\/Paket.jpg&#8221; title_text=&#8221;Paket&#8221; align=&#8221;center&#8221; align_tablet=&#8221;center&#8221; align_phone=&#8221;&#8221; align_last_edited=&#8221;on|desktop&#8221; _builder_version=&#8221;4.9.7&#8243; _module_preset=&#8221;default&#8221; width=&#8221;100%&#8221; width_tablet=&#8221;40%&#8221; width_phone=&#8221;100%&#8221; width_last_edited=&#8221;on|phone&#8221; custom_margin=&#8221;||50px|||&#8221;][\/et_pb_image][et_pb_button button_url=&#8221;#naruci&#8221; button_text=&#8221;Naru\u010di kampanju \u201eGospa Trsatska\u201c i podari Majci Bo\u017ejoj ru\u017eu&#8221; button_alignment=&#8221;center&#8221; button_text_tablet=&#8221;Naru\u010di kampanju \u201eGospa Trsatska\u201c i podari Majci Bo\u017ejoj ru\u017eu&#8221; button_text_phone=&#8221;Naru\u010di kampanju \u201eGospa Trsatska\u201c i podari Majci Bo\u017ejoj ru\u017eu&#8221; button_text_last_edited=&#8221;on|desktop&#8221; _builder_version=&#8221;4.9.7&#8243; _module_preset=&#8221;default&#8221; custom_button=&#8221;on&#8221; button_text_size=&#8221;25px&#8221; button_text_color=&#8221;#FFFFFF&#8221; button_bg_color=&#8221;#000000&#8243; button_border_width=&#8221;2px&#8221; button_icon=&#8221;%%1%%&#8221; custom_margin=&#8221;33px||50px||false|false&#8221; custom_margin_tablet=&#8221;27px||18px||false|false&#8221; custom_margin_phone=&#8221;-28px||18px||false|false&#8221; custom_margin_last_edited=&#8221;on|tablet&#8221; custom_padding=&#8221;||9px|||&#8221; button_text_size_tablet=&#8221;25px&#8221; button_text_size_phone=&#8221;18px&#8221; button_text_size_last_edited=&#8221;on|phone&#8221; global_colors_info=&#8221;{}&#8221;][\/et_pb_button][et_pb_text _builder_version=&#8221;4.9.7&#8243; _module_preset=&#8221;default&#8221; custom_margin=&#8221;||-3px|||&#8221;]<\/p>\n<h1 style=\"text-align: center;\"><strong><img decoding=\"async\" src=\"https:\/\/vigilare.hr\/izdanja\/wp-content\/uploads\/2025\/04\/Ornament.png\" alt=\"\" class=\"wp-image-767 alignnone size-full\" width=\"50\" height=\"50\" \/><\/strong><\/h1>\n<p>[\/et_pb_text][et_pb_text content_tablet=&#8221;<\/p>\n<h1><strong>Slika Gospe Trsatske<\/strong><\/h1>\n<p>&#8221; content_phone=&#8221;<\/p>\n<h1><strong>Slika Gospe Trsatske<\/strong><\/h1>\n<p>&#8221; content_last_edited=&#8221;on|desktop&#8221; _builder_version=&#8221;4.9.7&#8243; _module_preset=&#8221;default&#8221; text_font=&#8221;Frank Ruhl Libre||||||||&#8221; text_text_color=&#8221;#000000&#8243; text_font_size=&#8221;23px&#8221; header_font=&#8221;Tienne|700|||||||&#8221; header_text_color=&#8221;#000000&#8243; header_font_size=&#8221;38px&#8221; text_orientation=&#8221;center&#8221; custom_padding=&#8221;28px||4px||false|false&#8221; text_font_tablet=&#8221;Abhaya Libre||||||||&#8221; text_font_phone=&#8221;Abhaya Libre||||||||&#8221; text_font_last_edited=&#8221;on|tablet&#8221; text_text_color_tablet=&#8221;#000000&#8243; text_text_color_phone=&#8221;#000000&#8243; text_text_color_last_edited=&#8221;on|desktop&#8221; header_font_size_tablet=&#8221;30px&#8221; header_font_size_phone=&#8221;30px&#8221; header_font_size_last_edited=&#8221;on|desktop&#8221; global_colors_info=&#8221;{}&#8221;]<\/p>\n<h1><strong>Slika Gospe Trsatske<\/strong><\/h1>\n<p><strong><\/strong><\/p>\n<p><strong><\/strong><\/p>\n<p><strong><\/strong><\/p>\n<p>[\/et_pb_text][\/et_pb_column][\/et_pb_row][et_pb_row _builder_version=&#8221;4.9.7&#8243; _module_preset=&#8221;default&#8221; width=&#8221;100%&#8221; max_width=&#8221;2560px&#8221; custom_margin=&#8221;30px|auto||auto|false|false&#8221; custom_margin_tablet=&#8221;&#8221; custom_margin_phone=&#8221;15px||||false|false&#8221; custom_margin_last_edited=&#8221;on|phone&#8221; custom_padding=&#8221;0px||4px||false|false&#8221; global_colors_info=&#8221;{}&#8221;][et_pb_column type=&#8221;4_4&#8243; _builder_version=&#8221;4.9.3&#8243; _module_preset=&#8221;default&#8221; global_colors_info=&#8221;{}&#8221;][et_pb_image src=&#8221;https:\/\/vigilare.hr\/izdanja\/wp-content\/uploads\/2025\/04\/Slika-A4-scaled.jpg&#8221; title_text=&#8221;Slika A4&#8243; align=&#8221;center&#8221; src_tablet=&#8221;https:\/\/vigilare.hr\/izdanja\/wp-content\/uploads\/2025\/04\/Slika-A4-scaled.jpg&#8221; src_phone=&#8221;https:\/\/vigilare.hr\/izdanja\/wp-content\/uploads\/2025\/04\/Slika-A4-scaled.jpg&#8221; src_last_edited=&#8221;on|phone&#8221; _builder_version=&#8221;4.9.7&#8243; _module_preset=&#8221;default&#8221; width=&#8221;25%&#8221; width_tablet=&#8221;50%&#8221; width_phone=&#8221;70%&#8221; width_last_edited=&#8221;on|phone&#8221; custom_margin=&#8221;-23px||||false|false&#8221; global_colors_info=&#8221;{}&#8221;][\/et_pb_image][\/et_pb_column][\/et_pb_row][\/et_pb_section][et_pb_section fb_built=&#8221;1&#8243; _builder_version=&#8221;4.14.4&#8243; _module_preset=&#8221;default&#8221; background_color=&#8221;#ffffff&#8221; background_enable_image=&#8221;off&#8221; custom_margin=&#8221;-306px||||false|false&#8221; custom_margin_tablet=&#8221;-246px||||false|false&#8221; custom_margin_phone=&#8221;-88px||||false|false&#8221; custom_margin_last_edited=&#8221;on|tablet&#8221; custom_padding=&#8221;0px||19px||false|false&#8221; top_divider_color=&#8221;#7f1b00&#8243; top_divider_height=&#8221;54px&#8221; top_divider_color_tablet=&#8221;&#8221; top_divider_color_phone=&#8221;&#8221; top_divider_color_last_edited=&#8221;on|desktop&#8221; global_colors_info=&#8221;{}&#8221;][et_pb_row _builder_version=&#8221;4.9.7&#8243; _module_preset=&#8221;default&#8221;][et_pb_column type=&#8221;4_4&#8243; _builder_version=&#8221;4.9.7&#8243; _module_preset=&#8221;default&#8221;][et_pb_text content_tablet=&#8221;<strong><span style=%22font-weight: 400;%22>Glavni element kampanje je slika \u010dudotvorne Gospe Trsatske. Pobo\u017enost prema Bla\u017eenoj Djevici Mariji na Trsatu postoji sedam stolje\u0107a, a \u0161tuje se i kao Majka Milosti, Kraljica Jadrana, Zvijezda mora\u2026 Na pole\u0111ini slike nalazi se prigodna molitva Gospi Trsatskoj.<\/span><\/strong>&#8221; content_phone=&#8221;<strong><span style=%22font-weight: 400;%22>Glavni element kampanje je slika \u010dudotvorne Gospe Trsatske. Pobo\u017enost prema Bla\u017eenoj Djevici Mariji na Trsatu postoji sedam stolje\u0107a, a \u0161tuje se i kao Majka Milosti, Kraljica Jadrana, Zvijezda mora\u2026 Na pole\u0111ini slike nalazi se prigodna molitva Gospi Trsatskoj.<\/span><\/strong>&#8221; content_last_edited=&#8221;on|phone&#8221; _builder_version=&#8221;4.9.7&#8243; _module_preset=&#8221;default&#8221; text_font=&#8221;Frank Ruhl Libre||||||||&#8221; text_text_color=&#8221;#000000&#8243; text_font_size=&#8221;23px&#8221; header_font=&#8221;Tienne|700|||||||&#8221; header_text_color=&#8221;#000000&#8243; header_font_size=&#8221;38px&#8221; text_orientation=&#8221;center&#8221; min_height=&#8221;150px&#8221; custom_padding=&#8221;28px||19px||false|false&#8221; text_font_tablet=&#8221;Abhaya Libre||||||||&#8221; text_font_phone=&#8221;Abhaya Libre||||||||&#8221; text_font_last_edited=&#8221;on|tablet&#8221; text_text_color_tablet=&#8221;#000000&#8243; text_text_color_phone=&#8221;#000000&#8243; text_text_color_last_edited=&#8221;on|desktop&#8221; header_font_size_tablet=&#8221;30px&#8221; header_font_size_phone=&#8221;30px&#8221; header_font_size_last_edited=&#8221;on|phone&#8221; global_colors_info=&#8221;{}&#8221;]<\/p>\n<p><strong><span style=\"font-weight: 400;\">Glavni element kampanje je slika \u010dudotvorne Gospe Trsatske. Pobo\u017enost prema Bla\u017eenoj Djevici Mariji na Trsatu postoji sedam stolje\u0107a, a \u0161tuje se i kao Majka Milosti, Kraljica Jadrana, Zvijezda mora\u2026 Na pole\u0111ini slike nalazi se prigodna molitva Gospi Trsatskoj.<\/span><\/strong><\/p>\n<p>[\/et_pb_text][et_pb_text content_tablet=&#8221;<\/p>\n<p style=%22text-align: center;%22>\n<h1 style=%22text-align: center;%22><b>Bro\u0161ura \u201eTrsat \u2013 Hrvatski Nazaret\u201c<\/b><\/h1>\n<p><b><\/b><\/p>\n<p style=%22text-align: center;%22><img src=%22https:\/\/vigilare.hr\/izdanja\/wp-content\/uploads\/2025\/04\/Korice-722x1024.jpg%22 width=%22722%22 height=%221024%22 alt=%22%22 class=%22wp-image-2049 alignnone size-large%22 \/><\/p>\n<p style=%22text-align: center;%22><span><\/span><\/p>\n<p style=%22text-align: center;%22><span><span style=%22font-weight: 400;%22>Osim slike, kampanja sadr\u017ei i bro\u0161uru s najva\u017enijim informacijama o dolasku Svete ku\u0107ice na Trsat, \u010dudu prijenosa iz Nazareta na Trsat i u Loreto, Gospinoj slici i krunjenju, o trsatskom sveti\u0161tu, zapovjedniku Petru Kru\u017ei\u0107u i Trsatskim stubama te o poznatim trsatskim hodo\u010dasnicima; na kraju bro\u0161ure nalaze se i prigodne molitve Gospi Trsatskoj.<\/span><\/span><\/p>\n<h1 style=%22text-align: center;%22><b>Ru\u017ea za Gospu Trsatsku<\/b><\/h1>\n<p><b><\/b><\/p>\n<p><b><img src=%22https:\/\/vigilare.hr\/izdanja\/wp-content\/uploads\/2025\/04\/Rose.png%22 width=%22450%22 height=%22579%22 alt=%22%22 class=%22wp-image-2053 alignnone size-full%22 style=%22display: block; margin-left: auto; margin-right: auto;%22 \/><\/b><\/p>\n<p style=%22text-align: center;%22><span style=%22font-weight: 400;%22>Narud\u017ebom ove kampanje ostvarujete mogu\u0107nost da Gospi Trsatskoj, u znak zahvalnosti i odanosti, na svetkovinu Velike Gospe 15. kolovoza 2025. poklonite jednu bijelu ru\u017eu. <\/span><\/p>\n<p style=%22box-sizing: border-box; font-family: 'Segoe UI', system-ui, 'Apple Color Emoji', 'Segoe UI Emoji', sans-serif; font-size: 23px; font-style: normal; font-variant-ligatures: normal; font-variant-caps: normal; font-weight: 400; letter-spacing: normal; text-align: center; text-indent: 0px; text-transform: none; white-space: normal; word-spacing: 0px;%22><span><\/span><\/p>\n<p style=%22box-sizing: border-box; font-family: 'Segoe UI', system-ui, 'Apple Color Emoji', 'Segoe UI Emoji', sans-serif; font-size: 23px; font-style: normal; font-variant-ligatures: normal; font-variant-caps: normal; font-weight: 400; letter-spacing: normal; text-align: center; text-indent: 0px; text-transform: none; white-space: normal; word-spacing: 0px;%22><span><\/span><\/p>\n<h1 style=%22text-align: center;%22><b>Molitvene nakane<\/b><\/h1>\n<p><b><\/b><\/p>\n<p style=%22text-align: center;%22><img src=%22https:\/\/vigilare.hr\/izdanja\/wp-content\/uploads\/2025\/04\/Nakane-1024x728.jpg%22 width=%221024%22 height=%22728%22 alt=%22%22 class=%22wp-image-2047 alignnone size-large%22 \/><\/p>\n<p style=%22text-align: center;%22><span><\/span><\/p>\n<p style=%22text-align: center;%22><span><span style=%22font-weight: 400;%22>Po\u0161aljite Gospi Trsatskoj svoje molitvene nakane, zahvale i pro\u0161nje za koje \u0107e na svetkovinu Velike Gospe 15. kolovoza 2025. u trsatskom sveti\u0161tu biti slu\u017eena Sveta Misa.<\/span><\/span><\/p>\n<p style=%22text-align: center;%22>&#8221; content_phone=&#8221;<\/p>\n<p style=%22text-align: center;%22>\n<h1 style=%22text-align: center;%22><b>Bro\u0161ura \u201eTrsat \u2013 Hrvatski Nazaret\u201c<\/b><\/h1>\n<p><b><\/b><\/p>\n<p style=%22text-align: center;%22><img src=%22https:\/\/vigilare.hr\/izdanja\/wp-content\/uploads\/2025\/04\/Korice-722x1024.jpg%22 width=%22722%22 height=%221024%22 alt=%22%22 class=%22wp-image-2049 alignnone size-large%22 \/><\/p>\n<p style=%22text-align: center;%22><span><\/span><\/p>\n<p style=%22text-align: center;%22><span><span style=%22font-weight: 400;%22>Osim slike, kampanja sadr\u017ei i bro\u0161uru s najva\u017enijim informacijama o dolasku Svete ku\u0107ice na Trsat, \u010dudu prijenosa iz Nazareta na Trsat i u Loreto, Gospinoj slici i krunjenju, o trsatskom sveti\u0161tu, zapovjedniku Petru Kru\u017ei\u0107u i Trsatskim stubama te o poznatim trsatskim hodo\u010dasnicima; na kraju bro\u0161ure nalaze se i prigodne molitve Gospi Trsatskoj.<\/span><\/span><\/p>\n<h1 style=%22text-align: center;%22><b>Ru\u017ea za Gospu Trsatsku<\/b><\/h1>\n<p><b><\/b><\/p>\n<p><b><img src=%22https:\/\/vigilare.hr\/izdanja\/wp-content\/uploads\/2025\/04\/Rose.png%22 width=%22450%22 height=%22579%22 alt=%22%22 class=%22wp-image-2053 alignnone size-full%22 style=%22display: block; margin-left: auto; margin-right: auto;%22 \/><\/b><\/p>\n<p style=%22text-align: center;%22><span style=%22font-weight: 400;%22>Narud\u017ebom ove kampanje ostvarujete mogu\u0107nost da Gospi Trsatskoj, u znak zahvalnosti i odanosti, na svetkovinu Velike Gospe 15. kolovoza 2025. poklonite jednu bijelu ru\u017eu. <\/span><\/p>\n<p style=%22box-sizing: border-box; font-family: 'Segoe UI', system-ui, 'Apple Color Emoji', 'Segoe UI Emoji', sans-serif; font-size: 23px; font-style: normal; font-variant-ligatures: normal; font-variant-caps: normal; font-weight: 400; letter-spacing: normal; text-align: center; text-indent: 0px; text-transform: none; white-space: normal; word-spacing: 0px;%22><span><\/span><\/p>\n<p style=%22box-sizing: border-box; font-family: 'Segoe UI', system-ui, 'Apple Color Emoji', 'Segoe UI Emoji', sans-serif; font-size: 23px; font-style: normal; font-variant-ligatures: normal; font-variant-caps: normal; font-weight: 400; letter-spacing: normal; text-align: center; text-indent: 0px; text-transform: none; white-space: normal; word-spacing: 0px;%22><span><\/span><\/p>\n<h1 style=%22text-align: center;%22><b>Molitvene nakane<\/b><\/h1>\n<p><b><\/b><\/p>\n<p style=%22text-align: center;%22><img src=%22https:\/\/vigilare.hr\/izdanja\/wp-content\/uploads\/2025\/04\/Nakane-1024x728.jpg%22 width=%221024%22 height=%22728%22 alt=%22%22 class=%22wp-image-2047 alignnone size-large%22 \/><\/p>\n<p style=%22text-align: center;%22><span><\/span><\/p>\n<p style=%22text-align: center;%22><span><span style=%22font-weight: 400;%22>Po\u0161aljite Gospi Trsatskoj svoje molitvene nakane, zahvale i pro\u0161nje za koje \u0107e na svetkovinu Velike Gospe 15. kolovoza 2025. u trsatskom sveti\u0161tu biti slu\u017eena Sveta Misa.<\/span><\/span><\/p>\n<p style=%22text-align: center;%22>\n<p>&#8221; content_last_edited=&#8221;on|desktop&#8221; _builder_version=&#8221;4.9.7&#8243; _module_preset=&#8221;default&#8221; text_text_color=&#8221;#000000&#8243; text_font_size=&#8221;23px&#8221; text_line_height=&#8221;24px&#8221; header_font=&#8221;Tienne||||||||&#8221; header_text_color=&#8221;#000000&#8243; header_font_size=&#8221;38px&#8221; header_line_height=&#8221;38px&#8221; text_orientation=&#8221;center&#8221; width=&#8221;100%&#8221; max_width=&#8221;100%&#8221; min_height=&#8221;475px&#8221; custom_margin=&#8221;74px||||false|false&#8221; custom_padding=&#8221;||||false|false&#8221; header_font_tablet=&#8221;&#8221; header_font_phone=&#8221;&#8221; header_font_last_edited=&#8221;on|phone&#8221; header_font_size_tablet=&#8221;30px&#8221; header_font_size_phone=&#8221;30px&#8221; header_font_size_last_edited=&#8221;on|phone&#8221;]<\/p>\n<h1 style=\"text-align: center;\"><b>Bro\u0161ura \u201eTrsat \u2013 Hrvatski Nazaret\u201c<\/b><\/h1>\n<p><b><\/b><\/p>\n<p><b><\/b><\/p>\n<p><b><\/b><\/p>\n<p><b><\/b><\/p>\n<p style=\"text-align: center;\"><img loading=\"lazy\" loading=\"lazy\" decoding=\"async\" src=\"https:\/\/vigilare.hr\/izdanja\/wp-content\/uploads\/2025\/04\/Korice-722x1024.jpg\" width=\"722\" height=\"1024\" alt=\"\" class=\"wp-image-2049 alignnone size-large\" \/><\/p>\n<p style=\"text-align: center;\"><span><\/span><\/p>\n<p style=\"text-align: center;\"><span><span style=\"font-weight: 400;\">Osim slike, kampanja sadr\u017ei i bro\u0161uru s najva\u017enijim informacijama o dolasku Svete ku\u0107ice na Trsat, \u010dudu prijenosa iz Nazareta na Trsat i u Loreto, Gospinoj slici i krunjenju, o trsatskom sveti\u0161tu, zapovjedniku Petru Kru\u017ei\u0107u i Trsatskim stubama te o poznatim trsatskim hodo\u010dasnicima; na kraju bro\u0161ure nalaze se i prigodne molitve Gospi Trsatskoj.<\/span><\/span><\/p>\n<p style=\"text-align: center;\"><span><span style=\"font-weight: 400;\"><\/span><\/span><\/p>\n<p style=\"text-align: center;\"><span><span style=\"font-weight: 400;\"><\/span><\/span><\/p>\n<p style=\"text-align: center;\"><span><span style=\"font-weight: 400;\"><\/span><\/span><\/p>\n<h1 style=\"text-align: center;\"><b>Ru\u017ea za Gospu Trsatsku<\/b><\/h1>\n<p><b><\/b><\/p>\n<p><b><\/b><\/p>\n<p><b><\/b><\/p>\n<p><b><img loading=\"lazy\" loading=\"lazy\" decoding=\"async\" src=\"https:\/\/vigilare.hr\/izdanja\/wp-content\/uploads\/2025\/04\/Rose.png\" width=\"450\" height=\"579\" alt=\"\" class=\"wp-image-2053 alignnone size-full\" style=\"display: block; margin-left: auto; margin-right: auto;\" \/><\/b><\/p>\n<p style=\"text-align: center;\"><span style=\"font-weight: 400;\">Narud\u017ebom ove kampanje ostvarujete mogu\u0107nost da Gospi Trsatskoj, u znak zahvalnosti i odanosti, na svetkovinu Velike Gospe 15. kolovoza 2025. poklonite jednu bijelu ru\u017eu.<\/span><\/p>\n<p style=\"text-align: center;\"><span style=\"font-weight: 400;\"><\/span><\/p>\n<p style=\"text-align: center;\"><span style=\"font-weight: 400;\"><\/span><\/p>\n<p style=\"box-sizing: border-box; font-family: 'Segoe UI', system-ui, 'Apple Color Emoji', 'Segoe UI Emoji', sans-serif; font-size: 23px; font-style: normal; font-variant-ligatures: normal; font-variant-caps: normal; font-weight: 400; letter-spacing: normal; text-align: center; text-indent: 0px; text-transform: none; white-space: normal; word-spacing: 0px;\"><span><\/span><\/p>\n<p style=\"box-sizing: border-box; font-family: 'Segoe UI', system-ui, 'Apple Color Emoji', 'Segoe UI Emoji', sans-serif; font-size: 23px; font-style: normal; font-variant-ligatures: normal; font-variant-caps: normal; font-weight: 400; letter-spacing: normal; text-align: center; text-indent: 0px; text-transform: none; white-space: normal; word-spacing: 0px;\"><span><\/span><\/p>\n<h1 style=\"text-align: center;\"><b>Molitvene nakane<\/b><\/h1>\n<p><b><\/b><\/p>\n<p><b><\/b><\/p>\n<p><b><\/b><\/p>\n<p style=\"text-align: center;\"><img loading=\"lazy\" loading=\"lazy\" decoding=\"async\" src=\"https:\/\/vigilare.hr\/izdanja\/wp-content\/uploads\/2025\/04\/Nakane-1024x728.jpg\" width=\"1024\" height=\"728\" alt=\"\" class=\"wp-image-2047 alignnone size-large\" srcset=\"https:\/\/vigilare.hr\/izdanja\/wp-content\/uploads\/2025\/04\/Nakane-980x697.jpg 980w, https:\/\/vigilare.hr\/izdanja\/wp-content\/uploads\/2025\/04\/Nakane-480x341.jpg 480w\" sizes=\"auto, (min-width: 0px) and (max-width: 480px) 480px, (min-width: 481px) and (max-width: 980px) 980px, (min-width: 981px) 1024px, 100vw\" \/><\/p>\n<p style=\"text-align: center;\"><span><\/span><\/p>\n<p style=\"text-align: center;\"><span><span style=\"font-weight: 400;\">Po\u0161aljite Gospi Trsatskoj svoje molitvene nakane, zahvale i pro\u0161nje za koje \u0107e na svetkovinu Velike Gospe 15. kolovoza 2025. u trsatskom sveti\u0161tu biti slu\u017eena Sveta Misa.<\/span><\/span><\/p>\n<p>[\/et_pb_text][\/et_pb_column][\/et_pb_row][\/et_pb_section][et_pb_section fb_built=&#8221;1&#8243; admin_label=&#8221;Section&#8221; module_id=&#8221;naruci&#8221; _builder_version=&#8221;4.9.7&#8243; _module_preset=&#8221;default&#8221; background_color=&#8221;#000000&#8243; background_enable_image=&#8221;off&#8221; min_height=&#8221;1124.6px&#8221; custom_margin=&#8221;||||false|false&#8221; custom_padding=&#8221;22px||18px|||&#8221; global_colors_info=&#8221;{}&#8221;][et_pb_row _builder_version=&#8221;4.14.4&#8243; _module_preset=&#8221;default&#8221; global_colors_info=&#8221;{}&#8221;][et_pb_column type=&#8221;4_4&#8243; _builder_version=&#8221;4.5.1&#8243; _module_preset=&#8221;default&#8221; global_colors_info=&#8221;{}&#8221;][et_pb_text content_tablet=&#8221;<\/p>\n<h1><span style=%22color: #ddba4f;%22>Naru\u010dite blagoslovljenu medaljicu sv. Benedikta<\/span><\/h1>\n<p>&#8221; content_phone=&#8221;<\/p>\n<h1><span style=%22color: #ddba4f;%22>Naru\u010dite blagoslovljenu medaljicu sv. Benedikta<\/span><\/h1>\n<p>&#8221; content_last_edited=&#8221;on|desktop&#8221; _builder_version=&#8221;4.9.7&#8243; _module_preset=&#8221;default&#8221; text_font=&#8221;Frank Ruhl Libre||||||||&#8221; text_text_color=&#8221;#a8a8a8&#8243; header_font=&#8221;Tienne|700|||||||&#8221; header_text_align=&#8221;center&#8221; header_text_color=&#8221;#ddb12c&#8221; header_font_size=&#8221;55px&#8221; header_line_height=&#8221;1.3em&#8221; background_color=&#8221;RGBA(0,0,0,0)&#8221; custom_margin=&#8221;0px||0px||true|false&#8221; custom_padding=&#8221;0px||0px||true|false&#8221; header_font_size_tablet=&#8221;32px&#8221; header_font_size_phone=&#8221;25px&#8221; header_font_size_last_edited=&#8221;on|phone&#8221; global_colors_info=&#8221;{}&#8221;]<\/p>\n<h1><span style=\"color: #ddba4f;\">Naru\u010dujem kampanju<br \/>\u201eGospa Trsatska\u201c<\/span><\/h1>\n<p>[\/et_pb_text][\/et_pb_column][\/et_pb_row][et_pb_row _builder_version=&#8221;4.9.7&#8243; _module_preset=&#8221;default&#8221; custom_margin=&#8221;|auto||auto|false|false&#8221; custom_margin_tablet=&#8221;&#8221; custom_margin_phone=&#8221;-30px||||false|false&#8221; custom_margin_last_edited=&#8221;on|phone&#8221;][et_pb_column type=&#8221;4_4&#8243; _builder_version=&#8221;4.9.7&#8243; _module_preset=&#8221;default&#8221;][et_pb_text _builder_version=&#8221;4.9.7&#8243; _module_preset=&#8221;default&#8221;]<\/p>\n<p style=\"text-align: center;\"><script type=\"text\/javascript\">\n\/* <![CDATA[ *\/\nvar gform;gform||(document.addEventListener(\"gform_main_scripts_loaded\",function(){gform.scriptsLoaded=!0}),document.addEventListener(\"gform\/theme\/scripts_loaded\",function(){gform.themeScriptsLoaded=!0}),window.addEventListener(\"DOMContentLoaded\",function(){gform.domLoaded=!0}),gform={domLoaded:!1,scriptsLoaded:!1,themeScriptsLoaded:!1,isFormEditor:()=>\"function\"==typeof InitializeEditor,callIfLoaded:function(o){return!(!gform.domLoaded||!gform.scriptsLoaded||!gform.themeScriptsLoaded&&!gform.isFormEditor()||(gform.isFormEditor()&&console.warn(\"The use of gform.initializeOnLoaded() is deprecated in the form editor context and will be removed in Gravity Forms 3.1.\"),o(),0))},initializeOnLoaded:function(o){gform.callIfLoaded(o)||(document.addEventListener(\"gform_main_scripts_loaded\",()=>{gform.scriptsLoaded=!0,gform.callIfLoaded(o)}),document.addEventListener(\"gform\/theme\/scripts_loaded\",()=>{gform.themeScriptsLoaded=!0,gform.callIfLoaded(o)}),window.addEventListener(\"DOMContentLoaded\",()=>{gform.domLoaded=!0,gform.callIfLoaded(o)}))},hooks:{action:{},filter:{}},addAction:function(o,r,e,t){gform.addHook(\"action\",o,r,e,t)},addFilter:function(o,r,e,t){gform.addHook(\"filter\",o,r,e,t)},doAction:function(o){gform.doHook(\"action\",o,arguments)},applyFilters:function(o){return gform.doHook(\"filter\",o,arguments)},removeAction:function(o,r){gform.removeHook(\"action\",o,r)},removeFilter:function(o,r,e){gform.removeHook(\"filter\",o,r,e)},addHook:function(o,r,e,t,n){null==gform.hooks[o][r]&&(gform.hooks[o][r]=[]);var d=gform.hooks[o][r];null==n&&(n=r+\"_\"+d.length),gform.hooks[o][r].push({tag:n,callable:e,priority:t=null==t?10:t})},doHook:function(r,o,e){var t;if(e=Array.prototype.slice.call(e,1),null!=gform.hooks[r][o]&&((o=gform.hooks[r][o]).sort(function(o,r){return o.priority-r.priority}),o.forEach(function(o){\"function\"!=typeof(t=o.callable)&&(t=window[t]),\"action\"==r?t.apply(null,e):e[0]=t.apply(null,e)})),\"filter\"==r)return e[0]},removeHook:function(o,r,t,n){var e;null!=gform.hooks[o][r]&&(e=(e=gform.hooks[o][r]).filter(function(o,r,e){return!!(null!=n&&n!=o.tag||null!=t&&t!=o.priority)}),gform.hooks[o][r]=e)}});\n\/* ]]> *\/\n<\/script>\n\n                <div class='gf_browser_gecko gform_wrapper gform_legacy_markup_wrapper gform-theme--no-framework' data-form-theme='legacy' data-form-index='0' id='gform_wrapper_31' style='display:none'>\n                        <div class='gform_heading'>\n                            <p class='gform_description'><\/p>\n                        <\/div><form method='post' enctype='multipart\/form-data'  id='gform_31'  action='\/izdanja\/wp-json\/wp\/v2\/pages\/2044' data-formid='31' novalidate>\n                        <div class='gform-body gform_body'><ul id='gform_fields_31' class='gform_fields top_label form_sublabel_below description_below validation_below'><li id=\"field_31_15\" class=\"gfield gfield--type-hidden gfield--input-type-hidden gfield--width-full gform_hidden field_sublabel_below gfield--no-description field_description_below field_validation_below gfield_visibility_visible\"  ><div class='ginput_container ginput_container_text'><input name='input_15' id='input_31_15' type='hidden' class='gform_hidden'  aria-invalid=\"false\" value='255007' \/><\/div><\/li><li id=\"field_31_8\" class=\"gfield gfield--type-name gfield--input-type-name gfield_contains_required field_sublabel_below gfield--no-description field_description_below field_validation_below gfield_visibility_visible\"  ><label class='gfield_label gform-field-label gfield_label_before_complex' >Ime i prezime:<span class=\"gfield_required\"><span class=\"gfield_required gfield_required_asterisk\">*<\/span><\/span><\/label><div class='ginput_complex ginput_container ginput_container--name has_prefix has_first_name no_middle_name has_last_name no_suffix gf_name_has_3 ginput_container_name gform-grid-row' id='input_31_8'>\n                            <span id='input_31_8_2_container' class='name_prefix name_prefix_select gform-grid-col gform-grid-col--size-auto' >\n                                                    <select name='input_8.2' id='input_31_8_2'    aria-required='false'   >\n                          <option value=''><\/option><option value='Gospo\u0111a' >Gospo\u0111a<\/option><option value='Gospodin' selected='selected'>Gospodin<\/option><option value='Obitelj' >Obitelj<\/option><option value='Vele\u010dasni gospodin' >Vele\u010dasni gospodin<\/option><option value='Pre\u010dasni gospodin' >Pre\u010dasni gospodin<\/option><option value='\u010casna sestra' >\u010casna sestra<\/option>\n                      <\/select>\n                                                    <label for='input_31_8_2' class='gform-field-label gform-field-label--type-sub '>Titula<\/label>\n                                                  <\/span>\n                            <span id='input_31_8_3_container' class='name_first gform-grid-col gform-grid-col--size-auto' >\n                                                    <input type='text' name='input_8.3' id='input_31_8_3' value=''   aria-required='true'     \/>\n                                                    <label for='input_31_8_3' class='gform-field-label gform-field-label--type-sub '>Ime<\/label>\n                                                <\/span>\n                            \n                            <span id='input_31_8_6_container' class='name_last gform-grid-col gform-grid-col--size-auto' >\n                                                    <input type='text' name='input_8.6' id='input_31_8_6' value=''   aria-required='true'     \/>\n                                                    <label for='input_31_8_6' class='gform-field-label gform-field-label--type-sub '>Prezime<\/label>\n                                                <\/span>\n                            \n                        <\/div><\/li><li id=\"field_31_11\" class=\"gfield gfield--type-address gfield--input-type-address gfield--width-full gfield_contains_required field_sublabel_below gfield--no-description field_description_below field_validation_below gfield_visibility_visible\"  ><label class='gfield_label gform-field-label gfield_label_before_complex' >Adresa<span class=\"gfield_required\"><span class=\"gfield_required gfield_required_asterisk\">*<\/span><\/span><\/label>    \n                    <div class='ginput_complex ginput_container has_street has_street2 has_city has_zip ginput_container_address gform-grid-row' id='input_31_11' >\n                         <span class='ginput_full address_line_1 ginput_address_line_1 gform-grid-col' id='input_31_11_1_container' >\n                                        <input type='text' name='input_11.1' id='input_31_11_1' value=''    aria-required='true'    \/>\n                                        <label for='input_31_11_1' id='input_31_11_1_label' class='gform-field-label gform-field-label--type-sub '>Ulica<\/label>\n                                    <\/span><span class='ginput_full address_line_2 ginput_address_line_2 gform-grid-col' id='input_31_11_2_container' >\n                                        <input type='text' name='input_11.2' id='input_31_11_2' value=''     aria-required='false'   \/>\n                                        <label for='input_31_11_2' id='input_31_11_2_label' class='gform-field-label gform-field-label--type-sub '>Ku\u0107ni broj<\/label>\n                                    <\/span><span class='ginput_left address_city ginput_address_city gform-grid-col' id='input_31_11_3_container' >\n                                    <input type='text' name='input_11.3' id='input_31_11_3' value=''    aria-required='true'    \/>\n                                    <label for='input_31_11_3' id='input_31_11_3_label' class='gform-field-label gform-field-label--type-sub '>Grad<\/label>\n                                 <\/span><input type='hidden' class='gform_hidden' name='input_11.4' id='input_31_11_4' value=''\/><span class='ginput_right address_zip ginput_address_zip gform-grid-col' id='input_31_11_5_container' >\n                                    <input type='text' name='input_11.5' id='input_31_11_5' value=''    aria-required='true'    \/>\n                                    <label for='input_31_11_5' id='input_31_11_5_label' class='gform-field-label gform-field-label--type-sub '>Po\u0161tanski broj<\/label>\n                                <\/span><input type='hidden' class='gform_hidden' name='input_11.6' id='input_31_11_6' value='' \/>\n                    <div class='gf_clear gf_clear_complex'><\/div>\n                <\/div><\/li><li class=\"gfmc-column gfmc-column50 gfmc-row-1-column gfmc-row-1-col-1-of-2\"><ul class=\"flex-wrapper flex-wrapper-2\"><li id=\"field_31_10\" class=\"gfield gfield--type-email gfield--input-type-email gfield--width-full gfield_contains_required field_sublabel_below gfield--no-description field_description_below field_validation_below gfield_visibility_visible\"  ><label class='gfield_label gform-field-label' for='input_31_10'>Email<span class=\"gfield_required\"><span class=\"gfield_required gfield_required_asterisk\">*<\/span><\/span><\/label><div class='ginput_container ginput_container_email'>\n                            <input name='input_10' id='input_31_10' type='email' value='' class='large'    aria-required=\"true\" aria-invalid=\"false\"  \/>\n                        <\/div><\/li><\/ul><\/li><li class=\"gfmc-column gfmc-column50 gfmc-row-1-column gfmc-row-1-col-2-of-2\"><ul class=\"flex-wrapper flex-wrapper-2\"><li id=\"field_31_12\" class=\"gfield gfield--type-phone gfield--input-type-phone gfield--width-full field_sublabel_below gfield--no-description field_description_below field_validation_below gfield_visibility_visible\"  ><label class='gfield_label gform-field-label' for='input_31_12'>Telefon<\/label><div class='ginput_container ginput_container_phone'><input name='input_12' id='input_31_12' type='tel' value='' class='large'    aria-invalid=\"false\"   \/><\/div><\/li><\/ul><\/li><li id=\"field_31_19\" class=\"gfield gfield--type-consent gfield--type-choice gfield--input-type-consent gfield--width-full field_sublabel_below gfield--no-description field_description_below field_validation_below gfield_visibility_visible\"  ><label class='gfield_label gform-field-label gfield_label_before_complex' >Suglasan\/na sam<\/label><div class='ginput_container ginput_container_consent'><input name='input_19.1' id='input_31_19_1' type='checkbox' value='1'    aria-invalid=\"false\"   \/> <label class=\"gform-field-label gform-field-label--type-inline gfield_consent_label\" for='input_31_19_1' >Na svoju e-mail adresu \u017eelim primati redoviti newsletter Udruge Vigilare.<\/label><input type='hidden' name='input_19.2' value='Na svoju e-mail adresu \u017eelim primati redoviti newsletter Udruge Vigilare.' class='gform_hidden' \/><input type='hidden' name='input_19.3' value='32' class='gform_hidden' \/><\/div><\/li><li id=\"field_31_13\" class=\"gfield gfield--type-consent gfield--type-choice gfield--input-type-consent gfield--width-full gfield_contains_required field_sublabel_below gfield--has-description field_description_below field_validation_below gfield_visibility_visible\"  ><label class='gfield_label gform-field-label gfield_label_before_complex' >Obrada podataka<span class=\"gfield_required\"><span class=\"gfield_required gfield_required_asterisk\">*<\/span><\/span><\/label><div class='ginput_container ginput_container_consent'><input name='input_13.1' id='input_31_13_1' type='checkbox' value='1'  aria-describedby=\"gfield_consent_description_31_13\" aria-required=\"true\" aria-invalid=\"false\"   \/> <label class=\"gform-field-label gform-field-label--type-inline gfield_consent_label\" for='input_31_13_1' >Suglasan\/na sam da \u0107e se moji osobni podatci obra\u0111ivati u svrhu promicanja ove narud\u017ebe, kao i statutarnih aktivnosti inicijatora: Zaklada Vigilare, Homerska 2, 10000 Zagreb.<\/label><input type='hidden' name='input_13.2' value='Suglasan\/na sam da \u0107e se moji osobni podatci obra\u0111ivati u svrhu promicanja ove narud\u017ebe, kao i statutarnih aktivnosti inicijatora: Zaklada Vigilare, Homerska 2, 10000 Zagreb.' class='gform_hidden' \/><input type='hidden' name='input_13.3' value='32' class='gform_hidden' \/><\/div><div class='gfield_description gfield_consent_description' id='gfield_consent_description_31_13' tabindex='0'>Davanje podataka je dobrovoljno. Imate pravo na pristup i ispravak svojih podataka. Ako ne \u017eelite da Zaklada Vigilare obra\u0111uje Va\u0161e osobne podatke u svrhu provo\u0111enja statutarnih aktivnosti, molimo da nas o tome obavijestite pisanim putem na navedenu adresu.<\/div><\/li><\/ul><\/div>\n        <div class='gform-footer gform_footer top_label'> <input type='submit' id='gform_submit_button_31' class='gform_button button' onclick='gform.submission.handleButtonClick(this);' data-submission-type='submit' value='Po\u0161alji'  \/> \n            <input type='hidden' class='gform_hidden' name='gform_submission_method' data-js='gform_submission_method_31' value='postback' \/>\n            <input type='hidden' class='gform_hidden' name='gform_theme' data-js='gform_theme_31' id='gform_theme_31' value='legacy' \/>\n            <input type='hidden' class='gform_hidden' name='gform_style_settings' data-js='gform_style_settings_31' id='gform_style_settings_31' value='[]' \/>\n            <input type='hidden' class='gform_hidden' name='is_submit_31' value='1' \/>\n            <input type='hidden' class='gform_hidden' name='gform_submit' value='31' \/>\n            \n            <input type='hidden' class='gform_hidden' name='gform_unique_id' value='' \/>\n            <input type='hidden' class='gform_hidden' name='state_31' value='WyJ7XCIxOS4xXCI6XCIxM2E5YTk5NTJkYTM1OTRiZTY2NjUxNDI3YTYwYzZiY1wiLFwiMTkuMlwiOlwiZDJjNjZmYWYxNTNkNzE0MjI3Mzk1NmRmNThkMTAyMGJcIixcIjE5LjNcIjpcIjIwNmU3ZjA2MWNlZjc1MzAzZmQ4N2NmMGFiNDkxYzg5XCIsXCIxMy4xXCI6XCIxM2E5YTk5NTJkYTM1OTRiZTY2NjUxNDI3YTYwYzZiY1wiLFwiMTMuMlwiOlwiZjdiMGFlYzI5OGZmZDg5YWQ1NTFiYmQzMGQzMTMxMGFcIixcIjEzLjNcIjpcIjIwNmU3ZjA2MWNlZjc1MzAzZmQ4N2NmMGFiNDkxYzg5XCJ9IiwiZDE5MTNjMTM4NzU2ZTI5NTg2MDRhYjllMTQ3YjI2MjMiXQ==' \/>\n            <input type='hidden' autocomplete='off' class='gform_hidden' name='gform_target_page_number_31' id='gform_target_page_number_31' value='0' \/>\n            <input type='hidden' autocomplete='off' class='gform_hidden' name='gform_source_page_number_31' id='gform_source_page_number_31' value='1' \/>\n            <input type='hidden' name='gform_field_values' value='' \/>\n            \n        <\/div>\n                        <\/form>\n                        <\/div><script type=\"text\/javascript\">\n\/* <![CDATA[ *\/\n gform.initializeOnLoaded( function() {gformInitSpinner( 31, 'https:\/\/vigilare.hr\/izdanja\/wp-content\/plugins\/gravityforms\/images\/spinner.svg', true );jQuery('#gform_ajax_frame_31').on('load',function(){var contents = jQuery(this).contents().find('*').html();var is_postback = contents.indexOf('GF_AJAX_POSTBACK') >= 0;if(!is_postback){return;}var form_content = jQuery(this).contents().find('#gform_wrapper_31');var is_confirmation = jQuery(this).contents().find('#gform_confirmation_wrapper_31').length > 0;var is_redirect = contents.indexOf('gformRedirect(){') >= 0;var is_form = form_content.length > 0 && ! is_redirect && ! is_confirmation;var mt = parseInt(jQuery('html').css('margin-top'), 10) + parseInt(jQuery('body').css('margin-top'), 10) + 100;if(is_form){form_content.find('form').css('opacity', 0);jQuery('#gform_wrapper_31').html(form_content.html());if(form_content.hasClass('gform_validation_error')){jQuery('#gform_wrapper_31').addClass('gform_validation_error');} else {jQuery('#gform_wrapper_31').removeClass('gform_validation_error');}setTimeout( function() { \/* delay the scroll by 50 milliseconds to fix a bug in chrome *\/  }, 50 );if(window['gformInitDatepicker']) {gformInitDatepicker();}if(window['gformInitPriceFields']) {gformInitPriceFields();}var current_page = jQuery('#gform_source_page_number_31').val();gformInitSpinner( 31, 'https:\/\/vigilare.hr\/izdanja\/wp-content\/plugins\/gravityforms\/images\/spinner.svg', true );jQuery(document).trigger('gform_page_loaded', [31, current_page]);window['gf_submitting_31'] = false;}else if(!is_redirect){var confirmation_content = jQuery(this).contents().find('.GF_AJAX_POSTBACK').html();if(!confirmation_content){confirmation_content = contents;}jQuery('#gform_wrapper_31').replaceWith(confirmation_content);jQuery(document).trigger('gform_confirmation_loaded', [31]);window['gf_submitting_31'] = false;wp.a11y.speak(jQuery('#gform_confirmation_message_31').text());}else{jQuery('#gform_31').append(contents);if(window['gformRedirect']) {gformRedirect();}}jQuery(document).trigger(\"gform_pre_post_render\", [{ formId: \"31\", currentPage: \"current_page\", abort: function() { this.preventDefault(); } }]);        if (event && event.defaultPrevented) {                return;        }        const gformWrapperDiv = document.getElementById( \"gform_wrapper_31\" );        if ( gformWrapperDiv ) {            const visibilitySpan = document.createElement( \"span\" );            visibilitySpan.id = \"gform_visibility_test_31\";            gformWrapperDiv.insertAdjacentElement( \"afterend\", visibilitySpan );        }        const visibilityTestDiv = document.getElementById( \"gform_visibility_test_31\" );        let postRenderFired = false;        function triggerPostRender() {            if ( postRenderFired ) {                return;            }            postRenderFired = true;            gform.core.triggerPostRenderEvents( 31, current_page );            if ( visibilityTestDiv ) {                visibilityTestDiv.parentNode.removeChild( visibilityTestDiv );            }        }        function debounce( func, wait, immediate ) {            var timeout;            return function() {                var context = this, args = arguments;                var later = function() {                    timeout = null;                    if ( !immediate ) func.apply( context, args );                };                var callNow = immediate && !timeout;                clearTimeout( timeout );                timeout = setTimeout( later, wait );                if ( callNow ) func.apply( context, args );            };        }        const debouncedTriggerPostRender = debounce( function() {            triggerPostRender();        }, 200 );        if ( visibilityTestDiv && visibilityTestDiv.offsetParent === null ) {            const observer = new MutationObserver( ( mutations ) => {                mutations.forEach( ( mutation ) => {                    if ( mutation.type === 'attributes' && visibilityTestDiv.offsetParent !== null ) {                        debouncedTriggerPostRender();                        observer.disconnect();                    }                });            });            observer.observe( document.body, {                attributes: true,                childList: false,                subtree: true,                attributeFilter: [ 'style', 'class' ],            });        } else {            triggerPostRender();        }    } );} ); \n\/* ]]> *\/\n<\/script>\n<\/p>\n<p>[\/et_pb_text][\/et_pb_column][\/et_pb_row][\/et_pb_section][et_pb_section fb_built=&#8221;1&#8243; _builder_version=&#8221;4.5.1&#8243; _module_preset=&#8221;default&#8221; background_color=&#8221;#303030&#8243; custom_padding=&#8221;13px||0px|||&#8221; global_colors_info=&#8221;{}&#8221;][et_pb_row _builder_version=&#8221;4.5.1&#8243; _module_preset=&#8221;default&#8221; global_colors_info=&#8221;{}&#8221;][et_pb_column type=&#8221;4_4&#8243; _builder_version=&#8221;4.5.1&#8243; _module_preset=&#8221;default&#8221; global_colors_info=&#8221;{}&#8221;][et_pb_image src=&#8221;https:\/\/vigilare.hr\/izdanja\/wp-content\/uploads\/2022\/11\/Vigilare-white.png&#8221; title_text=&#8221;Vigilare-white&#8221; align=&#8221;center&#8221; _builder_version=&#8221;4.14.4&#8243; _module_preset=&#8221;default&#8221; width=&#8221;15%&#8221; width_tablet=&#8221;&#8221; width_phone=&#8221;30%&#8221; width_last_edited=&#8221;on|phone&#8221; global_colors_info=&#8221;{}&#8221;][\/et_pb_image][et_pb_text _builder_version=&#8221;4.9.7&#8243; _module_preset=&#8221;default&#8221; text_font=&#8221;Frank Ruhl Libre||||||||&#8221; text_text_color=&#8221;#bcbcbc&#8221; text_orientation=&#8221;center&#8221; global_colors_info=&#8221;{}&#8221;]<\/p>\n<p style=\"text-align: center;\">*Obavje\u0161tavamo Vas da \u0107emo Va\u0161e osobne podatke obra\u0111ivati u svrhu promicanja ove narud\u017ebe, kao i statutarnih aktivnosti inicijatora: Zaklada Vigilare, <span>Homerska 2<\/span>, 10000 Zagreb. Davanje podataka je dobrovoljno. Imate pravo na pristup i ispravak svojih podataka. Ako ne \u017eelite da Zaklada Vigilare obra\u0111uje Va\u0161e osobne podatke u svrhu provo\u0111enja statutarnih aktivnosti, molimo da nas o tome obavijestite pisanim putem na navedenu adresu.<\/p>\n<p>[\/et_pb_text][et_pb_text _builder_version=&#8221;4.9.7&#8243; _module_preset=&#8221;default&#8221; text_font=&#8221;Frank Ruhl Libre||||||||&#8221; text_text_color=&#8221;#bcbcbc&#8221; custom_padding=&#8221;20px||||false|false&#8221; border_width_top=&#8221;1px&#8221; border_color_top=&#8221;#595959&#8243; global_colors_info=&#8221;{}&#8221;]<\/p>\n<div style=\"text-align: center;\">Copyright \u00a9 <a href=\"http:\/\/www.vigilare.hr\"><span color=\"#af1f1c\">Zaklada Vigilare<\/span><\/a>, Homerska 2, 10000 Zagreb<br \/>kontakt@vigilare.hr, 01\/6446-421<\/div>\n<div style=\"text-align: center;\"><a target=\"_blank\" href=\"http:\/\/www.vigilare.hr\" rel=\"noopener noreferrer\"><span color=\"#af1f1c\"> www.vigilare.hr<\/span><\/a><\/div>\n<p>[\/et_pb_text][\/et_pb_column][\/et_pb_row][\/et_pb_section]<\/p>\n","protected":false},"excerpt":{"rendered":"<p>[et_pb_section fb_built=&#8221;1&#8243; custom_padding_last_edited=&#8221;on|tablet&#8221; disabled_on=&#8221;off|off|off&#8221; _builder_version=&#8221;4.9.7&#8243; _module_preset=&#8221;default&#8221; background_color=&#8221;#d7cdbb&#8221; background_enable_image=&#8221;off&#8221; background_position=&#8221;top_center&#8221; background_blend=&#8221;overlay&#8221; width=&#8221;100%&#8221; max_width=&#8221;100%&#8221; module_alignment=&#8221;center&#8221; max_height=&#8221;1000px&#8221; custom_margin=&#8221;-140px||-140px||true|false&#8221; custom_margin_tablet=&#8221;-93px||-200px||false|false&#8221; custom_margin_phone=&#8221;-432px||-432px||true|false&#8221; custom_margin_last_edited=&#8221;on|phone&#8221; custom_padding=&#8221;550px||550px||true|false&#8221; custom_padding_tablet=&#8221;164px||0px||false|false&#8221; custom_padding_phone=&#8221;547px||101px||false|false&#8221; top_divider_color=&#8221;#7f1b00&#8243; top_divider_height_tablet=&#8221;80px&#8221; top_divider_height_phone=&#8221;53px&#8221; top_divider_height_last_edited=&#8221;on|phone&#8221; bottom_divider_color=&#8221;#ffffff&#8221; bottom_divider_height=&#8221;69px&#8221; background_last_edited=&#8221;on|tablet&#8221; background_enable_image_tablet=&#8221;off&#8221; background_enable_image_phone=&#8221;off&#8221; border_style_all=&#8221;none&#8221; global_colors_info=&#8221;{}&#8221;][et_pb_row _builder_version=&#8221;4.9.7&#8243; _module_preset=&#8221;default&#8221; background_color=&#8221;#FFFFFF&#8221; width=&#8221;100%&#8221; max_width=&#8221;100%&#8221; custom_margin=&#8221;11px||||false|false&#8221; custom_margin_tablet=&#8221;-67px||||false|false&#8221; custom_margin_phone=&#8221;35px||||false|false&#8221; custom_margin_last_edited=&#8221;on|phone&#8221; custom_padding=&#8221;8px|||||&#8221; global_colors_info=&#8221;{}&#8221;][et_pb_column type=&#8221;4_4&#8243; _builder_version=&#8221;4.9.7&#8243; _module_preset=&#8221;default&#8221; global_colors_info=&#8221;{}&#8221;][et_pb_image src=&#8221;https:\/\/vigilare.hr\/izdanja\/wp-content\/uploads\/2025\/04\/Header.jpg&#8221; title_text=&#8221;Korice&#8221; align=&#8221;center&#8221; src_tablet=&#8221;https:\/\/vigilare.hr\/izdanja\/wp-content\/uploads\/2025\/04\/Ikona.jpg&#8221; src_phone=&#8221;https:\/\/vigilare.hr\/izdanja\/wp-content\/uploads\/2025\/04\/Korice.jpg&#8221; src_last_edited=&#8221;on|phone&#8221; _builder_version=&#8221;4.9.7&#8243; _module_preset=&#8221;default&#8221; [&hellip;]<\/p>\n","protected":false},"author":1,"featured_media":2050,"parent":0,"menu_order":0,"comment_status":"closed","ping_status":"closed","template":"page-template-blank.php","meta":{"_et_pb_use_builder":"on","_et_pb_old_content":"","_et_gb_content_width":"","footnotes":""},"class_list":["post-2044","page","type-page","status-publish","has-post-thumbnail","hentry"],"yoast_head":"<!-- This site is optimized with the Yoast SEO plugin v26.2 - https:\/\/yoast.com\/wordpress\/plugins\/seo\/ -->\n<title>Gospa Trsatska - Izdanja<\/title>\n<meta name=\"description\" content=\"Izaslanstvo koje su vladari Frankopani uputili u Nazaret i Loreto, utvrdiloje da se uistinu radilo o ku\u0107i koja se nalazila u Nazaretu i ondje \u0161tovala kao Sveta ku\u0107ica.\" \/>\n<meta name=\"robots\" content=\"index, follow, max-snippet:-1, max-image-preview:large, max-video-preview:-1\" \/>\n<link rel=\"canonical\" href=\"https:\/\/vigilare.hr\/izdanja\/gospatrsatska\/\" \/>\n<meta property=\"og:locale\" content=\"hr_HR\" \/>\n<meta property=\"og:type\" content=\"article\" \/>\n<meta property=\"og:title\" content=\"Gospa Trsatska - Izdanja\" \/>\n<meta property=\"og:description\" content=\"Izaslanstvo koje su vladari Frankopani uputili u Nazaret i Loreto, utvrdiloje da se uistinu radilo o ku\u0107i koja se nalazila u Nazaretu i ondje \u0161tovala kao Sveta ku\u0107ica.\" \/>\n<meta property=\"og:url\" content=\"https:\/\/vigilare.hr\/izdanja\/gospatrsatska\/\" \/>\n<meta property=\"og:site_name\" content=\"Izdanja\" \/>\n<meta property=\"article:modified_time\" content=\"2025-05-05T19:59:00+00:00\" \/>\n<meta property=\"og:image\" content=\"https:\/\/vigilare.hr\/izdanja\/wp-content\/uploads\/2025\/04\/Ikona.jpg\" \/>\n\t<meta property=\"og:image:width\" content=\"1339\" \/>\n\t<meta property=\"og:image:height\" content=\"1080\" \/>\n\t<meta property=\"og:image:type\" content=\"image\/jpeg\" \/>\n<meta name=\"twitter:card\" content=\"summary_large_image\" \/>\n<meta name=\"twitter:label1\" content=\"Procijenjeno vrijeme \u010ditanja\" \/>\n\t<meta name=\"twitter:data1\" content=\"12 minuta\" \/>\n<script type=\"application\/ld+json\" class=\"yoast-schema-graph\">{\"@context\":\"https:\/\/schema.org\",\"@graph\":[{\"@type\":\"WebPage\",\"@id\":\"https:\/\/vigilare.hr\/izdanja\/gospatrsatska\/\",\"url\":\"https:\/\/vigilare.hr\/izdanja\/gospatrsatska\/\",\"name\":\"Gospa Trsatska - Izdanja\",\"isPartOf\":{\"@id\":\"https:\/\/vigilare.hr\/izdanja\/#website\"},\"primaryImageOfPage\":{\"@id\":\"https:\/\/vigilare.hr\/izdanja\/gospatrsatska\/#primaryimage\"},\"image\":{\"@id\":\"https:\/\/vigilare.hr\/izdanja\/gospatrsatska\/#primaryimage\"},\"thumbnailUrl\":\"https:\/\/vigilare.hr\/izdanja\/wp-content\/uploads\/2025\/04\/Ikona.jpg\",\"datePublished\":\"2025-04-15T19:31:25+00:00\",\"dateModified\":\"2025-05-05T19:59:00+00:00\",\"description\":\"Izaslanstvo koje su vladari Frankopani uputili u Nazaret i Loreto, utvrdiloje da se uistinu radilo o ku\u0107i koja se nalazila u Nazaretu i ondje \u0161tovala kao Sveta ku\u0107ica.\",\"breadcrumb\":{\"@id\":\"https:\/\/vigilare.hr\/izdanja\/gospatrsatska\/#breadcrumb\"},\"inLanguage\":\"hr\",\"potentialAction\":[{\"@type\":\"ReadAction\",\"target\":[\"https:\/\/vigilare.hr\/izdanja\/gospatrsatska\/\"]}]},{\"@type\":\"ImageObject\",\"inLanguage\":\"hr\",\"@id\":\"https:\/\/vigilare.hr\/izdanja\/gospatrsatska\/#primaryimage\",\"url\":\"https:\/\/vigilare.hr\/izdanja\/wp-content\/uploads\/2025\/04\/Ikona.jpg\",\"contentUrl\":\"https:\/\/vigilare.hr\/izdanja\/wp-content\/uploads\/2025\/04\/Ikona.jpg\",\"width\":1339,\"height\":1080},{\"@type\":\"BreadcrumbList\",\"@id\":\"https:\/\/vigilare.hr\/izdanja\/gospatrsatska\/#breadcrumb\",\"itemListElement\":[{\"@type\":\"ListItem\",\"position\":1,\"name\":\"Po\u010detna stranica\",\"item\":\"https:\/\/vigilare.hr\/izdanja\/\"},{\"@type\":\"ListItem\",\"position\":2,\"name\":\"Gospa Trsatska\"}]},{\"@type\":\"WebSite\",\"@id\":\"https:\/\/vigilare.hr\/izdanja\/#website\",\"url\":\"https:\/\/vigilare.hr\/izdanja\/\",\"name\":\"Izdanja\",\"description\":\"\",\"potentialAction\":[{\"@type\":\"SearchAction\",\"target\":{\"@type\":\"EntryPoint\",\"urlTemplate\":\"https:\/\/vigilare.hr\/izdanja\/?s={search_term_string}\"},\"query-input\":{\"@type\":\"PropertyValueSpecification\",\"valueRequired\":true,\"valueName\":\"search_term_string\"}}],\"inLanguage\":\"hr\"}]}<\/script>\n<!-- \/ Yoast SEO plugin. -->","yoast_head_json":{"title":"Gospa Trsatska - Izdanja","description":"Izaslanstvo koje su vladari Frankopani uputili u Nazaret i Loreto, utvrdiloje da se uistinu radilo o ku\u0107i koja se nalazila u Nazaretu i ondje \u0161tovala kao Sveta ku\u0107ica.","robots":{"index":"index","follow":"follow","max-snippet":"max-snippet:-1","max-image-preview":"max-image-preview:large","max-video-preview":"max-video-preview:-1"},"canonical":"https:\/\/vigilare.hr\/izdanja\/gospatrsatska\/","og_locale":"hr_HR","og_type":"article","og_title":"Gospa Trsatska - Izdanja","og_description":"Izaslanstvo koje su vladari Frankopani uputili u Nazaret i Loreto, utvrdiloje da se uistinu radilo o ku\u0107i koja se nalazila u Nazaretu i ondje \u0161tovala kao Sveta ku\u0107ica.","og_url":"https:\/\/vigilare.hr\/izdanja\/gospatrsatska\/","og_site_name":"Izdanja","article_modified_time":"2025-05-05T19:59:00+00:00","og_image":[{"width":1339,"height":1080,"url":"https:\/\/vigilare.hr\/izdanja\/wp-content\/uploads\/2025\/04\/Ikona.jpg","type":"image\/jpeg"}],"twitter_card":"summary_large_image","twitter_misc":{"Procijenjeno vrijeme \u010ditanja":"12 minuta"},"schema":{"@context":"https:\/\/schema.org","@graph":[{"@type":"WebPage","@id":"https:\/\/vigilare.hr\/izdanja\/gospatrsatska\/","url":"https:\/\/vigilare.hr\/izdanja\/gospatrsatska\/","name":"Gospa Trsatska - Izdanja","isPartOf":{"@id":"https:\/\/vigilare.hr\/izdanja\/#website"},"primaryImageOfPage":{"@id":"https:\/\/vigilare.hr\/izdanja\/gospatrsatska\/#primaryimage"},"image":{"@id":"https:\/\/vigilare.hr\/izdanja\/gospatrsatska\/#primaryimage"},"thumbnailUrl":"https:\/\/vigilare.hr\/izdanja\/wp-content\/uploads\/2025\/04\/Ikona.jpg","datePublished":"2025-04-15T19:31:25+00:00","dateModified":"2025-05-05T19:59:00+00:00","description":"Izaslanstvo koje su vladari Frankopani uputili u Nazaret i Loreto, utvrdiloje da se uistinu radilo o ku\u0107i koja se nalazila u Nazaretu i ondje \u0161tovala kao Sveta ku\u0107ica.","breadcrumb":{"@id":"https:\/\/vigilare.hr\/izdanja\/gospatrsatska\/#breadcrumb"},"inLanguage":"hr","potentialAction":[{"@type":"ReadAction","target":["https:\/\/vigilare.hr\/izdanja\/gospatrsatska\/"]}]},{"@type":"ImageObject","inLanguage":"hr","@id":"https:\/\/vigilare.hr\/izdanja\/gospatrsatska\/#primaryimage","url":"https:\/\/vigilare.hr\/izdanja\/wp-content\/uploads\/2025\/04\/Ikona.jpg","contentUrl":"https:\/\/vigilare.hr\/izdanja\/wp-content\/uploads\/2025\/04\/Ikona.jpg","width":1339,"height":1080},{"@type":"BreadcrumbList","@id":"https:\/\/vigilare.hr\/izdanja\/gospatrsatska\/#breadcrumb","itemListElement":[{"@type":"ListItem","position":1,"name":"Po\u010detna stranica","item":"https:\/\/vigilare.hr\/izdanja\/"},{"@type":"ListItem","position":2,"name":"Gospa Trsatska"}]},{"@type":"WebSite","@id":"https:\/\/vigilare.hr\/izdanja\/#website","url":"https:\/\/vigilare.hr\/izdanja\/","name":"Izdanja","description":"","potentialAction":[{"@type":"SearchAction","target":{"@type":"EntryPoint","urlTemplate":"https:\/\/vigilare.hr\/izdanja\/?s={search_term_string}"},"query-input":{"@type":"PropertyValueSpecification","valueRequired":true,"valueName":"search_term_string"}}],"inLanguage":"hr"}]}},"_links":{"self":[{"href":"https:\/\/vigilare.hr\/izdanja\/wp-json\/wp\/v2\/pages\/2044","targetHints":{"allow":["GET"]}}],"collection":[{"href":"https:\/\/vigilare.hr\/izdanja\/wp-json\/wp\/v2\/pages"}],"about":[{"href":"https:\/\/vigilare.hr\/izdanja\/wp-json\/wp\/v2\/types\/page"}],"author":[{"embeddable":true,"href":"https:\/\/vigilare.hr\/izdanja\/wp-json\/wp\/v2\/users\/1"}],"replies":[{"embeddable":true,"href":"https:\/\/vigilare.hr\/izdanja\/wp-json\/wp\/v2\/comments?post=2044"}],"version-history":[{"count":19,"href":"https:\/\/vigilare.hr\/izdanja\/wp-json\/wp\/v2\/pages\/2044\/revisions"}],"predecessor-version":[{"id":2091,"href":"https:\/\/vigilare.hr\/izdanja\/wp-json\/wp\/v2\/pages\/2044\/revisions\/2091"}],"wp:featuredmedia":[{"embeddable":true,"href":"https:\/\/vigilare.hr\/izdanja\/wp-json\/wp\/v2\/media\/2050"}],"wp:attachment":[{"href":"https:\/\/vigilare.hr\/izdanja\/wp-json\/wp\/v2\/media?parent=2044"}],"curies":[{"name":"wp","href":"https:\/\/api.w.org\/{rel}","templated":true}]}}