{"id":1089,"date":"2023-01-24T11:00:57","date_gmt":"2023-01-24T10:00:57","guid":{"rendered":"https:\/\/vigilare.hr\/izdanja\/?page_id=1089"},"modified":"2024-06-19T20:46:59","modified_gmt":"2024-06-19T18:46:59","slug":"stepinac","status":"publish","type":"page","link":"https:\/\/vigilare.hr\/izdanja\/stepinac\/","title":{"rendered":"Bl. Alojzije Stepinac"},"content":{"rendered":"<p>[et_pb_section fb_built=&#8221;1&#8243; custom_padding_last_edited=&#8221;on|tablet&#8221; disabled_on=&#8221;off|off|off&#8221; _builder_version=&#8221;4.9.7&#8243; _module_preset=&#8221;default&#8221; background_color=&#8221;RGBA(0,0,0,0)&#8221; background_image=&#8221;https:\/\/vigilare.hr\/izdanja\/wp-content\/uploads\/2023\/01\/Stepinac-Cover.jpeg&#8221; width=&#8221;100%&#8221; max_width=&#8221;100%&#8221; module_alignment=&#8221;center&#8221; min_height=&#8221;1000px&#8221; max_height=&#8221;1000px&#8221; custom_margin=&#8221;-105px||-105px||true|false&#8221; custom_margin_tablet=&#8221;-93px||-196px||false|false&#8221; custom_margin_phone=&#8221;-187px||-187px||true|false&#8221; custom_margin_last_edited=&#8221;on|desktop&#8221; custom_padding=&#8221;591px||591px||false|false&#8221; custom_padding_tablet=&#8221;180px||713px||false|false&#8221; custom_padding_phone=&#8221;561px||713px||false|false&#8221; top_divider_color=&#8221;#7f1b00&#8243; top_divider_height_tablet=&#8221;80px&#8221; top_divider_height_phone=&#8221;53px&#8221; top_divider_height_last_edited=&#8221;on|phone&#8221; bottom_divider_color=&#8221;#ffffff&#8221; bottom_divider_height=&#8221;69px&#8221; background_last_edited=&#8221;on|phone&#8221; background_image_tablet=&#8221;https:\/\/vigilare.hr\/izdanja\/wp-content\/uploads\/2023\/01\/Stepinac-Cover.jpeg&#8221; background_image_phone=&#8221;https:\/\/vigilare.hr\/izdanja\/wp-content\/uploads\/2023\/01\/Stepinac-Cover-1.jpeg&#8221; background_enable_image_tablet=&#8221;on&#8221; background_enable_image_phone=&#8221;on&#8221; background_size_phone=&#8221;initial&#8221; background_position_tablet=&#8221;top_center&#8221; background_position_phone=&#8221;top_center&#8221; border_style_all=&#8221;none&#8221; global_colors_info=&#8221;{}&#8221;][et_pb_row _builder_version=&#8221;4.9.7&#8243; _module_preset=&#8221;default&#8221; custom_margin=&#8221;500px|auto||auto|false|false&#8221; custom_margin_tablet=&#8221;600px||||false|false&#8221; custom_margin_phone=&#8221;300px||||false|false&#8221; custom_margin_last_edited=&#8221;on|phone&#8221; global_colors_info=&#8221;{}&#8221;][et_pb_column type=&#8221;4_4&#8243; _builder_version=&#8221;4.14.4&#8243; _module_preset=&#8221;default&#8221; global_colors_info=&#8221;{}&#8221;][et_pb_button button_url=&#8221;#naruci&#8221; button_text=&#8221;Naru\u010di kampanju \u201eAlojzije Stepinac\u201c&#8221; button_alignment=&#8221;center&#8221; button_text_tablet=&#8221;Naru\u010di kampanju \u201eAlojzije Stepinac\u201c&#8221; button_text_phone=&#8221;Naru\u010di kampanju \u201eAlojzije Stepinac\u201c&#8221; button_text_last_edited=&#8221;on|phone&#8221; _builder_version=&#8221;4.9.7&#8243; _module_preset=&#8221;default&#8221; custom_button=&#8221;on&#8221; button_text_size=&#8221;25px&#8221; button_text_color=&#8221;#FFFFFF&#8221; button_bg_color=&#8221;#000000&#8243; button_border_width=&#8221;2px&#8221; button_icon=&#8221;%%1%%&#8221; custom_margin=&#8221;0px||18px||false|false&#8221; custom_margin_tablet=&#8221;33px||18px||false|false&#8221; custom_margin_phone=&#8221;3px||18px||false|false&#8221; custom_margin_last_edited=&#8221;on|tablet&#8221; button_text_size_tablet=&#8221;25px&#8221; button_text_size_phone=&#8221;15px&#8221; button_text_size_last_edited=&#8221;on|phone&#8221; global_colors_info=&#8221;{}&#8221;][\/et_pb_button][\/et_pb_column][\/et_pb_row][\/et_pb_section][et_pb_section fb_built=&#8221;1&#8243; _builder_version=&#8221;4.9.7&#8243; _module_preset=&#8221;default&#8221; background_image=&#8221;https:\/\/vigilare.hr\/izdanja\/wp-content\/uploads\/2023\/01\/pozadina.jpg&#8221; custom_margin=&#8221;-33px||||false|false&#8221; background_last_edited=&#8221;on|desktop&#8221; global_colors_info=&#8221;{}&#8221;][et_pb_row _builder_version=&#8221;4.9.7&#8243; _module_preset=&#8221;default&#8221; custom_margin=&#8221;-185px||||false|false&#8221; custom_padding=&#8221;0px|||||&#8221; global_colors_info=&#8221;{}&#8221;][et_pb_column type=&#8221;4_4&#8243; _builder_version=&#8221;4.9.3&#8243; _module_preset=&#8221;default&#8221; global_colors_info=&#8221;{}&#8221;][et_pb_text content_tablet=&#8221;<\/p>\n<h1 style=%22text-align: center;%22><strong><img src=%22https:\/\/vigilare.hr\/izdanja\/wp-content\/uploads\/2023\/01\/Kriz-ornament.png%22 alt=%22%22 class=%22wp-image-767 alignnone size-full%22 width=%2240%22 height=%2240%22 \/><\/strong><\/h1>\n<p><strong><\/strong><\/p>\n<p style=%22text-align: center;%22><em>O kardinalu Stepincu u javnosti se najvi\u0161e govori iz politi\u010dke perspektive. Pa premda su njegove zasluge za suprotstavljanje totalitarizmima 20. stolje\u0107a neizostavne u povijesti hrvatskoga naroda, njegov se lik izdi\u017ee u daleko ve\u0107e visine&#8230;<\/em><\/p>\n<p>&#8221; content_phone=&#8221;<\/p>\n<h1 style=%22text-align: center;%22><strong><img src=%22https:\/\/vigilare.hr\/izdanja\/wp-content\/uploads\/2023\/01\/Kriz-ornament.png%22 alt=%22%22 class=%22wp-image-767 alignnone size-full%22 width=%2240%22 height=%2240%22 \/><\/strong><\/h1>\n<p><strong><\/strong><\/p>\n<p style=%22text-align: center;%22><em>O kardinalu Stepincu u javnosti se najvi\u0161e govori iz politi\u010dke perspektive. Pa premda su njegove zasluge za suprotstavljanje totalitarizmima 20. stolje\u0107a neizostavne u povijesti hrvatskoga naroda, njegov se lik izdi\u017ee u daleko ve\u0107e visine&#8230;<\/em><\/p>\n<p>&#8221; content_last_edited=&#8221;on|phone&#8221; _builder_version=&#8221;4.9.7&#8243; _module_preset=&#8221;default&#8221; text_font=&#8221;Frank Ruhl Libre||||||||&#8221; text_text_color=&#8221;#000000&#8243; text_font_size=&#8221;23px&#8221; header_font=&#8221;Tienne|700|||||||&#8221; header_text_color=&#8221;#000000&#8243; header_font_size=&#8221;45px&#8221; text_orientation=&#8221;center&#8221; custom_padding=&#8221;28px||0px||false|false&#8221; text_font_tablet=&#8221;Abhaya Libre||||||||&#8221; text_font_phone=&#8221;Abhaya Libre||||||||&#8221; text_font_last_edited=&#8221;on|tablet&#8221; text_text_color_tablet=&#8221;#000000&#8243; text_text_color_phone=&#8221;#000000&#8243; text_text_color_last_edited=&#8221;on|desktop&#8221; global_colors_info=&#8221;{}&#8221;]<\/p>\n<h1 style=\"text-align: center;\"><strong><img decoding=\"async\" src=\"https:\/\/vigilare.hr\/izdanja\/wp-content\/uploads\/2023\/01\/Kriz-ornament.png\" alt=\"\" class=\"wp-image-767 alignnone size-full\" width=\"50\" height=\"50\" \/><\/strong><\/h1>\n<p><strong><\/strong><\/p>\n<p style=\"text-align: center;\"><em>O kardinalu Stepincu u javnosti se najvi\u0161e govori iz politi\u010dke perspektive. Pa premda su njegove zasluge za suprotstavljanje totalitarizmima 20. stolje\u0107a neizostavne u povijesti hrvatskoga naroda, njegov se lik izdi\u017ee u daleko ve\u0107e visine&#8230;<\/em><\/p>\n<p>[\/et_pb_text][\/et_pb_column][\/et_pb_row][et_pb_row _builder_version=&#8221;4.14.4&#8243; _module_preset=&#8221;default&#8221; custom_margin=&#8221;-8px||||false|false&#8221; global_colors_info=&#8221;{}&#8221;][et_pb_column type=&#8221;4_4&#8243; _builder_version=&#8221;4.9.3&#8243; _module_preset=&#8221;default&#8221; global_colors_info=&#8221;{}&#8221;][et_pb_image src=&#8221;https:\/\/vigilare.hr\/izdanja\/wp-content\/uploads\/2023\/01\/Coat_of_arms_of_Alojzije_Stepinac.svg.png&#8221; title_text=&#8221;Coat_of_arms_of_Alojzije_Stepinac.svg&#8221; align=&#8221;center&#8221; src_tablet=&#8221;https:\/\/vigilare.hr\/izdanja\/wp-content\/uploads\/2023\/01\/Coat_of_arms_of_Alojzije_Stepinac.svg.png&#8221; src_phone=&#8221;https:\/\/vigilare.hr\/izdanja\/wp-content\/uploads\/2023\/01\/Coat_of_arms_of_Alojzije_Stepinac.svg.png&#8221; src_last_edited=&#8221;on|phone&#8221; _builder_version=&#8221;4.9.7&#8243; _module_preset=&#8221;default&#8221; custom_margin=&#8221;20px||45px||false|false&#8221; global_colors_info=&#8221;{}&#8221;][\/et_pb_image][et_pb_text content_tablet=&#8221;<\/p>\n<h1><strong>U \u010demu je bila stvarna veli\u010dina kardinala Stepinca?<\/strong><\/h1>\n<p><strong><\/strong><\/p>\n<p><strong><\/strong><\/p>\n<p><strong><img src=%22https:\/\/vigilare.hr\/izdanja\/wp-content\/uploads\/2023\/01\/Kriz-ornament.png%22 width=%2216%22 height=%2216%22 alt=%22%22 class=%22wp-image-1098 alignnone size-full%22 \/> <\/strong>\u0160to je izgradilo njegov neslomljiv duh i snagu vjere?<\/p>\n<p><strong><img src=%22https:\/\/vigilare.hr\/izdanja\/wp-content\/uploads\/2023\/01\/Kriz-ornament.png%22 width=%2216%22 height=%2216%22 alt=%22%22 class=%22wp-image-1098 alignnone size-full%22 \/> <\/strong>Kako je kao skromni sve\u0107enik, u samo \u010detiri godine, postao najmla\u0111i biskup na svijetu te kao istinski svjedok Evan\u0111elja bio jedna od najve\u0107ih smetnji diktatorima svojega vremena?<\/p>\n<p><strong><img src=%22https:\/\/vigilare.hr\/izdanja\/wp-content\/uploads\/2023\/01\/Kriz-ornament.png%22 width=%2216%22 height=%2216%22 alt=%22%22 class=%22wp-image-1098 alignnone size-full%22 \/> <\/strong>Tko je \u010dovjek zbog kojega je Sveta Stolica u\u010dinila presedan i imenovala ga, u inat jugo-komunisti\u010dkom re\u017eimu, kardinalom Katoli\u010dke Crkve dok je bio osu\u0111eni uznik?<\/p>\n<p>&#8221; content_phone=&#8221;<\/p>\n<h1><strong>U \u010demu je bila stvarna veli\u010dina kardinala Stepinca?<\/strong><\/h1>\n<p><strong><\/strong><\/p>\n<p><strong><\/strong><\/p>\n<p><strong><img src=%22https:\/\/vigilare.hr\/izdanja\/wp-content\/uploads\/2023\/01\/Kriz-ornament.png%22 width=%2216%22 height=%2216%22 alt=%22%22 class=%22wp-image-1098 alignnone size-full%22 \/> <\/strong>\u0160to je izgradilo njegov neslomljiv duh i snagu vjere?<\/p>\n<p><strong><img src=%22https:\/\/vigilare.hr\/izdanja\/wp-content\/uploads\/2023\/01\/Kriz-ornament.png%22 width=%2216%22 height=%2216%22 alt=%22%22 class=%22wp-image-1098 alignnone size-full%22 \/> <\/strong>Kako je kao skromni sve\u0107enik, u samo \u010detiri godine, postao najmla\u0111i biskup na svijetu te kao istinski svjedok Evan\u0111elja bio jedna od najve\u0107ih smetnji diktatorima svojega vremena?<\/p>\n<p><strong><img src=%22https:\/\/vigilare.hr\/izdanja\/wp-content\/uploads\/2023\/01\/Kriz-ornament.png%22 width=%2216%22 height=%2216%22 alt=%22%22 class=%22wp-image-1098 alignnone size-full%22 \/> <\/strong>Tko je \u010dovjek zbog kojega je Sveta Stolica u\u010dinila presedan i imenovala ga, u inat jugo-komunisti\u010dkom re\u017eimu, kardinalom Katoli\u010dke Crkve dok je bio osu\u0111eni uznik?<\/p>\n<p>&#8221; content_last_edited=&#8221;on|phone&#8221; _builder_version=&#8221;4.9.7&#8243; _module_preset=&#8221;default&#8221; text_font=&#8221;Frank Ruhl Libre||||||||&#8221; text_text_color=&#8221;#000000&#8243; text_font_size=&#8221;23px&#8221; text_line_height=&#8221;1.2em&#8221; header_font=&#8221;Tienne||||||||&#8221; header_text_color=&#8221;#000000&#8243; header_font_size=&#8221;32px&#8221; text_orientation=&#8221;center&#8221; custom_margin=&#8221;30px||||false|false&#8221; custom_padding=&#8221;23px|||||&#8221; text_font_size_tablet=&#8221;23px&#8221; text_font_size_phone=&#8221;18px&#8221; text_font_size_last_edited=&#8221;on|phone&#8221; global_colors_info=&#8221;{}&#8221;]<\/p>\n<h1><strong>U \u010demu je bila stvarna veli\u010dina kardinala Stepinca?<\/strong><\/h1>\n<p><strong><\/strong><\/p>\n<p><strong><\/strong><\/p>\n<p><strong><img decoding=\"async\" src=\"https:\/\/vigilare.hr\/izdanja\/wp-content\/uploads\/2023\/01\/Kriz-ornament.png\" width=\"16\" height=\"16\" alt=\"\" class=\"wp-image-1098 alignnone size-full\" srcset=\"https:\/\/vigilare.hr\/izdanja\/wp-content\/uploads\/2023\/01\/Kriz-ornament.png 474w, https:\/\/vigilare.hr\/izdanja\/wp-content\/uploads\/2023\/01\/Kriz-ornament-300x300.png 300w, https:\/\/vigilare.hr\/izdanja\/wp-content\/uploads\/2023\/01\/Kriz-ornament-150x150.png 150w\" sizes=\"(max-width: 16px) 100vw, 16px\" \/> \u00a0<\/strong>\u0160to je izgradilo njegov neslomljiv duh i snagu vjere?<\/p>\n<p><strong><img decoding=\"async\" src=\"https:\/\/vigilare.hr\/izdanja\/wp-content\/uploads\/2023\/01\/Kriz-ornament.png\" width=\"16\" height=\"16\" alt=\"\" class=\"wp-image-1098 alignnone size-full\" srcset=\"https:\/\/vigilare.hr\/izdanja\/wp-content\/uploads\/2023\/01\/Kriz-ornament.png 474w, https:\/\/vigilare.hr\/izdanja\/wp-content\/uploads\/2023\/01\/Kriz-ornament-300x300.png 300w, https:\/\/vigilare.hr\/izdanja\/wp-content\/uploads\/2023\/01\/Kriz-ornament-150x150.png 150w\" sizes=\"(max-width: 16px) 100vw, 16px\" \/> \u00a0<\/strong>Kako je kao skromni sve\u0107enik, u samo \u010detiri godine, postao najmla\u0111i biskup na svijetu te kao istinski svjedok Evan\u0111elja bio jedna od najve\u0107ih smetnji diktatorima svojega vremena?<\/p>\n<p><strong><img decoding=\"async\" src=\"https:\/\/vigilare.hr\/izdanja\/wp-content\/uploads\/2023\/01\/Kriz-ornament.png\" width=\"16\" height=\"16\" alt=\"\" class=\"wp-image-1098 alignnone size-full\" srcset=\"https:\/\/vigilare.hr\/izdanja\/wp-content\/uploads\/2023\/01\/Kriz-ornament.png 474w, https:\/\/vigilare.hr\/izdanja\/wp-content\/uploads\/2023\/01\/Kriz-ornament-300x300.png 300w, https:\/\/vigilare.hr\/izdanja\/wp-content\/uploads\/2023\/01\/Kriz-ornament-150x150.png 150w\" sizes=\"(max-width: 16px) 100vw, 16px\" \/> \u00a0<\/strong>Tko je \u010dovjek zbog kojega je Sveta Stolica u\u010dinila presedan i imenovala ga, u inat jugo-komunisti\u010dkom re\u017eimu, kardinalom Katoli\u010dke Crkve dok je bio osu\u0111eni uznik?<\/p>\n<p>[\/et_pb_text][\/et_pb_column][\/et_pb_row][\/et_pb_section][et_pb_section fb_built=&#8221;1&#8243; _builder_version=&#8221;4.9.3&#8243; _module_preset=&#8221;default&#8221; custom_margin=&#8221;-118px||||false|false&#8221; global_colors_info=&#8221;{}&#8221;][\/et_pb_section][et_pb_section fb_built=&#8221;1&#8243; _builder_version=&#8221;4.9.7&#8243; _module_preset=&#8221;default&#8221; background_color=&#8221;#ffffff&#8221; background_image=&#8221;https:\/\/vigilare.hr\/izdanja\/wp-content\/uploads\/2023\/01\/pozadina.jpg&#8221; width=&#8221;100%&#8221; custom_margin=&#8221;-306px||||false|false&#8221; custom_margin_tablet=&#8221;-246px||||false|false&#8221; custom_margin_phone=&#8221;-88px||||false|false&#8221; custom_margin_last_edited=&#8221;on|tablet&#8221; custom_padding=&#8221;250px||180px||false|false&#8221; top_divider_color=&#8221;#7f1b00&#8243; top_divider_height=&#8221;54px&#8221; top_divider_color_tablet=&#8221;&#8221; top_divider_color_phone=&#8221;&#8221; top_divider_color_last_edited=&#8221;on|desktop&#8221; global_colors_info=&#8221;{}&#8221;][et_pb_row column_structure=&#8221;1_2,1_2&#8243; make_equal=&#8221;on&#8221; _builder_version=&#8221;4.9.7&#8243; _module_preset=&#8221;default&#8221; custom_margin=&#8221;-175px||||false|false&#8221; custom_margin_tablet=&#8221;-175px||||false|false&#8221; custom_margin_phone=&#8221;-175px||||false|false&#8221; custom_margin_last_edited=&#8221;on|tablet&#8221; global_colors_info=&#8221;{}&#8221;][et_pb_column type=&#8221;1_2&#8243; _builder_version=&#8221;4.5.1&#8243; _module_preset=&#8221;default&#8221; global_colors_info=&#8221;{}&#8221;][et_pb_image src=&#8221;https:\/\/vigilare.hr\/izdanja\/wp-content\/uploads\/2023\/01\/stepinac_knjiga_listovi_2.png&#8221; title_text=&#8221;stepinac_knjiga_listovi_2&#8243; align=&#8221;center&#8221; align_tablet=&#8221;center&#8221; align_phone=&#8221;center&#8221; align_last_edited=&#8221;on|phone&#8221; _builder_version=&#8221;4.9.7&#8243; _module_preset=&#8221;default&#8221; width=&#8221;100%&#8221; width_tablet=&#8221;&#8221; width_phone=&#8221;100%&#8221; width_last_edited=&#8221;on|phone&#8221; custom_margin_tablet=&#8221;-40px||10px||false|false&#8221; custom_margin_phone=&#8221;-170px||||false|false&#8221; custom_margin_last_edited=&#8221;on|phone&#8221; custom_padding=&#8221;122px|||||&#8221; global_colors_info=&#8221;{}&#8221;][\/et_pb_image][\/et_pb_column][et_pb_column type=&#8221;1_2&#8243; _builder_version=&#8221;4.5.1&#8243; _module_preset=&#8221;default&#8221; custom_css_main_element=&#8221;align-self:center;&#8221; global_colors_info=&#8221;{}&#8221;][et_pb_text _builder_version=&#8221;4.9.7&#8243; _module_preset=&#8221;default&#8221; text_font_size=&#8221;20px&#8221; custom_margin=&#8221;100px||||false|false&#8221; custom_margin_tablet=&#8221;0px||||false|false&#8221; custom_margin_phone=&#8221;0px||||false|false&#8221; custom_margin_last_edited=&#8221;on|desktop&#8221; text_font_size_tablet=&#8221;18px&#8221; text_font_size_phone=&#8221;13px&#8221; text_font_size_last_edited=&#8221;on|desktop&#8221;]<\/p>\n<h1>Alojzije Stepinac<\/h1>\n<h4><em>simbol hrvatskoga katoli\u010dkoga identiteta<br \/><\/em><\/h4>\n<p><em><\/em><\/p>\n<p>PREDAN MOLITELJ<br \/>POBO\u017dAN PASTIR SVOJEGA NARODA<br \/>ODVA\u017dAN VO\u0110A<br \/>UZOR \u010cISTOGA SRCA<br \/>NEPOKOLEBLJIV U \u010cINJENJU DOBRA<br \/>NESLOMLJIV SVJEDOK EVAN\u0110ELJA<br \/>USTRAJAN BORAC ZA PRAVDU I ISTINU<br \/>BRANITELJ NERO\u0110ENIH<br \/>VJERAN BOGU, CRKVI I DOMOVINI<br \/>VELIKI \u0160TOVATELJ MARIJIN<br \/>STRPLJIV PATNIK<br \/>MU\u010cENIK I SVETAC<\/p>\n<p>[\/et_pb_text][\/et_pb_column][\/et_pb_row][et_pb_row _builder_version=&#8221;4.9.7&#8243; _module_preset=&#8221;default&#8221;][et_pb_column type=&#8221;4_4&#8243; _builder_version=&#8221;4.9.7&#8243; _module_preset=&#8221;default&#8221;][et_pb_text disabled_on=&#8221;off|off|off&#8221; _builder_version=&#8221;4.9.7&#8243; _module_preset=&#8221;default&#8221;]<img decoding=\"async\" src=\"https:\/\/vigilare.hr\/izdanja\/wp-content\/uploads\/2023\/01\/Kriz-ornament.png\" width=\"40\" height=\"40\" alt=\"\" class=\"wp-image-1098 alignnone size-full\" style=\"display: block; margin-left: auto; margin-right: auto;\" srcset=\"https:\/\/vigilare.hr\/izdanja\/wp-content\/uploads\/2023\/01\/Kriz-ornament.png 474w, https:\/\/vigilare.hr\/izdanja\/wp-content\/uploads\/2023\/01\/Kriz-ornament-300x300.png 300w, https:\/\/vigilare.hr\/izdanja\/wp-content\/uploads\/2023\/01\/Kriz-ornament-150x150.png 150w\" sizes=\"(max-width: 40px) 100vw, 40px\" \/>[\/et_pb_text][\/et_pb_column][\/et_pb_row][et_pb_row _builder_version=&#8221;4.9.7&#8243; _module_preset=&#8221;default&#8221; custom_margin=&#8221;-105px||||false|false&#8221; global_colors_info=&#8221;{}&#8221;][et_pb_column type=&#8221;4_4&#8243; _builder_version=&#8221;4.9.3&#8243; _module_preset=&#8221;default&#8221; global_colors_info=&#8221;{}&#8221;][et_pb_text content_tablet=&#8221;<\/p>\n<p style=%22text-align: center;%22><strong>\u201e\u010citatelj ove knjige ostat \u0107e zadivljen spoznajom da Bog usli\u0161ava molitve svakoga i najmanjeg \u010dovjeka\u2026 Smatram da treba istaknuti posebnost ovog prikaza, jer odi\u0161e jednostavno\u0161\u0107u te se lako \u010dita i prisvaja.\u201c<\/strong><\/p>\n<p style=%22text-align: center;%22><em>mons. Valter \u017dupan, kr\u010dki biskup u miru<\/em><\/p>\n<p>&#8221; content_phone=&#8221;<\/p>\n<p style=%22text-align: center;%22><strong>\u201e\u010citatelj ove knjige ostat \u0107e zadivljen spoznajom da Bog usli\u0161ava molitve svakoga i najmanjeg \u010dovjeka\u2026 Smatram da treba istaknuti posebnost ovog prikaza, jer odi\u0161e jednostavno\u0161\u0107u te se lako \u010dita i prisvaja.\u201c<\/strong><\/p>\n<p style=%22text-align: center;%22><em>mons. Valter \u017dupan, kr\u010dki biskup u miru<\/em><\/p>\n<p>&#8221; content_last_edited=&#8221;on|desktop&#8221; _builder_version=&#8221;4.9.7&#8243; _module_preset=&#8221;default&#8221; text_font=&#8221;Abhaya Libre||||||||&#8221; text_text_color=&#8221;#000000&#8243; text_font_size=&#8221;18px&#8221; header_font=&#8221;Tienne||||||||&#8221; header_text_color=&#8221;#000000&#8243; header_font_size=&#8221;45px&#8221; custom_margin=&#8221;108px||||false|false&#8221; custom_margin_tablet=&#8221;74px||||false|false&#8221; custom_margin_phone=&#8221;28px||||false|false&#8221; custom_margin_last_edited=&#8221;on|phone&#8221; text_font_size_tablet=&#8221;&#8221; text_font_size_phone=&#8221;16px&#8221; text_font_size_last_edited=&#8221;on|phone&#8221; global_colors_info=&#8221;{}&#8221;]<\/p>\n<h2 style=\"text-align: center;\"><strong>\u201e\u010citatelj ove knjige ostat \u0107e zadivljen spoznajom da Bog usli\u0161ava molitve svakoga i najmanjeg \u010dovjeka\u2026 Smatram da treba istaknuti posebnost ovog prikaza, jer odi\u0161e jednostavno\u0161\u0107u te se lako \u010dita i prisvaja.\u201c<\/strong><\/h2>\n<p style=\"text-align: center;\"><em>mons. Valter \u017dupan, kr\u010dki biskup u miru<\/em><\/p>\n<p>[\/et_pb_text][et_pb_text disabled_on=&#8221;off|off|off&#8221; _builder_version=&#8221;4.9.7&#8243; _module_preset=&#8221;default&#8221;]<img decoding=\"async\" src=\"https:\/\/vigilare.hr\/izdanja\/wp-content\/uploads\/2023\/01\/Kriz-ornament.png\" width=\"40\" height=\"40\" alt=\"\" class=\"wp-image-1098 alignnone size-full\" style=\"display: block; margin-left: auto; margin-right: auto;\" srcset=\"https:\/\/vigilare.hr\/izdanja\/wp-content\/uploads\/2023\/01\/Kriz-ornament.png 474w, https:\/\/vigilare.hr\/izdanja\/wp-content\/uploads\/2023\/01\/Kriz-ornament-300x300.png 300w, https:\/\/vigilare.hr\/izdanja\/wp-content\/uploads\/2023\/01\/Kriz-ornament-150x150.png 150w\" sizes=\"(max-width: 40px) 100vw, 40px\" \/>[\/et_pb_text][\/et_pb_column][\/et_pb_row][et_pb_row _builder_version=&#8221;4.9.7&#8243; _module_preset=&#8221;default&#8221; custom_margin_tablet=&#8221;-50px||||false|false&#8221; custom_margin_phone=&#8221;-30px||||false|false&#8221; custom_margin_last_edited=&#8221;on|phone&#8221;][et_pb_column type=&#8221;4_4&#8243; _builder_version=&#8221;4.9.7&#8243; _module_preset=&#8221;default&#8221;][et_pb_text _builder_version=&#8221;4.9.7&#8243; _module_preset=&#8221;default&#8221; custom_margin=&#8221;51px|||||&#8221; custom_padding=&#8221;9px|||||&#8221;]<\/p>\n<h1 style=\"text-align: center;\">ALOJZIJE STEPIN\u010cE,<br \/>moli za nas&#8230;<\/h1>\n<p style=\"text-align: center;\">U knjizi se nalaze i litanije bl. Alojziju Stepincu.<\/p>\n<p>[\/et_pb_text][et_pb_image src=&#8221;https:\/\/vigilare.hr\/izdanja\/wp-content\/uploads\/2023\/01\/stepinac_triptih-1.png&#8221; title_text=&#8221;stepinac_triptih (1)&#8221; align=&#8221;center&#8221; _builder_version=&#8221;4.9.7&#8243; _module_preset=&#8221;default&#8221;][\/et_pb_image][et_pb_text _builder_version=&#8221;4.9.7&#8243; _module_preset=&#8221;default&#8221;]<\/p>\n<p style=\"text-align: center;\">Uz knjigu, kampanja sadr\u017ei i triptih sa Stepin\u010devim likom te molitvama u \u010dast bl. Alojzija Stepinca i njegovo progla\u0161enje svetim<\/p>\n<p>[\/et_pb_text][\/et_pb_column][\/et_pb_row][\/et_pb_section][et_pb_section fb_built=&#8221;1&#8243; admin_label=&#8221;Section&#8221; module_id=&#8221;naruci&#8221; _builder_version=&#8221;4.9.7&#8243; _module_preset=&#8221;default&#8221; background_color=&#8221;#ae0d20&#8243; background_enable_image=&#8221;off&#8221; custom_margin=&#8221;-100px||||false|false&#8221; custom_padding=&#8221;22px||18px|||&#8221; global_colors_info=&#8221;{}&#8221;][et_pb_row _builder_version=&#8221;4.14.4&#8243; _module_preset=&#8221;default&#8221; global_colors_info=&#8221;{}&#8221;][et_pb_column type=&#8221;4_4&#8243; _builder_version=&#8221;4.5.1&#8243; _module_preset=&#8221;default&#8221; global_colors_info=&#8221;{}&#8221;][et_pb_text content_tablet=&#8221;<\/p>\n<h1><span style=%22color: #ddba4f;%22>Naru\u010dite knjigu \u201eAlojzije Stepinac \u2013 velikan duha i vjere\u201c i triptih<\/span><\/h1>\n<p>&#8221; content_phone=&#8221;<\/p>\n<h1><span style=%22color: #ddba4f;%22>Naru\u010dite knjigu \u201eAlojzije Stepinac \u2013 velikan duha i vjere\u201c i triptih<\/span><\/h1>\n<p>&#8221; content_last_edited=&#8221;on|phone&#8221; _builder_version=&#8221;4.9.7&#8243; _module_preset=&#8221;default&#8221; text_font=&#8221;Frank Ruhl Libre||||||||&#8221; text_text_color=&#8221;#a8a8a8&#8243; header_font=&#8221;Tienne|700|||||||&#8221; header_text_align=&#8221;center&#8221; header_text_color=&#8221;#ddb12c&#8221; header_font_size=&#8221;55px&#8221; header_line_height=&#8221;1.3em&#8221; background_color=&#8221;RGBA(0,0,0,0)&#8221; header_font_size_tablet=&#8221;32px&#8221; header_font_size_phone=&#8221;25px&#8221; header_font_size_last_edited=&#8221;on|phone&#8221; global_colors_info=&#8221;{}&#8221;]<\/p>\n<h1><span style=\"color: #ddba4f;\">Naru\u010dite knjigu \u201eAlojzije Stepinac \u2013 velikan duha i vjere\u201c i triptih<\/span><\/h1>\n<p>[\/et_pb_text][\/et_pb_column][\/et_pb_row][et_pb_row _builder_version=&#8221;4.9.7&#8243; _module_preset=&#8221;default&#8221; width=&#8221;81%&#8221; max_width=&#8221;1000px&#8221; max_width_tablet=&#8221;&#8221; max_width_phone=&#8221;&#8221; max_width_last_edited=&#8221;on|phone&#8221; custom_padding=&#8221;||26px|||&#8221;][et_pb_column type=&#8221;4_4&#8243; _builder_version=&#8221;4.9.7&#8243; _module_preset=&#8221;default&#8221; background_color=&#8221;#FFFFFF&#8221;][et_pb_text _builder_version=&#8221;4.9.7&#8243; _module_preset=&#8221;default&#8221; text_text_color=&#8221;#FFFFFF&#8221; text_font_size=&#8221;18px&#8221; ul_text_color=&#8221;#FFFFFF&#8221; header_text_color=&#8221;#FFFFFF&#8221; background_color=&#8221;#ae0d20&#8243; custom_margin=&#8221;||-17px|||&#8221; text_font_size_tablet=&#8221;&#8221; text_font_size_phone=&#8221;&#8221; text_font_size_last_edited=&#8221;on|phone&#8221;]<\/p>\n<p style=\"text-align: center;\"><script type=\"text\/javascript\">\n\/* <![CDATA[ *\/\nvar gform;gform||(document.addEventListener(\"gform_main_scripts_loaded\",function(){gform.scriptsLoaded=!0}),document.addEventListener(\"gform\/theme\/scripts_loaded\",function(){gform.themeScriptsLoaded=!0}),window.addEventListener(\"DOMContentLoaded\",function(){gform.domLoaded=!0}),gform={domLoaded:!1,scriptsLoaded:!1,themeScriptsLoaded:!1,isFormEditor:()=>\"function\"==typeof InitializeEditor,callIfLoaded:function(o){return!(!gform.domLoaded||!gform.scriptsLoaded||!gform.themeScriptsLoaded&&!gform.isFormEditor()||(gform.isFormEditor()&&console.warn(\"The use of gform.initializeOnLoaded() is deprecated in the form editor context and will be removed in Gravity Forms 3.1.\"),o(),0))},initializeOnLoaded:function(o){gform.callIfLoaded(o)||(document.addEventListener(\"gform_main_scripts_loaded\",()=>{gform.scriptsLoaded=!0,gform.callIfLoaded(o)}),document.addEventListener(\"gform\/theme\/scripts_loaded\",()=>{gform.themeScriptsLoaded=!0,gform.callIfLoaded(o)}),window.addEventListener(\"DOMContentLoaded\",()=>{gform.domLoaded=!0,gform.callIfLoaded(o)}))},hooks:{action:{},filter:{}},addAction:function(o,r,e,t){gform.addHook(\"action\",o,r,e,t)},addFilter:function(o,r,e,t){gform.addHook(\"filter\",o,r,e,t)},doAction:function(o){gform.doHook(\"action\",o,arguments)},applyFilters:function(o){return gform.doHook(\"filter\",o,arguments)},removeAction:function(o,r){gform.removeHook(\"action\",o,r)},removeFilter:function(o,r,e){gform.removeHook(\"filter\",o,r,e)},addHook:function(o,r,e,t,n){null==gform.hooks[o][r]&&(gform.hooks[o][r]=[]);var d=gform.hooks[o][r];null==n&&(n=r+\"_\"+d.length),gform.hooks[o][r].push({tag:n,callable:e,priority:t=null==t?10:t})},doHook:function(r,o,e){var t;if(e=Array.prototype.slice.call(e,1),null!=gform.hooks[r][o]&&((o=gform.hooks[r][o]).sort(function(o,r){return o.priority-r.priority}),o.forEach(function(o){\"function\"!=typeof(t=o.callable)&&(t=window[t]),\"action\"==r?t.apply(null,e):e[0]=t.apply(null,e)})),\"filter\"==r)return e[0]},removeHook:function(o,r,t,n){var e;null!=gform.hooks[o][r]&&(e=(e=gform.hooks[o][r]).filter(function(o,r,e){return!!(null!=n&&n!=o.tag||null!=t&&t!=o.priority)}),gform.hooks[o][r]=e)}});\n\/* ]]> *\/\n<\/script>\n\n                <div class='gf_browser_gecko gform_wrapper gform_legacy_markup_wrapper gform-theme--no-framework' data-form-theme='legacy' data-form-index='0' id='gform_wrapper_18' style='display:none'>\n                        <div class='gform_heading'>\n                            <p class='gform_description'><\/p>\n                        <\/div><form method='post' enctype='multipart\/form-data'  id='gform_18'  action='\/izdanja\/wp-json\/wp\/v2\/pages\/1089' data-formid='18' novalidate>\n                        <div class='gform-body gform_body'><ul id='gform_fields_18' class='gform_fields top_label form_sublabel_below description_below validation_below'><li id=\"field_18_15\" class=\"gfield gfield--type-hidden gfield--input-type-hidden gfield--width-full gform_hidden field_sublabel_below gfield--no-description field_description_below field_validation_below gfield_visibility_visible\"  ><div class='ginput_container ginput_container_text'><input name='input_15' id='input_18_15' type='hidden' class='gform_hidden'  aria-invalid=\"false\" value='213006' \/><\/div><\/li><li id=\"field_18_8\" class=\"gfield gfield--type-name gfield--input-type-name gfield_contains_required field_sublabel_below gfield--no-description field_description_below field_validation_below gfield_visibility_visible\"  ><label class='gfield_label gform-field-label gfield_label_before_complex' >Ime i prezime:<span class=\"gfield_required\"><span class=\"gfield_required gfield_required_asterisk\">*<\/span><\/span><\/label><div class='ginput_complex ginput_container ginput_container--name has_prefix has_first_name no_middle_name has_last_name no_suffix gf_name_has_3 ginput_container_name gform-grid-row' id='input_18_8'>\n                            <span id='input_18_8_2_container' class='name_prefix name_prefix_select gform-grid-col gform-grid-col--size-auto' >\n                                                    <select name='input_8.2' id='input_18_8_2'    aria-required='false'   >\n                          <option value=''><\/option><option value='Gospo\u0111a' >Gospo\u0111a<\/option><option value='Gospodin' selected='selected'>Gospodin<\/option><option value='Obitelj' >Obitelj<\/option><option value='Vele\u010dasni gospodin' >Vele\u010dasni gospodin<\/option><option value='Pre\u010dasni gospodin' >Pre\u010dasni gospodin<\/option><option value='\u010casna sestra' >\u010casna sestra<\/option>\n                      <\/select>\n                                                    <label for='input_18_8_2' class='gform-field-label gform-field-label--type-sub '>Titula<\/label>\n                                                  <\/span>\n                            <span id='input_18_8_3_container' class='name_first gform-grid-col gform-grid-col--size-auto' >\n                                                    <input type='text' name='input_8.3' id='input_18_8_3' value=''   aria-required='true'     \/>\n                                                    <label for='input_18_8_3' class='gform-field-label gform-field-label--type-sub '>Ime<\/label>\n                                                <\/span>\n                            \n                            <span id='input_18_8_6_container' class='name_last gform-grid-col gform-grid-col--size-auto' >\n                                                    <input type='text' name='input_8.6' id='input_18_8_6' value=''   aria-required='true'     \/>\n                                                    <label for='input_18_8_6' class='gform-field-label gform-field-label--type-sub '>Prezime<\/label>\n                                                <\/span>\n                            \n                        <\/div><\/li><li id=\"field_18_11\" class=\"gfield gfield--type-address gfield--input-type-address gfield--width-full gfield_contains_required field_sublabel_below gfield--no-description field_description_below field_validation_below gfield_visibility_visible\"  ><label class='gfield_label gform-field-label gfield_label_before_complex' >Adresa<span class=\"gfield_required\"><span class=\"gfield_required gfield_required_asterisk\">*<\/span><\/span><\/label>    \n                    <div class='ginput_complex ginput_container has_street has_street2 has_city has_zip ginput_container_address gform-grid-row' id='input_18_11' >\n                         <span class='ginput_full address_line_1 ginput_address_line_1 gform-grid-col' id='input_18_11_1_container' >\n                                        <input type='text' name='input_11.1' id='input_18_11_1' value=''    aria-required='true'    \/>\n                                        <label for='input_18_11_1' id='input_18_11_1_label' class='gform-field-label gform-field-label--type-sub '>Ulica<\/label>\n                                    <\/span><span class='ginput_full address_line_2 ginput_address_line_2 gform-grid-col' id='input_18_11_2_container' >\n                                        <input type='text' name='input_11.2' id='input_18_11_2' value=''     aria-required='false'   \/>\n                                        <label for='input_18_11_2' id='input_18_11_2_label' class='gform-field-label gform-field-label--type-sub '>Ku\u0107ni broj<\/label>\n                                    <\/span><span class='ginput_left address_city ginput_address_city gform-grid-col' id='input_18_11_3_container' >\n                                    <input type='text' name='input_11.3' id='input_18_11_3' value=''    aria-required='true'    \/>\n                                    <label for='input_18_11_3' id='input_18_11_3_label' class='gform-field-label gform-field-label--type-sub '>Grad<\/label>\n                                 <\/span><input type='hidden' class='gform_hidden' name='input_11.4' id='input_18_11_4' value=''\/><span class='ginput_right address_zip ginput_address_zip gform-grid-col' id='input_18_11_5_container' >\n                                    <input type='text' name='input_11.5' id='input_18_11_5' value=''    aria-required='true'    \/>\n                                    <label for='input_18_11_5' id='input_18_11_5_label' class='gform-field-label gform-field-label--type-sub '>Po\u0161tanski broj<\/label>\n                                <\/span><input type='hidden' class='gform_hidden' name='input_11.6' id='input_18_11_6' value='' \/>\n                    <div class='gf_clear gf_clear_complex'><\/div>\n                <\/div><\/li><li class=\"gfmc-column gfmc-column50 gfmc-row-1-column gfmc-row-1-col-1-of-2\"><ul class=\"flex-wrapper flex-wrapper-2\"><li id=\"field_18_10\" class=\"gfield gfield--type-email gfield--input-type-email gfield--width-full gfield_contains_required field_sublabel_below gfield--no-description field_description_below field_validation_below gfield_visibility_visible\"  ><label class='gfield_label gform-field-label' for='input_18_10'>Email<span class=\"gfield_required\"><span class=\"gfield_required gfield_required_asterisk\">*<\/span><\/span><\/label><div class='ginput_container ginput_container_email'>\n                            <input name='input_10' id='input_18_10' type='email' value='' class='large'    aria-required=\"true\" aria-invalid=\"false\"  \/>\n                        <\/div><\/li><\/ul><\/li><li class=\"gfmc-column gfmc-column50 gfmc-row-1-column gfmc-row-1-col-2-of-2\"><ul class=\"flex-wrapper flex-wrapper-2\"><li id=\"field_18_12\" class=\"gfield gfield--type-phone gfield--input-type-phone gfield--width-full field_sublabel_below gfield--no-description field_description_below field_validation_below gfield_visibility_visible\"  ><label class='gfield_label gform-field-label' for='input_18_12'>Telefon<\/label><div class='ginput_container ginput_container_phone'><input name='input_12' id='input_18_12' type='tel' value='' class='large'    aria-invalid=\"false\"   \/><\/div><\/li><\/ul><\/li><li id=\"field_18_13\" class=\"gfield gfield--type-consent gfield--type-choice gfield--input-type-consent gfield--width-full gfield_contains_required field_sublabel_below gfield--has-description field_description_below field_validation_below gfield_visibility_visible\"  ><label class='gfield_label gform-field-label gfield_label_before_complex' >Obrada podataka<span class=\"gfield_required\"><span class=\"gfield_required gfield_required_asterisk\">*<\/span><\/span><\/label><div class='ginput_container ginput_container_consent'><input name='input_13.1' id='input_18_13_1' type='checkbox' value='1'  aria-describedby=\"gfield_consent_description_18_13\" aria-required=\"true\" aria-invalid=\"false\"   \/> <label class=\"gform-field-label gform-field-label--type-inline gfield_consent_label\" for='input_18_13_1' >Suglasan\/na sam da \u0107e se moji osobni podatci obra\u0111ivati u svrhu promicanja ove narud\u017ebe, kao i statutarnih aktivnosti inicijatora: Zaklada Vigilare, Homerska 2, 10000 Zagreb.<\/label><input type='hidden' name='input_13.2' value='Suglasan\/na sam da \u0107e se moji osobni podatci obra\u0111ivati u svrhu promicanja ove narud\u017ebe, kao i statutarnih aktivnosti inicijatora: Zaklada Vigilare, Homerska 2, 10000 Zagreb.' class='gform_hidden' \/><input type='hidden' name='input_13.3' value='18' class='gform_hidden' \/><\/div><div class='gfield_description gfield_consent_description' id='gfield_consent_description_18_13' tabindex='0'>Davanje podataka je dobrovoljno. Imate pravo na pristup i ispravak svojih podataka. Ako ne \u017eelite da Zaklada Vigilare obra\u0111uje Va\u0161e osobne podatke u svrhu provo\u0111enja statutarnih aktivnosti, molimo da nas o tome obavijestite pisanim putem na navedenu adresu.<\/div><\/li><\/ul><\/div>\n        <div class='gform-footer gform_footer top_label'> <input type='submit' id='gform_submit_button_18' class='gform_button button' onclick='gform.submission.handleButtonClick(this);' data-submission-type='submit' value='Po\u0161alji'  \/> \n            <input type='hidden' class='gform_hidden' name='gform_submission_method' data-js='gform_submission_method_18' value='postback' \/>\n            <input type='hidden' class='gform_hidden' name='gform_theme' data-js='gform_theme_18' id='gform_theme_18' value='legacy' \/>\n            <input type='hidden' class='gform_hidden' name='gform_style_settings' data-js='gform_style_settings_18' id='gform_style_settings_18' value='[]' \/>\n            <input type='hidden' class='gform_hidden' name='is_submit_18' value='1' \/>\n            <input type='hidden' class='gform_hidden' name='gform_submit' value='18' \/>\n            \n            <input type='hidden' class='gform_hidden' name='gform_unique_id' value='' \/>\n            <input type='hidden' class='gform_hidden' name='state_18' value='WyJ7XCIxMy4xXCI6XCIxM2E5YTk5NTJkYTM1OTRiZTY2NjUxNDI3YTYwYzZiY1wiLFwiMTMuMlwiOlwiZjdiMGFlYzI5OGZmZDg5YWQ1NTFiYmQzMGQzMTMxMGFcIixcIjEzLjNcIjpcIjM4ZGEwMzhjMTBmZWYyMDdjMjcxYTVmZDdhYmQ4MTEzXCJ9IiwiMDdmMTYzZWYzYWRiODQ1ODUwYzVjNjI0YTI5YzZmYmIiXQ==' \/>\n            <input type='hidden' autocomplete='off' class='gform_hidden' name='gform_target_page_number_18' id='gform_target_page_number_18' value='0' \/>\n            <input type='hidden' autocomplete='off' class='gform_hidden' name='gform_source_page_number_18' id='gform_source_page_number_18' value='1' \/>\n            <input type='hidden' name='gform_field_values' value='' \/>\n            \n        <\/div>\n                        <\/form>\n                        <\/div><script type=\"text\/javascript\">\n\/* <![CDATA[ *\/\n gform.initializeOnLoaded( function() {gformInitSpinner( 18, 'https:\/\/vigilare.hr\/izdanja\/wp-content\/plugins\/gravityforms\/images\/spinner.svg', true );jQuery('#gform_ajax_frame_18').on('load',function(){var contents = jQuery(this).contents().find('*').html();var is_postback = contents.indexOf('GF_AJAX_POSTBACK') >= 0;if(!is_postback){return;}var form_content = jQuery(this).contents().find('#gform_wrapper_18');var is_confirmation = jQuery(this).contents().find('#gform_confirmation_wrapper_18').length > 0;var is_redirect = contents.indexOf('gformRedirect(){') >= 0;var is_form = form_content.length > 0 && ! is_redirect && ! is_confirmation;var mt = parseInt(jQuery('html').css('margin-top'), 10) + parseInt(jQuery('body').css('margin-top'), 10) + 100;if(is_form){form_content.find('form').css('opacity', 0);jQuery('#gform_wrapper_18').html(form_content.html());if(form_content.hasClass('gform_validation_error')){jQuery('#gform_wrapper_18').addClass('gform_validation_error');} else {jQuery('#gform_wrapper_18').removeClass('gform_validation_error');}setTimeout( function() { \/* delay the scroll by 50 milliseconds to fix a bug in chrome *\/  }, 50 );if(window['gformInitDatepicker']) {gformInitDatepicker();}if(window['gformInitPriceFields']) {gformInitPriceFields();}var current_page = jQuery('#gform_source_page_number_18').val();gformInitSpinner( 18, 'https:\/\/vigilare.hr\/izdanja\/wp-content\/plugins\/gravityforms\/images\/spinner.svg', true );jQuery(document).trigger('gform_page_loaded', [18, current_page]);window['gf_submitting_18'] = false;}else if(!is_redirect){var confirmation_content = jQuery(this).contents().find('.GF_AJAX_POSTBACK').html();if(!confirmation_content){confirmation_content = contents;}jQuery('#gform_wrapper_18').replaceWith(confirmation_content);jQuery(document).trigger('gform_confirmation_loaded', [18]);window['gf_submitting_18'] = false;wp.a11y.speak(jQuery('#gform_confirmation_message_18').text());}else{jQuery('#gform_18').append(contents);if(window['gformRedirect']) {gformRedirect();}}jQuery(document).trigger(\"gform_pre_post_render\", [{ formId: \"18\", currentPage: \"current_page\", abort: function() { this.preventDefault(); } }]);        if (event && event.defaultPrevented) {                return;        }        const gformWrapperDiv = document.getElementById( \"gform_wrapper_18\" );        if ( gformWrapperDiv ) {            const visibilitySpan = document.createElement( \"span\" );            visibilitySpan.id = \"gform_visibility_test_18\";            gformWrapperDiv.insertAdjacentElement( \"afterend\", visibilitySpan );        }        const visibilityTestDiv = document.getElementById( \"gform_visibility_test_18\" );        let postRenderFired = false;        function triggerPostRender() {            if ( postRenderFired ) {                return;            }            postRenderFired = true;            gform.core.triggerPostRenderEvents( 18, current_page );            if ( visibilityTestDiv ) {                visibilityTestDiv.parentNode.removeChild( visibilityTestDiv );            }        }        function debounce( func, wait, immediate ) {            var timeout;            return function() {                var context = this, args = arguments;                var later = function() {                    timeout = null;                    if ( !immediate ) func.apply( context, args );                };                var callNow = immediate && !timeout;                clearTimeout( timeout );                timeout = setTimeout( later, wait );                if ( callNow ) func.apply( context, args );            };        }        const debouncedTriggerPostRender = debounce( function() {            triggerPostRender();        }, 200 );        if ( visibilityTestDiv && visibilityTestDiv.offsetParent === null ) {            const observer = new MutationObserver( ( mutations ) => {                mutations.forEach( ( mutation ) => {                    if ( mutation.type === 'attributes' && visibilityTestDiv.offsetParent !== null ) {                        debouncedTriggerPostRender();                        observer.disconnect();                    }                });            });            observer.observe( document.body, {                attributes: true,                childList: false,                subtree: true,                attributeFilter: [ 'style', 'class' ],            });        } else {            triggerPostRender();        }    } );} ); \n\/* ]]> *\/\n<\/script>\n<\/p>\n<p>[\/et_pb_text][\/et_pb_column][\/et_pb_row][\/et_pb_section][et_pb_section fb_built=&#8221;1&#8243; _builder_version=&#8221;4.5.1&#8243; _module_preset=&#8221;default&#8221; background_color=&#8221;#303030&#8243; custom_padding=&#8221;13px||0px|||&#8221; global_colors_info=&#8221;{}&#8221;][et_pb_row _builder_version=&#8221;4.5.1&#8243; _module_preset=&#8221;default&#8221; global_colors_info=&#8221;{}&#8221;][et_pb_column type=&#8221;4_4&#8243; _builder_version=&#8221;4.5.1&#8243; _module_preset=&#8221;default&#8221; global_colors_info=&#8221;{}&#8221;][et_pb_image src=&#8221;https:\/\/vigilare.hr\/izdanja\/wp-content\/uploads\/2022\/11\/Vigilare-white.png&#8221; title_text=&#8221;Vigilare-white&#8221; align=&#8221;center&#8221; _builder_version=&#8221;4.14.4&#8243; _module_preset=&#8221;default&#8221; width=&#8221;15%&#8221; width_tablet=&#8221;&#8221; width_phone=&#8221;30%&#8221; width_last_edited=&#8221;on|phone&#8221; global_colors_info=&#8221;{}&#8221;][\/et_pb_image][et_pb_text _builder_version=&#8221;4.9.7&#8243; _module_preset=&#8221;default&#8221; text_font=&#8221;Frank Ruhl Libre||||||||&#8221; text_text_color=&#8221;#bcbcbc&#8221; text_orientation=&#8221;center&#8221; global_colors_info=&#8221;{}&#8221;]<\/p>\n<p style=\"text-align: center;\">*Obavje\u0161tavamo Vas da \u0107emo Va\u0161e osobne podatke obra\u0111ivati u svrhu promicanja ove narud\u017ebe, kao i statutarnih aktivnosti inicijatora: Zaklada Vigilare, Homerska 2, 10000 Zagreb. Davanje podataka je dobrovoljno. Imate pravo na pristup i ispravak svojih podataka. Ako ne \u017eelite da Zaklada Vigilare obra\u0111uje Va\u0161e osobne podatke u svrhu provo\u0111enja statutarnih aktivnosti, molimo da nas o tome obavijestite pisanim putem na navedenu adresu.<\/p>\n<p>[\/et_pb_text][et_pb_text _builder_version=&#8221;4.9.7&#8243; _module_preset=&#8221;default&#8221; text_font=&#8221;Frank Ruhl Libre||||||||&#8221; text_text_color=&#8221;#bcbcbc&#8221; custom_padding=&#8221;20px||||false|false&#8221; border_width_top=&#8221;1px&#8221; border_color_top=&#8221;#595959&#8243; global_colors_info=&#8221;{}&#8221;]<\/p>\n<div style=\"text-align: center;\">Copyright \u00a9 <a href=\"http:\/\/www.vigilare.hr\"><span color=\"#af1f1c\">Zaklada Vigilare<\/span><\/a>, Homerska 2, 10000 Zagreb<br \/>kontakt@vigilare.hr, 01\/6446-421<\/div>\n<div style=\"text-align: center;\"><a target=\"_blank\" href=\"http:\/\/www.vigilare.hr\" rel=\"noopener noreferrer\"><span color=\"#af1f1c\"> www.vigilare.hr<\/span><\/a><\/div>\n<p>[\/et_pb_text][\/et_pb_column][\/et_pb_row][\/et_pb_section]<\/p>\n","protected":false},"excerpt":{"rendered":"<p>O kardinalu Stepincu u javnosti se najvi\u0161e govori iz politi\u010dke perspektive. Pa premda su njegove zasluge za suprotstavljanje totalitarizmima 20. stolje\u0107a neizostavne u povijesti hrvatskoga naroda.<\/p>\n","protected":false},"author":1,"featured_media":1093,"parent":0,"menu_order":0,"comment_status":"closed","ping_status":"closed","template":"page-template-blank.php","meta":{"_et_pb_use_builder":"on","_et_pb_old_content":"","_et_gb_content_width":"","footnotes":""},"class_list":["post-1089","page","type-page","status-publish","has-post-thumbnail","hentry"],"yoast_head":"<!-- This site is optimized with the Yoast SEO plugin v26.2 - https:\/\/yoast.com\/wordpress\/plugins\/seo\/ -->\n<title>Bl. Alojzije Stepinac - Izdanja<\/title>\n<meta name=\"description\" content=\"O kardinalu Stepincu u javnosti se najvi\u0161e govori iz politi\u010dke perspektive. Pa premda su njegove zasluge za suprotstavljanje totalitarizmima 20. stolje\u0107a neizostavne u povijesti hrvatskoga naroda,\" \/>\n<meta name=\"robots\" content=\"index, follow, max-snippet:-1, max-image-preview:large, max-video-preview:-1\" \/>\n<link rel=\"canonical\" href=\"https:\/\/vigilare.hr\/izdanja\/stepinac\/\" \/>\n<meta property=\"og:locale\" content=\"hr_HR\" \/>\n<meta property=\"og:type\" content=\"article\" \/>\n<meta property=\"og:title\" content=\"Bl. Alojzije Stepinac - Izdanja\" \/>\n<meta property=\"og:description\" content=\"O kardinalu Stepincu u javnosti se najvi\u0161e govori iz politi\u010dke perspektive. Pa premda su njegove zasluge za suprotstavljanje totalitarizmima 20. stolje\u0107a neizostavne u povijesti hrvatskoga naroda,\" \/>\n<meta property=\"og:url\" content=\"https:\/\/vigilare.hr\/izdanja\/stepinac\/\" \/>\n<meta property=\"og:site_name\" content=\"Izdanja\" \/>\n<meta property=\"article:modified_time\" content=\"2024-06-19T18:46:59+00:00\" \/>\n<meta property=\"og:image\" content=\"https:\/\/vigilare.hr\/izdanja\/wp-content\/uploads\/2023\/01\/Stepinac-Cover.jpeg\" \/>\n\t<meta property=\"og:image:width\" content=\"1980\" \/>\n\t<meta property=\"og:image:height\" content=\"1280\" \/>\n\t<meta property=\"og:image:type\" content=\"image\/jpeg\" \/>\n<meta name=\"twitter:card\" content=\"summary_large_image\" \/>\n<meta name=\"twitter:label1\" content=\"Procijenjeno vrijeme \u010ditanja\" \/>\n\t<meta name=\"twitter:data1\" content=\"9 minuta\" \/>\n<script type=\"application\/ld+json\" class=\"yoast-schema-graph\">{\"@context\":\"https:\/\/schema.org\",\"@graph\":[{\"@type\":\"WebPage\",\"@id\":\"https:\/\/vigilare.hr\/izdanja\/stepinac\/\",\"url\":\"https:\/\/vigilare.hr\/izdanja\/stepinac\/\",\"name\":\"Bl. Alojzije Stepinac - Izdanja\",\"isPartOf\":{\"@id\":\"https:\/\/vigilare.hr\/izdanja\/#website\"},\"primaryImageOfPage\":{\"@id\":\"https:\/\/vigilare.hr\/izdanja\/stepinac\/#primaryimage\"},\"image\":{\"@id\":\"https:\/\/vigilare.hr\/izdanja\/stepinac\/#primaryimage\"},\"thumbnailUrl\":\"https:\/\/vigilare.hr\/izdanja\/wp-content\/uploads\/2023\/01\/Stepinac-Cover.jpeg\",\"datePublished\":\"2023-01-24T10:00:57+00:00\",\"dateModified\":\"2024-06-19T18:46:59+00:00\",\"description\":\"O kardinalu Stepincu u javnosti se najvi\u0161e govori iz politi\u010dke perspektive. Pa premda su njegove zasluge za suprotstavljanje totalitarizmima 20. stolje\u0107a neizostavne u povijesti hrvatskoga naroda,\",\"breadcrumb\":{\"@id\":\"https:\/\/vigilare.hr\/izdanja\/stepinac\/#breadcrumb\"},\"inLanguage\":\"hr\",\"potentialAction\":[{\"@type\":\"ReadAction\",\"target\":[\"https:\/\/vigilare.hr\/izdanja\/stepinac\/\"]}]},{\"@type\":\"ImageObject\",\"inLanguage\":\"hr\",\"@id\":\"https:\/\/vigilare.hr\/izdanja\/stepinac\/#primaryimage\",\"url\":\"https:\/\/vigilare.hr\/izdanja\/wp-content\/uploads\/2023\/01\/Stepinac-Cover.jpeg\",\"contentUrl\":\"https:\/\/vigilare.hr\/izdanja\/wp-content\/uploads\/2023\/01\/Stepinac-Cover.jpeg\",\"width\":1980,\"height\":1280},{\"@type\":\"BreadcrumbList\",\"@id\":\"https:\/\/vigilare.hr\/izdanja\/stepinac\/#breadcrumb\",\"itemListElement\":[{\"@type\":\"ListItem\",\"position\":1,\"name\":\"Po\u010detna stranica\",\"item\":\"https:\/\/vigilare.hr\/izdanja\/\"},{\"@type\":\"ListItem\",\"position\":2,\"name\":\"Bl. Alojzije Stepinac\"}]},{\"@type\":\"WebSite\",\"@id\":\"https:\/\/vigilare.hr\/izdanja\/#website\",\"url\":\"https:\/\/vigilare.hr\/izdanja\/\",\"name\":\"Izdanja\",\"description\":\"\",\"potentialAction\":[{\"@type\":\"SearchAction\",\"target\":{\"@type\":\"EntryPoint\",\"urlTemplate\":\"https:\/\/vigilare.hr\/izdanja\/?s={search_term_string}\"},\"query-input\":{\"@type\":\"PropertyValueSpecification\",\"valueRequired\":true,\"valueName\":\"search_term_string\"}}],\"inLanguage\":\"hr\"}]}<\/script>\n<!-- \/ Yoast SEO plugin. -->","yoast_head_json":{"title":"Bl. Alojzije Stepinac - Izdanja","description":"O kardinalu Stepincu u javnosti se najvi\u0161e govori iz politi\u010dke perspektive. Pa premda su njegove zasluge za suprotstavljanje totalitarizmima 20. stolje\u0107a neizostavne u povijesti hrvatskoga naroda,","robots":{"index":"index","follow":"follow","max-snippet":"max-snippet:-1","max-image-preview":"max-image-preview:large","max-video-preview":"max-video-preview:-1"},"canonical":"https:\/\/vigilare.hr\/izdanja\/stepinac\/","og_locale":"hr_HR","og_type":"article","og_title":"Bl. Alojzije Stepinac - Izdanja","og_description":"O kardinalu Stepincu u javnosti se najvi\u0161e govori iz politi\u010dke perspektive. Pa premda su njegove zasluge za suprotstavljanje totalitarizmima 20. stolje\u0107a neizostavne u povijesti hrvatskoga naroda,","og_url":"https:\/\/vigilare.hr\/izdanja\/stepinac\/","og_site_name":"Izdanja","article_modified_time":"2024-06-19T18:46:59+00:00","og_image":[{"width":1980,"height":1280,"url":"https:\/\/vigilare.hr\/izdanja\/wp-content\/uploads\/2023\/01\/Stepinac-Cover.jpeg","type":"image\/jpeg"}],"twitter_card":"summary_large_image","twitter_misc":{"Procijenjeno vrijeme \u010ditanja":"9 minuta"},"schema":{"@context":"https:\/\/schema.org","@graph":[{"@type":"WebPage","@id":"https:\/\/vigilare.hr\/izdanja\/stepinac\/","url":"https:\/\/vigilare.hr\/izdanja\/stepinac\/","name":"Bl. Alojzije Stepinac - Izdanja","isPartOf":{"@id":"https:\/\/vigilare.hr\/izdanja\/#website"},"primaryImageOfPage":{"@id":"https:\/\/vigilare.hr\/izdanja\/stepinac\/#primaryimage"},"image":{"@id":"https:\/\/vigilare.hr\/izdanja\/stepinac\/#primaryimage"},"thumbnailUrl":"https:\/\/vigilare.hr\/izdanja\/wp-content\/uploads\/2023\/01\/Stepinac-Cover.jpeg","datePublished":"2023-01-24T10:00:57+00:00","dateModified":"2024-06-19T18:46:59+00:00","description":"O kardinalu Stepincu u javnosti se najvi\u0161e govori iz politi\u010dke perspektive. Pa premda su njegove zasluge za suprotstavljanje totalitarizmima 20. stolje\u0107a neizostavne u povijesti hrvatskoga naroda,","breadcrumb":{"@id":"https:\/\/vigilare.hr\/izdanja\/stepinac\/#breadcrumb"},"inLanguage":"hr","potentialAction":[{"@type":"ReadAction","target":["https:\/\/vigilare.hr\/izdanja\/stepinac\/"]}]},{"@type":"ImageObject","inLanguage":"hr","@id":"https:\/\/vigilare.hr\/izdanja\/stepinac\/#primaryimage","url":"https:\/\/vigilare.hr\/izdanja\/wp-content\/uploads\/2023\/01\/Stepinac-Cover.jpeg","contentUrl":"https:\/\/vigilare.hr\/izdanja\/wp-content\/uploads\/2023\/01\/Stepinac-Cover.jpeg","width":1980,"height":1280},{"@type":"BreadcrumbList","@id":"https:\/\/vigilare.hr\/izdanja\/stepinac\/#breadcrumb","itemListElement":[{"@type":"ListItem","position":1,"name":"Po\u010detna stranica","item":"https:\/\/vigilare.hr\/izdanja\/"},{"@type":"ListItem","position":2,"name":"Bl. Alojzije Stepinac"}]},{"@type":"WebSite","@id":"https:\/\/vigilare.hr\/izdanja\/#website","url":"https:\/\/vigilare.hr\/izdanja\/","name":"Izdanja","description":"","potentialAction":[{"@type":"SearchAction","target":{"@type":"EntryPoint","urlTemplate":"https:\/\/vigilare.hr\/izdanja\/?s={search_term_string}"},"query-input":{"@type":"PropertyValueSpecification","valueRequired":true,"valueName":"search_term_string"}}],"inLanguage":"hr"}]}},"_links":{"self":[{"href":"https:\/\/vigilare.hr\/izdanja\/wp-json\/wp\/v2\/pages\/1089","targetHints":{"allow":["GET"]}}],"collection":[{"href":"https:\/\/vigilare.hr\/izdanja\/wp-json\/wp\/v2\/pages"}],"about":[{"href":"https:\/\/vigilare.hr\/izdanja\/wp-json\/wp\/v2\/types\/page"}],"author":[{"embeddable":true,"href":"https:\/\/vigilare.hr\/izdanja\/wp-json\/wp\/v2\/users\/1"}],"replies":[{"embeddable":true,"href":"https:\/\/vigilare.hr\/izdanja\/wp-json\/wp\/v2\/comments?post=1089"}],"version-history":[{"count":70,"href":"https:\/\/vigilare.hr\/izdanja\/wp-json\/wp\/v2\/pages\/1089\/revisions"}],"predecessor-version":[{"id":1781,"href":"https:\/\/vigilare.hr\/izdanja\/wp-json\/wp\/v2\/pages\/1089\/revisions\/1781"}],"wp:featuredmedia":[{"embeddable":true,"href":"https:\/\/vigilare.hr\/izdanja\/wp-json\/wp\/v2\/media\/1093"}],"wp:attachment":[{"href":"https:\/\/vigilare.hr\/izdanja\/wp-json\/wp\/v2\/media?parent=1089"}],"curies":[{"name":"wp","href":"https:\/\/api.w.org\/{rel}","templated":true}]}}